{"id":10273,"date":"2026-01-16T19:31:59","date_gmt":"2026-01-16T22:31:59","guid":{"rendered":"https:\/\/calonegroup.com\/2026\/?page_id=10273"},"modified":"2026-04-09T15:13:34","modified_gmt":"2026-04-09T18:13:34","slug":"inicio","status":"publish","type":"page","link":"https:\/\/calonegroup.com\/2026\/","title":{"rendered":"In\u00edcio"},"content":{"rendered":"\t\t<div data-elementor-type=\"wp-page\" data-elementor-id=\"10273\" class=\"elementor elementor-10273\" data-elementor-settings=\"{&quot;ha_cmc_init_switcher&quot;:&quot;no&quot;}\" data-elementor-post-type=\"page\">\n\t\t\t\t<div class=\"elementor-element elementor-element-d8c968a e-con-full e-flex pxl-section-overflow-visible pxl-column-none pxl-section-fix-none pxl-bg-color-none elementor-invisible e-con e-parent \" data-id=\"d8c968a\" data-element_type=\"container\" data-e-type=\"container\" data-settings=\"{&quot;animation&quot;:&quot;fadeIn&quot;,&quot;animation_delay&quot;:300,&quot;_ha_eqh_enable&quot;:false}\"><div class=\"elementor-element elementor-element-0461adb e-con-full e-flex pxl-section-overflow-visible pxl-column-none pxl-section-fix-none pxl-bg-color-none e-con e-child \" data-id=\"0461adb\" data-element_type=\"container\" data-e-type=\"container\" data-settings=\"{&quot;background_background&quot;:&quot;video&quot;,&quot;background_video_link&quot;:&quot;https:\\\/\\\/calonegroup.com\\\/2026\\\/wp-content\\\/uploads\\\/2026\\\/02\\\/LOOP-1.mp4&quot;,&quot;background_play_on_mobile&quot;:&quot;yes&quot;,&quot;background_privacy_mode&quot;:&quot;yes&quot;,&quot;_ha_eqh_enable&quot;:false}\"><div class=\"elementor-background-video-container\">\n\t\t\t\t\t\t\t<video class=\"elementor-background-video-hosted\" role=\"presentation\" autoplay muted playsinline loop><\/video>\n\t\t\t\t\t<\/div>\t\t<\/div>\r\n\t\t\t\t<\/div>\r\n\t\t<div class=\"elementor-element elementor-element-163132d e-flex e-con-boxed pxl-section-overflow-visible pxl-column-none pxl-section-fix-none pxl-bg-color-none e-con e-parent \" data-id=\"163132d\" data-element_type=\"container\" data-e-type=\"container\" data-settings=\"{&quot;_ha_eqh_enable&quot;:false}\">\t\t\t<div class=\"e-con-inner\">\r\n\t\t\t\t<div class=\"elementor-element elementor-element-ed79384 elementor-widget elementor-widget-pxl_heading\" data-id=\"ed79384\" data-element_type=\"widget\" data-e-type=\"widget\" data-widget_type=\"pxl_heading.default\">\n\t\t\t\t<div class=\"elementor-widget-container\">\n\t\t\t\t\t\n<div id=\"pxl-pxl_heading-ed79384-1875\" class=\"pxl-heading \">\n\t<div class=\"pxl-heading--inner\">\n\t\t\n\t\t<h2 class=\"pxl-item--title  style-default highlight-default \" data-wow-delay=\"ms\">\n\n\t\t<span class=\"pxl-heading--text \">\n\n\t\t\t\t\t\t\to grupo calone\u00ae\t\n\t\t\t\t\n\n\t\t<\/span>\n\t\t<\/h2>\n\t\t\n\t<\/div>\n<\/div>\t\t\t\t<\/div>\n\t\t\t\t<\/div>\n\t\t\t\t<div class=\"elementor-element elementor-element-2af22b0 elementor-widget elementor-widget-pxl_divider\" data-id=\"2af22b0\" data-element_type=\"widget\" data-e-type=\"widget\" data-widget_type=\"pxl_divider.default\">\n\t\t\t\t<div class=\"elementor-widget-container\">\n\t\t\t\t\t<div class=\"pxl-el-divider wow skewIn\" data-wow-delay=\"300ms\"><\/div>\t\t\t\t<\/div>\n\t\t\t\t<\/div>\n\t\t\t\t<div class=\"elementor-element elementor-element-f7aa996 elementor-absolute elementor-widget elementor-widget-pxl_circle_text\" data-id=\"f7aa996\" data-element_type=\"widget\" data-e-type=\"widget\" data-settings=\"{&quot;_position&quot;:&quot;absolute&quot;}\" data-widget_type=\"pxl_circle_text.default\">\n\t\t\t\t<div class=\"elementor-widget-container\">\n\t\t\t\t\t\r\n<div class=\"pxl-circle-text-wrapper spin-to-right\">\r\n  \r\n  <a class=\"pxl-pabsolute-full\" href=\"#\">\r\n  <\/a>\r\n      <div class=\"pxl-circle-text-item\">\r\n        |  GRUPO CALONE  |  GRUPO CALONE    <\/div>\r\n  \r\n    <span class=\"pxl-circle-text-icon\">\r\n          <svg xmlns=\"http:\/\/www.w3.org\/2000\/svg\" id=\"uuid-1c9a277e-6f31-47d7-b902-f255f3b74f2e\" data-name=\"Camada 2\" viewBox=\"0 0 16.07 19.5\"><g id=\"uuid-5d350bf6-3cc1-4e4c-8711-292a612c1119\" data-name=\"Camada 1\"><g><path d=\"M8.74,14.66c.21.32.31.72.31,1.21v1.8c0,.2-.05.37-.14.5,0,0-.05.07-.12.13-.31.26-1,.08-1.04.07-.2-.05-.47-.13-.78-.27-.72-.33-1.17-.78-1.4-1.03-.38-.43-.71-.91-.98-1.46-.27-.54-.47-1.11-.6-1.7-.13-.59-.19-1.17-.19-1.75s.05-1.1.15-1.64c.1-.54.27-1.08.51-1.61.3-.68.62-1.09.88-1.43.2-.27.44-.53.82-.7.12-.06.23-.09.31-.1.07,0,.16-.01.27-.01.59.01,1.37.28,1.78.85.51.72.48,2.02.44,2.31-.04.31.04.55.22.71.19.17.39.19.61.07.22-.12.36-.36.41-.73.05-.33,0-.7-.17-1.09-.16-.4-.4-.77-.71-1.12-.31-.35-.73-.64-1.26-.87-.52-.23-1.08-.34-1.68-.34-.99,0-1.89.18-2.71.54-.82.36-1.49.84-2.02,1.46-.52.61-.93,1.32-1.22,2.12-.29.8-.44,1.63-.44,2.5,0,1.11.26,2.16.77,3.15.51.98,1.22,1.78,2.14,2.39.91.61,1.91.92,3,.92.89,0,1.83-.29,2.83-.87.3-.17.61-.16.93.05.33.2.52.48.56.83v-3.64c-.02-.49.06-.9.26-1.22.2-.32.53-.47,1-.47h-3.7c.42,0,.73.16.94.48Z\"><\/path><path d=\"M8.18,1.13c.13.01.42.05.92.3.75.37,1.23.84,1.4,1.03.38.43.71.91.98,1.46.27.54.47,1.11.6,1.7.13.59.19,1.17.19,1.75s-.05,1.1-.15,1.64c-.1.54-.27,1.08-.51,1.61-.29.65-.47,1.05-.88,1.43-.46.41-.96.58-1.27.66-.18.04-.59.11-1.06-.06-.11-.04-.54-.22-.86-.65-.42-.59-.57-1.36-.44-2.31.04-.31-.04-.55-.22-.71-.19-.17-.39-.19-.61-.07-.22.12-.36.36-.41.73-.05.33,0,.7.17,1.09.16.4.4.77.71,1.12.31.35.73.64,1.26.87.52.23,1.08.34,1.68.34.99,0,1.89-.18,2.71-.54.82-.36,1.49-.84,2.02-1.46.52-.61.93-1.32,1.22-2.12.29-.8.44-1.63.44-2.5,0-1.11-.26-2.16-.77-3.15-.51-.98-1.22-1.78-2.14-2.39-.91-.61-1.91-.92-3-.92-1.32,0-2.41.41-3.26,1.23-.85.82-1.4,1.91-1.65,3.27,0,.04.01.07.04.09.07.02.11,0,.11-.06,0-.04.02-.13.05-.28.03-.15.09-.35.18-.6.09-.25.19-.52.32-.79.05-.11.23-.44.53-.84.32-.43.49-.65.74-.78.37-.19.74-.15.96-.13Z\"><\/path><\/g><\/g><\/svg>      <\/span>\r\n<\/div>\t\t\t\t<\/div>\n\t\t\t\t<\/div>\n\t\t\t\t<div class=\"elementor-element elementor-element-39eb31f elementor-widget-laptop__width-initial elementor-widget elementor-widget-pxl_heading\" data-id=\"39eb31f\" data-element_type=\"widget\" data-e-type=\"widget\" data-widget_type=\"pxl_heading.default\">\n\t\t\t\t<div class=\"elementor-widget-container\">\n\t\t\t\t\t\n<div id=\"pxl-pxl_heading-39eb31f-5220\" class=\"pxl-heading \">\n\t<div class=\"pxl-heading--inner\">\n\t\t\n\t\t<h2 class=\"pxl-item--title  style-default highlight-default pxl-split-text split-in-right\" data-wow-delay=\"300ms\">\n\n\t\t<span class=\"pxl-heading--text \">\n\n\t\t\t\t\t\t\tToda grande hist\u00f3ria come\u00e7a com uma escolha.<br>  <br>\nE escolhas certas constroem legados.\n\t\n\t\t\t\t\n\n\t\t<\/span>\n\t\t<\/h2>\n\t\t\n\t<\/div>\n<\/div>\t\t\t\t<\/div>\n\t\t\t\t<\/div>\n\t\t<div class=\"elementor-element elementor-element-235082c e-con-full e-flex pxl-section-overflow-visible pxl-column-none pxl-section-fix-none pxl-bg-color-none e-con e-child \" data-id=\"235082c\" data-element_type=\"container\" data-e-type=\"container\" data-settings=\"{&quot;_ha_eqh_enable&quot;:false}\"><div class=\"elementor-element elementor-element-752f364 e-con-full e-flex pxl-section-overflow-visible pxl-column-none pxl-section-fix-none pxl-bg-color-none e-con e-child \" data-id=\"752f364\" data-element_type=\"container\" data-e-type=\"container\" data-settings=\"{&quot;background_background&quot;:&quot;classic&quot;,&quot;_ha_eqh_enable&quot;:false}\">\t\t<div class=\"elementor-element elementor-element-bcbdd30 elementor-widget elementor-widget-pxl_heading\" data-id=\"bcbdd30\" data-element_type=\"widget\" data-e-type=\"widget\" data-widget_type=\"pxl_heading.default\">\n\t\t\t\t<div class=\"elementor-widget-container\">\n\t\t\t\t\t\n<div id=\"pxl-pxl_heading-bcbdd30-1632\" class=\"pxl-heading \">\n\t<div class=\"pxl-heading--inner\">\n\t\t\n\t\t<h2 class=\"pxl-item--title  style-default highlight-default \" data-wow-delay=\"ms\">\n\n\t\t<span class=\"pxl-heading--text \">\n\n\t\t\t\t\t\t\tSobre n\u00f3s\t\n\t\t\t\t\n\n\t\t<\/span>\n\t\t<\/h2>\n\t\t\n\t<\/div>\n<\/div>\t\t\t\t<\/div>\n\t\t\t\t<\/div>\n\t\t\t\t<div class=\"elementor-element elementor-element-750de84 elementor-widget elementor-widget-text-editor\" data-id=\"750de84\" data-element_type=\"widget\" data-e-type=\"widget\" data-widget_type=\"text-editor.default\">\n\t\t\t\t\t\t\t\t\t<p>O Grupo CALONE\u00ae\ufe0f atua na governan\u00e7a estrat\u00e9gica de contratos entre Marcas, M\u00eddias e Personalidades, garantindo Retorno sobre Investimento (ROI) em Audi\u00eancia, Autoridade, Influ\u00eancia, Presen\u00e7a e Reputa\u00e7\u00e3o (AAIPR), sob disposi\u00e7\u00e3o Legal, Moral e Regular (LMR).\u00a0<\/p>\t\t\t\t\t\t\t\t<\/div>\n\t\t\t\t<\/div>\r\n\t\t<div class=\"elementor-element elementor-element-88f99c7 e-con-full e-flex pxl-section-overflow-visible pxl-column-none pxl-section-fix-none pxl-bg-color-none e-con e-child \" data-id=\"88f99c7\" data-element_type=\"container\" data-e-type=\"container\" data-settings=\"{&quot;background_background&quot;:&quot;slideshow&quot;,&quot;background_slideshow_gallery&quot;:[{&quot;id&quot;:10528,&quot;url&quot;:&quot;https:\\\/\\\/calonegroup.com\\\/2026\\\/wp-content\\\/uploads\\\/2026\\\/01\\\/DSCF6558.jpg&quot;},{&quot;id&quot;:9991,&quot;url&quot;:&quot;https:\\\/\\\/calonegroup.com\\\/2026\\\/wp-content\\\/uploads\\\/2026\\\/01\\\/grupo-calone.jpg&quot;},{&quot;id&quot;:11695,&quot;url&quot;:&quot;https:\\\/\\\/calonegroup.com\\\/2026\\\/wp-content\\\/uploads\\\/2026\\\/02\\\/IMG_3896.jpg&quot;}],&quot;background_slideshow_loop&quot;:&quot;yes&quot;,&quot;background_slideshow_slide_duration&quot;:5000,&quot;background_slideshow_slide_transition&quot;:&quot;fade&quot;,&quot;background_slideshow_transition_duration&quot;:500,&quot;_ha_eqh_enable&quot;:false}\">\t\t<\/div>\r\n\t\t\t\t<\/div>\r\n\t\t\t\t\t<\/div>\r\n\t\t\t\t<\/div>\r\n\t\t<div class=\"elementor-element elementor-element-0f5bc8f e-flex e-con-boxed pxl-section-overflow-visible pxl-column-none pxl-section-fix-none pxl-bg-color-none e-con e-parent \" data-id=\"0f5bc8f\" data-element_type=\"container\" data-e-type=\"container\" data-settings=\"{&quot;_ha_eqh_enable&quot;:false}\">\t\t\t<div class=\"e-con-inner\">\r\n\t\t\t\t<div class=\"elementor-element elementor-element-67d87a0 elementor-widget elementor-widget-pxl_image\" data-id=\"67d87a0\" data-element_type=\"widget\" data-e-type=\"widget\" data-widget_type=\"pxl_image.default\">\n\t\t\t\t<div class=\"elementor-widget-container\">\n\t\t\t\t\t<div id=\"pxl_image-67d87a0-3380\" \r\n    class=\"pxl-image-single pxl-overflow--hidden   pxl-parallax-scroll \r\n    \" data-wow-delay=\"ms\" \r\n      data-parallax='{\"x\":80}'  >\r\n\r\n    <div class=\"pxl-item--inner \" data-wow-delay=\"120ms\">\r\n                \r\n                    <div class=\"pxl-item--image s_img\"  data-parallax-value=\"\">\r\n                                <img decoding=\"async\" width=\"2560\" height=\"19\" src=\"https:\/\/calonegroup.com\/2026\/wp-content\/uploads\/2025\/06\/home1-lines-scaled.png\" class=\"no-lazyload attachment-full\" alt=\"\" \/>                                            <\/div>\r\n                <\/div>\r\n<\/div>\t\t\t\t<\/div>\n\t\t\t\t<\/div>\n\t\t\t\t\t<\/div>\r\n\t\t\t\t<\/div>\r\n\t\t<div class=\"elementor-element elementor-element-76bf836 e-flex e-con-boxed pxl-section-overflow-visible pxl-column-none pxl-section-fix-none pxl-bg-color-none e-con e-parent \" data-id=\"76bf836\" data-element_type=\"container\" data-e-type=\"container\" data-settings=\"{&quot;_ha_eqh_enable&quot;:false}\">\t\t\t<div class=\"e-con-inner\">\r\n\t\t\t\t<div class=\"elementor-element elementor-element-4f3f9ff elementor-widget elementor-widget-pxl_heading\" data-id=\"4f3f9ff\" data-element_type=\"widget\" data-e-type=\"widget\" data-widget_type=\"pxl_heading.default\">\n\t\t\t\t<div class=\"elementor-widget-container\">\n\t\t\t\t\t\n<div id=\"pxl-pxl_heading-4f3f9ff-5390\" class=\"pxl-heading \">\n\t<div class=\"pxl-heading--inner\">\n\t\t\n\t\t<h2 class=\"pxl-item--title  style-default highlight-default \" data-wow-delay=\"ms\">\n\n\t\t<span class=\"pxl-heading--text \">\n\n\t\t\t\t\t\t\tDBIPro\u00a9\t\n\t\t\t\t\n\n\t\t<\/span>\n\t\t<\/h2>\n\t\t\n\t<\/div>\n<\/div>\t\t\t\t<\/div>\n\t\t\t\t<\/div>\n\t\t\t\t<div class=\"elementor-element elementor-element-4f19dcd elementor-widget elementor-widget-pxl_divider\" data-id=\"4f19dcd\" data-element_type=\"widget\" data-e-type=\"widget\" data-widget_type=\"pxl_divider.default\">\n\t\t\t\t<div class=\"elementor-widget-container\">\n\t\t\t\t\t<div class=\"pxl-el-divider wow skewIn\" data-wow-delay=\"300ms\"><\/div>\t\t\t\t<\/div>\n\t\t\t\t<\/div>\n\t\t\t\t<div class=\"elementor-element elementor-element-5844388 elementor-absolute elementor-widget elementor-widget-pxl_circle_text\" data-id=\"5844388\" data-element_type=\"widget\" data-e-type=\"widget\" data-settings=\"{&quot;_position&quot;:&quot;absolute&quot;}\" data-widget_type=\"pxl_circle_text.default\">\n\t\t\t\t<div class=\"elementor-widget-container\">\n\t\t\t\t\t\r\n<div class=\"pxl-circle-text-wrapper spin-to-right\">\r\n  \r\n  <a class=\"pxl-pabsolute-full\" href=\"#\">\r\n  <\/a>\r\n      <div class=\"pxl-circle-text-item\">\r\n       | DBIPro\u00a9 | DBIPro\u00a9 | DBIPro\u00a9  | DBIPro\u00a9     <\/div>\r\n  \r\n    <span class=\"pxl-circle-text-icon\">\r\n          <svg xmlns=\"http:\/\/www.w3.org\/2000\/svg\" id=\"uuid-3908a00c-1067-48fd-b8a5-5f00365afbab\" data-name=\"Camada 2\" viewBox=\"0 0 437.25 382.91\"><g id=\"uuid-3ce6f42b-562b-4470-b318-22c1e752a0bc\" data-name=\"Camada 1\"><g><path d=\"M377.16,117.92c-44.39,35.66-122.87,62.15-140.64,129.55-2.93,11.13-2.57,23.79-3.41,40.78,2.89,47.83,52.5,94.65,52.5,94.65,0,0,35.89-30.98,51.78-52.55,55.23-74.96-57.04-114.34,39.77-212.44\" fill=\"#6d56a0\" fill-rule=\"evenodd\"><\/path><path d=\"M284.12,218.21c-44.24,21.7-50.33,56.9-51,70.04,0-90.56-17.12-186.83,63.88-226.95C352.12,34,436.61,0,436.61,0c0,0,2.58,79.33-2.57,113.34-5.15,34-26.79,57.7-85.52,78.82-34.46,11.49-45.68,16.88-64.4,26.06\" fill=\"#a490c4\" fill-rule=\"evenodd\"><\/path><path d=\"M60.09,117.92c44.39,35.66,122.87,62.15,140.64,129.55,2.93,11.13,2.57,23.79,3.41,40.78-2.89,47.83-52.5,94.65-52.5,94.65,0,0-35.89-30.98-51.78-52.55-55.23-74.96,57.04-114.34-39.77-212.44\" fill=\"#5e3f91\" fill-rule=\"evenodd\"><\/path><path d=\"M153.13,218.21c44.24,21.7,50.33,56.9,51.01,70.04,0-90.56,17.12-186.83-63.88-226.95C85.13,34,.64,0,.64,0,.64,0-1.93,79.33,3.22,113.34c5.15,34,26.79,57.7,85.52,78.82,34.46,11.49,45.68,16.88,64.4,26.06\" fill=\"#775da5\" fill-rule=\"evenodd\"><\/path><\/g><\/g><\/svg>      <\/span>\r\n<\/div>\t\t\t\t<\/div>\n\t\t\t\t<\/div>\n\t\t\t\t<div class=\"elementor-element elementor-element-f4addbc elementor-widget-laptop__width-initial elementor-widget elementor-widget-pxl_heading\" data-id=\"f4addbc\" data-element_type=\"widget\" data-e-type=\"widget\" data-widget_type=\"pxl_heading.default\">\n\t\t\t\t<div class=\"elementor-widget-container\">\n\t\t\t\t\t\n<div id=\"pxl-pxl_heading-f4addbc-1963\" class=\"pxl-heading \">\n\t<div class=\"pxl-heading--inner\">\n\t\t\n\t\t<h2 class=\"pxl-item--title  style-default highlight-default pxl-split-text split-in-right\" data-wow-delay=\"300ms\">\n\n\t\t<span class=\"pxl-heading--text \">\n\n\t\t\t\t\t\t\tAqui, dados ganham alma.<br>\n Transformam-se em intelig\u00eancia.<br> <br>\n\n E a intelig\u00eancia sustenta decis\u00f5es humanas.\n\t\n\t\t\t\t\n\n\t\t<\/span>\n\t\t<\/h2>\n\t\t\n\t<\/div>\n<\/div>\t\t\t\t<\/div>\n\t\t\t\t<\/div>\n\t\t<div class=\"elementor-element elementor-element-5069644 e-con-full e-flex pxl-section-overflow-visible pxl-column-none pxl-section-fix-none pxl-bg-color-none e-con e-child \" data-id=\"5069644\" data-element_type=\"container\" data-e-type=\"container\" data-settings=\"{&quot;background_background&quot;:&quot;classic&quot;,&quot;_ha_eqh_enable&quot;:false}\"><div class=\"elementor-element elementor-element-43883c2 e-con-full e-flex pxl-section-overflow-visible pxl-column-none pxl-section-fix-none pxl-bg-color-none e-con e-child \" data-id=\"43883c2\" data-element_type=\"container\" data-e-type=\"container\" data-settings=\"{&quot;_ha_eqh_enable&quot;:false}\">\t\t<div class=\"elementor-element elementor-element-88230fa elementor-widget elementor-widget-video\" data-id=\"88230fa\" data-element_type=\"widget\" data-e-type=\"widget\" data-settings=\"{&quot;video_type&quot;:&quot;hosted&quot;,&quot;autoplay&quot;:&quot;yes&quot;,&quot;play_on_mobile&quot;:&quot;yes&quot;,&quot;mute&quot;:&quot;yes&quot;,&quot;loop&quot;:&quot;yes&quot;}\" data-widget_type=\"video.default\">\n\t\t\t\t\t\t\t<div class=\"e-hosted-video elementor-wrapper elementor-open-inline\">\n\t\t\t\t\t<video class=\"elementor-video\" src=\"https:\/\/calonegroup.com\/2026\/wp-content\/uploads\/2026\/02\/dbipro-personalidades-e-projetos.mp4\" autoplay=\"\" loop=\"\" muted=\"muted\" playsinline=\"\" controlsList=\"nodownload\"><\/video>\n\t\t\t\t<\/div>\n\t\t\t\t\t\t<\/div>\n\t\t\t\t<\/div>\r\n\t\t<div class=\"elementor-element elementor-element-c751cf9 e-con-full e-flex pxl-section-overflow-visible pxl-column-none pxl-section-fix-none pxl-bg-color-none e-con e-child \" data-id=\"c751cf9\" data-element_type=\"container\" data-e-type=\"container\" data-settings=\"{&quot;background_background&quot;:&quot;classic&quot;,&quot;_ha_eqh_enable&quot;:false}\">\t\t<div class=\"elementor-element elementor-element-a793f12 elementor-widget elementor-widget-pxl_heading\" data-id=\"a793f12\" data-element_type=\"widget\" data-e-type=\"widget\" data-widget_type=\"pxl_heading.default\">\n\t\t\t\t<div class=\"elementor-widget-container\">\n\t\t\t\t\t\n<div id=\"pxl-pxl_heading-a793f12-1582\" class=\"pxl-heading \">\n\t<div class=\"pxl-heading--inner\">\n\t\t\n\t\t<h2 class=\"pxl-item--title  style-default highlight-default \" data-wow-delay=\"ms\">\n\n\t\t<span class=\"pxl-heading--text \">\n\n\t\t\t\t\t\t\tNossa Tecnologia\t\n\t\t\t\t\n\n\t\t<\/span>\n\t\t<\/h2>\n\t\t\n\t<\/div>\n<\/div>\t\t\t\t<\/div>\n\t\t\t\t<\/div>\n\t\t\t\t<div class=\"elementor-element elementor-element-cf1203d elementor-widget elementor-widget-text-editor\" data-id=\"cf1203d\" data-element_type=\"widget\" data-e-type=\"widget\" data-widget_type=\"text-editor.default\">\n\t\t\t\t\t\t\t\t\t<p>Com a tecnologia exclusiva DBIPro\u00a9\ufe0f \u2013 Protocolo de Intelig\u00eancia de Comportamento de Dados, identificamos casting ideal, transmutamos causas globais e interpretamos cen\u00e1rios full time para publica\u00e7\u00e3o respons\u00e1vel e sustent\u00e1vel.<\/p><p>Toda escolha certa deixa um legado.<\/p>\t\t\t\t\t\t\t\t<\/div>\n\t\t\t\t<\/div>\r\n\t\t\t\t<\/div>\r\n\t\t\t\t\t<\/div>\r\n\t\t\t\t<\/div>\r\n\t\t<div class=\"elementor-element elementor-element-d44d8ec e-con-full e-flex pxl-section-overflow-visible pxl-column-none pxl-section-fix-none pxl-bg-color-none e-con e-parent \" data-id=\"d44d8ec\" data-element_type=\"container\" data-e-type=\"container\" data-settings=\"{&quot;_ha_eqh_enable&quot;:false}\"><div class=\"elementor-element elementor-element-5d734fd e-flex e-con-boxed pxl-section-overflow-visible pxl-column-none pxl-section-fix-none pxl-bg-color-none e-con e-child \" data-id=\"5d734fd\" data-element_type=\"container\" data-e-type=\"container\" data-settings=\"{&quot;background_background&quot;:&quot;classic&quot;,&quot;_ha_eqh_enable&quot;:false}\">\t\t\t<div class=\"e-con-inner\">\r\n\t\t\t\t<div class=\"elementor-element elementor-element-de476ac elementor-widget elementor-widget-pxl_heading\" data-id=\"de476ac\" data-element_type=\"widget\" data-e-type=\"widget\" data-widget_type=\"pxl_heading.default\">\n\t\t\t\t<div class=\"elementor-widget-container\">\n\t\t\t\t\t\n<div id=\"pxl-pxl_heading-de476ac-4228\" class=\"pxl-heading \">\n\t<div class=\"pxl-heading--inner\">\n\t\t\n\t\t<h2 class=\"pxl-item--title  style-default highlight-default \" data-wow-delay=\"ms\">\n\n\t\t<span class=\"pxl-heading--text \">\n\n\t\t\t\t\t\t\tGest\u00e3o executiva\t\n\t\t\t\t\n\n\t\t<\/span>\n\t\t<\/h2>\n\t\t\n\t<\/div>\n<\/div>\t\t\t\t<\/div>\n\t\t\t\t<\/div>\n\t\t\t\t<div class=\"elementor-element elementor-element-e3100cb elementor-widget elementor-widget-pxl_divider\" data-id=\"e3100cb\" data-element_type=\"widget\" data-e-type=\"widget\" data-widget_type=\"pxl_divider.default\">\n\t\t\t\t<div class=\"elementor-widget-container\">\n\t\t\t\t\t<div class=\"pxl-el-divider wow skewIn\" data-wow-delay=\"300ms\"><\/div>\t\t\t\t<\/div>\n\t\t\t\t<\/div>\n\t\t\t\t<div class=\"elementor-element elementor-element-89fe1ed e-n-tabs-mobile elementor-widget elementor-widget-n-tabs\" data-id=\"89fe1ed\" data-element_type=\"widget\" data-e-type=\"widget\" data-widget_type=\"nested-tabs.default\">\n\t\t\t\t\t\t\t<div class=\"e-n-tabs\" data-widget-number=\"144695789\" aria-label=\"Abas. Abra itens com &quot;Enter&quot; ou &quot;Espa\u00e7o&quot;, feche com &quot;Escape&quot; e navegue usando as teclas de &quot;Seta&quot;.\">\n\t\t\t<div class=\"e-n-tabs-heading\" role=\"tablist\">\n\t\t\t\t\t<button id=\"e-n-tab-title-1446957891\" data-tab-title-id=\"e-n-tab-title-1446957891\" class=\"e-n-tab-title\" aria-selected=\"true\" data-tab-index=\"1\" role=\"tab\" tabindex=\"0\" aria-controls=\"e-n-tab-content-1446957891\" style=\"--n-tabs-title-order: 1;\">\n\t\t\t\t\t\t<span class=\"e-n-tab-title-text\">\n\t\t\t\tCALONE Executive\t\t\t<\/span>\n\t\t<\/button>\n\t\t\t\t<button id=\"e-n-tab-title-1446957892\" data-tab-title-id=\"e-n-tab-title-1446957892\" class=\"e-n-tab-title\" aria-selected=\"false\" data-tab-index=\"2\" role=\"tab\" tabindex=\"-1\" aria-controls=\"e-n-tab-content-1446957892\" style=\"--n-tabs-title-order: 2;\">\n\t\t\t\t\t\t<span class=\"e-n-tab-title-text\">\n\t\t\t\tThe CALONE Company\t\t\t<\/span>\n\t\t<\/button>\n\t\t\t\t<button id=\"e-n-tab-title-1446957893\" data-tab-title-id=\"e-n-tab-title-1446957893\" class=\"e-n-tab-title\" aria-selected=\"false\" data-tab-index=\"3\" role=\"tab\" tabindex=\"-1\" aria-controls=\"e-n-tab-content-1446957893\" style=\"--n-tabs-title-order: 3;\">\n\t\t\t\t\t\t<span class=\"e-n-tab-title-text\">\n\t\t\t\tCALONE Data Studios\t\t\t<\/span>\n\t\t<\/button>\n\t\t\t\t\t<\/div>\n\t\t\t<div class=\"e-n-tabs-content\">\n\t\t\t\t<div id=\"e-n-tab-content-1446957891\" role=\"tabpanel\" aria-labelledby=\"e-n-tab-title-1446957891\" data-tab-index=\"1\" style=\"--n-tabs-title-order: 1;\" class=\"e-active elementor-element elementor-element-7737d95 e-con-full e-flex pxl-section-overflow-visible pxl-column-none pxl-section-fix-none pxl-bg-color-none e-con e-child \" data-id=\"7737d95\" data-element_type=\"container\" data-e-type=\"container\" data-settings=\"{&quot;_ha_eqh_enable&quot;:false}\">\t\t<div class=\"elementor-element elementor-element-f26d420 elementor-widget elementor-widget-pxl_feature_card\" data-id=\"f26d420\" data-element_type=\"widget\" data-e-type=\"widget\" data-widget_type=\"pxl_feature_card.default\">\n\t\t\t\t<div class=\"elementor-widget-container\">\n\t\t\t\t\t\r\n\r\n<div class=\"pxl-feature--card pxl-feature--card1\">\r\n\t<div class=\"pxl-item--holder\">\r\n\t\t<div class=\"pxl-item--inner\">\r\n\t\t\t\t\t\t\t<div class=\"pxl-image--feature pxl-image-scale-parallax\">\r\n\t\t\t\t\t<img fetchpriority=\"high\" decoding=\"async\" width=\"686\" height=\"386\" src=\"https:\/\/calonegroup.com\/2026\/wp-content\/uploads\/2026\/02\/hq720-1-1.jpg\" class=\"attachment-full\" alt=\"\" srcset=\"https:\/\/calonegroup.com\/2026\/wp-content\/uploads\/2026\/02\/hq720-1-1.jpg 686w, https:\/\/calonegroup.com\/2026\/wp-content\/uploads\/2026\/02\/hq720-1-1-300x169.jpg 300w\" sizes=\"(max-width: 686px) 100vw, 686px\" \/>\t\t\t\t\t\t\t\t\t\t\t\t\t\t<\/div>\r\n\t\t\t\t\t\t<div class=\"pxl-item--content\">\r\n\t\t\t\t\t\t\t\t\t<h3 class=\"pxl-item--title\">\r\n\t\t\t\t\t\tCALONE Executive\u00ae\t\t\t\t\t<\/h3>\r\n\t\t\t\t\r\n\t\t\t\t\t\t\t\t\t<div class=\"pxl-item--desc\">\r\n\t\t\t\t\t\t<b>Toda decis\u00e3o carrega consequ\u00eancias. Poucas constroem destinos.<br><\/b>\nA CALONE Executive\u00ae transforma escolhas estrat\u00e9gicas em estruturas de governan\u00e7a que sustentam Marcas, M\u00eddias e Personalidades com aplica\u00e7\u00e3o Legal, Moral e Regular, convertendo contratos em continuidade, reputa\u00e7\u00e3o em confian\u00e7a e projetos em legado.\nN\u00e3o \u00e9 apenas gest\u00e3o.<br><br>\n<b>\u00c9 crit\u00e9rio com intelig\u00eancia humana.<br>\n\u00c9 responsabilidade que se transforma em futuro.<\/b>\t\t\t\t\t<\/div>\r\n\t\t\t\t\r\n\t\t\t<\/div>\r\n\t\t<\/div>\r\n\t\t\t\t\t<a href=\"https:\/\/calonegroup.com\/2026\/personalidades\" class=\"pxl-item--button\">\r\n\t\t\t\tPersonalidades\t\t\t\t<span class=\"pxl-icon--plus\"><\/span>\r\n\t\t\t<\/a>\r\n\t\t\t<\/div>\r\n\r\n\r\n<\/div>\t\t\t\t<\/div>\n\t\t\t\t<\/div>\n\t\t\t\t<\/div>\r\n\t\t<div id=\"e-n-tab-content-1446957892\" role=\"tabpanel\" aria-labelledby=\"e-n-tab-title-1446957892\" data-tab-index=\"2\" style=\"--n-tabs-title-order: 2;\" class=\" elementor-element elementor-element-58884d7 e-con-full e-flex pxl-section-overflow-visible pxl-column-none pxl-section-fix-none pxl-bg-color-none e-con e-child \" data-id=\"58884d7\" data-element_type=\"container\" data-e-type=\"container\" data-settings=\"{&quot;_ha_eqh_enable&quot;:false}\">\t\t<div class=\"elementor-element elementor-element-c41ddb7 elementor-widget elementor-widget-pxl_feature_card\" data-id=\"c41ddb7\" data-element_type=\"widget\" data-e-type=\"widget\" data-widget_type=\"pxl_feature_card.default\">\n\t\t\t\t<div class=\"elementor-widget-container\">\n\t\t\t\t\t\r\n\r\n<div class=\"pxl-feature--card pxl-feature--card1\">\r\n\t<div class=\"pxl-item--holder\">\r\n\t\t<div class=\"pxl-item--inner\">\r\n\t\t\t\t\t\t\t<div class=\"pxl-image--feature pxl-image-scale-parallax\">\r\n\t\t\t\t\t<img decoding=\"async\" width=\"686\" height=\"386\" src=\"https:\/\/calonegroup.com\/2026\/wp-content\/uploads\/2026\/02\/hq720-1.jpg\" class=\"attachment-full\" alt=\"\" srcset=\"https:\/\/calonegroup.com\/2026\/wp-content\/uploads\/2026\/02\/hq720-1.jpg 686w, https:\/\/calonegroup.com\/2026\/wp-content\/uploads\/2026\/02\/hq720-1-300x169.jpg 300w\" sizes=\"(max-width: 686px) 100vw, 686px\" \/>\t\t\t\t\t\t\t\t\t\t\t\t\t\t<\/div>\r\n\t\t\t\t\t\t<div class=\"pxl-item--content\">\r\n\t\t\t\t\t\t\t\t\t<h3 class=\"pxl-item--title\">\r\n\t\t\t\t\t\tThe CALONE Company\u00ae\t\t\t\t\t<\/h3>\r\n\t\t\t\t\r\n\t\t\t\t\t\t\t\t\t<div class=\"pxl-item--desc\">\r\n\t\t\t\t\t\t<b>Toda personalidade carrega uma hist\u00f3ria. Poucas constroem uma assinatura intelectual.\n<br><\/b>A The CALONE Company\u00ae transforma trajet\u00f3rias em Biografia\u00a9 e Legado\u00a9 com ativos narrativos capazes de tangibilizar a Audi\u00eancia, Autoridade, Influ\u00eancia, Presen\u00e7a e Reputa\u00e7\u00e3o Digital nos projetos que atravessam o tempo, conectam gera\u00e7\u00f5es e geram valor socioecon\u00f4mico.\nN\u00e3o \u00e9 apenas visibilidade.<br><br><b>\n\u00c9 narrativa com intelig\u00eancia humana.\n\u00c9 identidade que se transforma em legado.\n<\/b>\t\t\t\t\t<\/div>\r\n\t\t\t\t\r\n\t\t\t<\/div>\r\n\t\t<\/div>\r\n\t\t\t\t\t<a href=\"https:\/\/streaming.calonexp.com\/\" class=\"pxl-item--button\">\r\n\t\t\t\tStreaming\t\t\t\t<span class=\"pxl-icon--plus\"><\/span>\r\n\t\t\t<\/a>\r\n\t\t\t<\/div>\r\n\r\n\r\n<\/div>\t\t\t\t<\/div>\n\t\t\t\t<\/div>\n\t\t\t\t<\/div>\r\n\t\t<div id=\"e-n-tab-content-1446957893\" role=\"tabpanel\" aria-labelledby=\"e-n-tab-title-1446957893\" data-tab-index=\"3\" style=\"--n-tabs-title-order: 3;\" class=\" elementor-element elementor-element-b6aa7ef e-con-full e-flex pxl-section-overflow-visible pxl-column-none pxl-section-fix-none pxl-bg-color-none e-con e-child \" data-id=\"b6aa7ef\" data-element_type=\"container\" data-e-type=\"container\" data-settings=\"{&quot;_ha_eqh_enable&quot;:false}\">\t\t<div class=\"elementor-element elementor-element-93fa9b7 elementor-widget elementor-widget-pxl_feature_card\" data-id=\"93fa9b7\" data-element_type=\"widget\" data-e-type=\"widget\" data-widget_type=\"pxl_feature_card.default\">\n\t\t\t\t<div class=\"elementor-widget-container\">\n\t\t\t\t\t\r\n\r\n<div class=\"pxl-feature--card pxl-feature--card1\">\r\n\t<div class=\"pxl-item--holder\">\r\n\t\t<div class=\"pxl-item--inner\">\r\n\t\t\t\t\t\t\t<div class=\"pxl-image--feature pxl-image-scale-parallax\">\r\n\t\t\t\t\t<img loading=\"lazy\" decoding=\"async\" width=\"1920\" height=\"1080\" src=\"https:\/\/calonegroup.com\/2026\/wp-content\/uploads\/2026\/01\/APRESENTACAO-PORTFOLIO.jpg\" class=\"attachment-full\" alt=\"\" srcset=\"https:\/\/calonegroup.com\/2026\/wp-content\/uploads\/2026\/01\/APRESENTACAO-PORTFOLIO.jpg 1920w, https:\/\/calonegroup.com\/2026\/wp-content\/uploads\/2026\/01\/APRESENTACAO-PORTFOLIO-300x169.jpg 300w, https:\/\/calonegroup.com\/2026\/wp-content\/uploads\/2026\/01\/APRESENTACAO-PORTFOLIO-1024x576.jpg 1024w, https:\/\/calonegroup.com\/2026\/wp-content\/uploads\/2026\/01\/APRESENTACAO-PORTFOLIO-768x432.jpg 768w, https:\/\/calonegroup.com\/2026\/wp-content\/uploads\/2026\/01\/APRESENTACAO-PORTFOLIO-1536x864.jpg 1536w, https:\/\/calonegroup.com\/2026\/wp-content\/uploads\/2026\/01\/APRESENTACAO-PORTFOLIO-1170x658.jpg 1170w\" sizes=\"(max-width: 1920px) 100vw, 1920px\" \/>\t\t\t\t\t\t\t\t\t\t\t\t\t\t<\/div>\r\n\t\t\t\t\t\t<div class=\"pxl-item--content\">\r\n\t\t\t\t\t\t\t\t\t<h3 class=\"pxl-item--title\">\r\n\t\t\t\t\t\tCALONE Data Studios\u00ae\t\t\t\t\t<\/h3>\r\n\t\t\t\t\r\n\t\t\t\t\t\t\t\t\t<div class=\"pxl-item--desc\">\r\n\t\t\t\t\t\t<b>Conte\u00fado tamb\u00e9m \u00e9 decis\u00e3o. Poucos transformam conte\u00fado em dire\u00e7\u00e3o.<\/b><br>\n\nA CALONE Data Studios\u00ae\ufe0f integra Intelig\u00eancia Humana, Neuroci\u00eancia Aplicada e Storytelling Estrat\u00e9gico para criar narrativas com impacto preditivo de comportamento, alinhadas ao ESG &#8211; UN Global Compact, convertendo hist\u00f3rias em consci\u00eancia.<br><br><b>\nN\u00e3o \u00e9 apenas produ\u00e7\u00e3o.\n\u00c9 narrativa com intelig\u00eancia humana.\n\u00c9 reputa\u00e7\u00e3o que se constr\u00f3i em consequ\u00eancia.<\/b>\t\t\t\t\t<\/div>\r\n\t\t\t\t\r\n\t\t\t<\/div>\r\n\t\t<\/div>\r\n\t\t\t\t\t<a href=\"https:\/\/calonegroup.com\/2026\/cases\" class=\"pxl-item--button\">\r\n\t\t\t\tcases\t\t\t\t<span class=\"pxl-icon--plus\"><\/span>\r\n\t\t\t<\/a>\r\n\t\t\t<\/div>\r\n\r\n\r\n<\/div>\t\t\t\t<\/div>\n\t\t\t\t<\/div>\n\t\t\t\t<\/div>\r\n\t\t\t\t\t<\/div>\n\t\t<\/div>\n\t\t\t\t\t\t<\/div>\n\t\t\t\t\t<\/div>\r\n\t\t\t\t<\/div>\r\n\t\t\t\t<\/div>\r\n\t\t<div class=\"elementor-element elementor-element-0a36bdc e-con-full e-flex pxl-section-overflow-visible pxl-column-none pxl-section-fix-none pxl-bg-color-none e-con e-parent \" data-id=\"0a36bdc\" data-element_type=\"container\" data-e-type=\"container\" data-settings=\"{&quot;_ha_eqh_enable&quot;:false}\"><div class=\"elementor-element elementor-element-46a3834 e-con-full e-flex pxl-section-overflow-visible pxl-column-none pxl-section-fix-none pxl-bg-color-none e-con e-child \" data-id=\"46a3834\" data-element_type=\"container\" data-e-type=\"container\" data-settings=\"{&quot;background_background&quot;:&quot;classic&quot;,&quot;_ha_eqh_enable&quot;:false}\">\t\t<div class=\"elementor-element elementor-element-7793eb2 elementor-widget-laptop__width-initial elementor-widget elementor-widget-pxl_heading\" data-id=\"7793eb2\" data-element_type=\"widget\" data-e-type=\"widget\" data-widget_type=\"pxl_heading.default\">\n\t\t\t\t<div class=\"elementor-widget-container\">\n\t\t\t\t\t\n<div id=\"pxl-pxl_heading-7793eb2-2704\" class=\"pxl-heading \">\n\t<div class=\"pxl-heading--inner\">\n\t\t\n\t\t<h2 class=\"pxl-item--title  style-default highlight-default pxl-split-text split-in-right\" data-wow-delay=\"300ms\">\n\n\t\t<span class=\"pxl-heading--text \">\n\n\t\t\t\t\t\t\tGODS\u00a9\ufe0f Program &#8211; UN Global Compact \t\n\t\t\t\t\n\n\t\t<\/span>\n\t\t<\/h2>\n\t\t\n\t<\/div>\n<\/div>\t\t\t\t<\/div>\n\t\t\t\t<\/div>\n\t\t\t\t<div class=\"elementor-element elementor-element-c4246dd elementor-widget elementor-widget-pxl_heading\" data-id=\"c4246dd\" data-element_type=\"widget\" data-e-type=\"widget\" data-widget_type=\"pxl_heading.default\">\n\t\t\t\t<div class=\"elementor-widget-container\">\n\t\t\t\t\t\n<div id=\"pxl-pxl_heading-c4246dd-6224\" class=\"pxl-heading \">\n\t<div class=\"pxl-heading--inner\">\n\t\t\n\t\t<h2 class=\"pxl-item--title  style-default highlight-default \" data-wow-delay=\"ms\">\n\n\t\t<span class=\"pxl-heading--text \">\n\n\t\t\t\t\t\t\tCentro de Pesquisa e Intelig\u00eancia Avan\u00e7ada de Comportamento Humano e Neuroci\u00eancia Aplicada\t\n\t\t\t\t\n\n\t\t<\/span>\n\t\t<\/h2>\n\t\t\n\t<\/div>\n<\/div>\t\t\t\t<\/div>\n\t\t\t\t<\/div>\n\t\t\t\t<div class=\"elementor-element elementor-element-8dd1ea9 elementor-hidden-tablet elementor-hidden-mobile_extra elementor-hidden-mobile elementor-widget elementor-widget-html\" data-id=\"8dd1ea9\" data-element_type=\"widget\" data-e-type=\"widget\" data-widget_type=\"html.default\">\n\t\t\t\t\t<div style=\"width:100%; height:350px; overflow:hidden;\">\n  <iframe\n    src=\"https:\/\/godsprog-beunfu25.manus.space\"\n    width=\"90%\"\n    height=\"350px\"\n    frameborder=\"0\"\n    scrolling=\"no\"\n    style=\"overflow:hidden; border:none;\">\n  <\/iframe>\n<\/div>\t\t\t\t<\/div>\n\t\t\t\t<div class=\"elementor-element elementor-element-f6ccb13 elementor-hidden-widescreen elementor-hidden-desktop elementor-hidden-laptop elementor-hidden-tablet_extra elementor-widget elementor-widget-html\" data-id=\"f6ccb13\" data-element_type=\"widget\" data-e-type=\"widget\" data-widget_type=\"html.default\">\n\t\t\t\t\t<div style=\"width:100%; height:570px; overflow:hidden;\">\n  <iframe\n    src=\"https:\/\/godsprog-beunfu25.manus.space\"\n    width=\"100%\"\n    height=\"100%\"\n    frameborder=\"0\"\n    scrolling=\"no\"\n    style=\"overflow:hidden; border:none;\">\n  <\/iframe>\n<\/div>\t\t\t\t<\/div>\n\t\t\t\t<\/div>\r\n\t\t\t\t<\/div>\r\n\t\t<div class=\"elementor-element elementor-element-7a484d2 e-con-full e-flex pxl-section-overflow-visible pxl-column-none pxl-section-fix-none pxl-bg-color-none e-con e-parent \" data-id=\"7a484d2\" data-element_type=\"container\" data-e-type=\"container\" data-settings=\"{&quot;_ha_eqh_enable&quot;:false}\"><div class=\"elementor-element elementor-element-c90b533 e-con-full e-flex pxl-section-overflow-visible pxl-column-none pxl-section-fix-none pxl-bg-color-none e-con e-child \" data-id=\"c90b533\" data-element_type=\"container\" data-e-type=\"container\" data-settings=\"{&quot;background_background&quot;:&quot;classic&quot;,&quot;_ha_eqh_enable&quot;:false}\">\t\t<div class=\"elementor-element elementor-element-b5586cc elementor-widget-laptop__width-initial elementor-widget elementor-widget-pxl_heading\" data-id=\"b5586cc\" data-element_type=\"widget\" data-e-type=\"widget\" data-widget_type=\"pxl_heading.default\">\n\t\t\t\t<div class=\"elementor-widget-container\">\n\t\t\t\t\t\n<div id=\"pxl-pxl_heading-b5586cc-2135\" class=\"pxl-heading \">\n\t<div class=\"pxl-heading--inner\">\n\t\t\n\t\t<h2 class=\"pxl-item--title  style-default highlight-default pxl-split-text split-in-right\" data-wow-delay=\"300ms\">\n\n\t\t<span class=\"pxl-heading--text \">\n\n\t\t\t\t\t\t\tCALONE\u00ae XP\t\n\t\t\t\t\n\n\t\t<\/span>\n\t\t<\/h2>\n\t\t\n\t<\/div>\n<\/div>\t\t\t\t<\/div>\n\t\t\t\t<\/div>\n\t\t\t\t<div class=\"elementor-element elementor-element-ceccdd4 elementor-widget elementor-widget-pxl_heading\" data-id=\"ceccdd4\" data-element_type=\"widget\" data-e-type=\"widget\" data-widget_type=\"pxl_heading.default\">\n\t\t\t\t<div class=\"elementor-widget-container\">\n\t\t\t\t\t\n<div id=\"pxl-pxl_heading-ceccdd4-3770\" class=\"pxl-heading \">\n\t<div class=\"pxl-heading--inner\">\n\t\t\n\t\t<h2 class=\"pxl-item--title  style-default highlight-default \" data-wow-delay=\"ms\">\n\n\t\t<span class=\"pxl-heading--text \">\n\n\t\t\t\t\t\t\texperience\t\n\t\t\t\t\n\n\t\t<\/span>\n\t\t<\/h2>\n\t\t\n\t<\/div>\n<\/div>\t\t\t\t<\/div>\n\t\t\t\t<\/div>\n\t\t<div class=\"elementor-element elementor-element-a60ba4b e-con-full e-flex pxl-section-overflow-visible pxl-column-none pxl-section-fix-none pxl-bg-color-none e-con e-child \" data-id=\"a60ba4b\" data-element_type=\"container\" data-e-type=\"container\" data-settings=\"{&quot;_ha_eqh_enable&quot;:false}\"><div class=\"elementor-element elementor-element-8338778 e-con-full e-flex pxl-section-overflow-visible pxl-column-none pxl-section-fix-none pxl-bg-color-none e-con e-child \" data-id=\"8338778\" data-element_type=\"container\" data-e-type=\"container\" data-settings=\"{&quot;_ha_eqh_enable&quot;:false}\">\t\t<div class=\"elementor-element elementor-element-4fa5270 elementor-widget elementor-widget-image\" data-id=\"4fa5270\" data-element_type=\"widget\" data-e-type=\"widget\" data-widget_type=\"image.default\">\n\t\t\t\t\t\t\t\t\t\t\t\t\t\t\t<img loading=\"lazy\" decoding=\"async\" width=\"1024\" height=\"727\" src=\"https:\/\/calonegroup.com\/2026\/wp-content\/uploads\/2026\/04\/biografia-1-1024x727.jpg\" class=\"attachment-large size-large wp-image-12150\" alt=\"\" srcset=\"https:\/\/calonegroup.com\/2026\/wp-content\/uploads\/2026\/04\/biografia-1-1024x727.jpg 1024w, https:\/\/calonegroup.com\/2026\/wp-content\/uploads\/2026\/04\/biografia-1-300x213.jpg 300w, https:\/\/calonegroup.com\/2026\/wp-content\/uploads\/2026\/04\/biografia-1-768x545.jpg 768w, https:\/\/calonegroup.com\/2026\/wp-content\/uploads\/2026\/04\/biografia-1-1000x710.jpg 1000w, https:\/\/calonegroup.com\/2026\/wp-content\/uploads\/2026\/04\/biografia-1.jpg 1284w\" sizes=\"(max-width: 1024px) 100vw, 1024px\" \/>\t\t\t\t\t\t\t\t\t\t\t\t\t\t\t<\/div>\n\t\t\t\t<\/div>\r\n\t\t<div class=\"elementor-element elementor-element-eb54c43 e-con-full e-flex pxl-section-overflow-visible pxl-column-none pxl-section-fix-none pxl-bg-color-none e-con e-child \" data-id=\"eb54c43\" data-element_type=\"container\" data-e-type=\"container\" data-settings=\"{&quot;_ha_eqh_enable&quot;:false}\">\t\t<div class=\"elementor-element elementor-element-ce0cf28 elementor-widget elementor-widget-image\" data-id=\"ce0cf28\" data-element_type=\"widget\" data-e-type=\"widget\" data-widget_type=\"image.default\">\n\t\t\t\t\t\t\t\t\t\t\t\t\t\t\t<img loading=\"lazy\" decoding=\"async\" width=\"1024\" height=\"727\" src=\"https:\/\/calonegroup.com\/2026\/wp-content\/uploads\/2026\/04\/legado-bg-1024x727.jpg\" class=\"attachment-large size-large wp-image-12131\" alt=\"\" srcset=\"https:\/\/calonegroup.com\/2026\/wp-content\/uploads\/2026\/04\/legado-bg-1024x727.jpg 1024w, https:\/\/calonegroup.com\/2026\/wp-content\/uploads\/2026\/04\/legado-bg-300x213.jpg 300w, https:\/\/calonegroup.com\/2026\/wp-content\/uploads\/2026\/04\/legado-bg-768x545.jpg 768w, https:\/\/calonegroup.com\/2026\/wp-content\/uploads\/2026\/04\/legado-bg-1000x710.jpg 1000w, https:\/\/calonegroup.com\/2026\/wp-content\/uploads\/2026\/04\/legado-bg.jpg 1284w\" sizes=\"(max-width: 1024px) 100vw, 1024px\" \/>\t\t\t\t\t\t\t\t\t\t\t\t\t\t\t<\/div>\n\t\t\t\t<\/div>\r\n\t\t<div class=\"elementor-element elementor-element-03a8815 e-con-full e-flex pxl-section-overflow-visible pxl-column-none pxl-section-fix-none pxl-bg-color-none e-con e-child \" data-id=\"03a8815\" data-element_type=\"container\" data-e-type=\"container\" data-settings=\"{&quot;_ha_eqh_enable&quot;:false}\">\t\t<div class=\"elementor-element elementor-element-d0e8acf elementor-widget elementor-widget-image\" data-id=\"d0e8acf\" data-element_type=\"widget\" data-e-type=\"widget\" data-widget_type=\"image.default\">\n\t\t\t\t\t\t\t\t\t\t\t\t\t\t\t<img loading=\"lazy\" decoding=\"async\" width=\"1024\" height=\"727\" src=\"https:\/\/calonegroup.com\/2026\/wp-content\/uploads\/2026\/04\/ever-after-1024x727.jpg\" class=\"attachment-large size-large wp-image-12151\" alt=\"\" srcset=\"https:\/\/calonegroup.com\/2026\/wp-content\/uploads\/2026\/04\/ever-after-1024x727.jpg 1024w, https:\/\/calonegroup.com\/2026\/wp-content\/uploads\/2026\/04\/ever-after-300x213.jpg 300w, https:\/\/calonegroup.com\/2026\/wp-content\/uploads\/2026\/04\/ever-after-768x545.jpg 768w, https:\/\/calonegroup.com\/2026\/wp-content\/uploads\/2026\/04\/ever-after-1000x710.jpg 1000w, https:\/\/calonegroup.com\/2026\/wp-content\/uploads\/2026\/04\/ever-after.jpg 1284w\" sizes=\"(max-width: 1024px) 100vw, 1024px\" \/>\t\t\t\t\t\t\t\t\t\t\t\t\t\t\t<\/div>\n\t\t\t\t<\/div>\r\n\t\t\t\t<\/div>\r\n\t\t\t\t<\/div>\r\n\t\t\t\t<\/div>\r\n\t\t<div class=\"elementor-element elementor-element-9e60a14 e-con-full e-flex pxl-section-overflow-visible pxl-column-none pxl-section-fix-none pxl-bg-color-none e-con e-parent \" data-id=\"9e60a14\" data-element_type=\"container\" data-e-type=\"container\" data-settings=\"{&quot;_ha_eqh_enable&quot;:false}\">\t\t<div class=\"elementor-element elementor-element-6f9c2be elementor-widget elementor-widget-pxl_marquee\" data-id=\"6f9c2be\" data-element_type=\"widget\" data-e-type=\"widget\" data-widget_type=\"pxl_marquee.default\">\n\t\t\t\t<div class=\"elementor-widget-container\">\n\t\t\t\t\t\r\n    <div class=\"pxl-marquee pxl-marquee1 style-outline  pxl-overflow--hidden\" data-cursor-label=\"let\u2019s talk now\">\r\n        <div class=\"pxl-item--container \" data-wow-delay=\"ms\">\r\n            <div class=\"pxl-item--inner infinite ltr \">\r\n                                                        <div class=\"pxl-item--list main\">\r\n                                                                                <div class=\"pxl-item--single\">\r\n                                <div class=\"pxl-single--inner\">\r\n                                    <div class=\"pxl-item--text\">Sua Marca. Nossa Intelig\u00eancia.<\/div>                                <\/div>\r\n                                <a href=\"#\" class=\"pxl-item--link\"><\/a>\r\n                            <\/div>\r\n                                                                                <div class=\"pxl-item--single\">\r\n                                <div class=\"pxl-single--inner\">\r\n                                    <div class=\"pxl-item--text\">Sua Marca. Nossa Intelig\u00eancia.<\/div>                                <\/div>\r\n                                <a href=\"#\" class=\"pxl-item--link\"><\/a>\r\n                            <\/div>\r\n                                            <\/div>\r\n                                                                            <div class=\"pxl-item--list duplicate\">\r\n                                                                                <div class=\"pxl-item--single\">\r\n                                <div class=\"pxl-single--inner\">\r\n                                    <div class=\"pxl-item--text\">Sua Marca. Nossa Intelig\u00eancia.<\/div>                                <\/div>\r\n                                <a href=\"#\" class=\"pxl-item--link\"><\/a>\r\n                            <\/div>\r\n                                                                                <div class=\"pxl-item--single\">\r\n                                <div class=\"pxl-single--inner\">\r\n                                    <div class=\"pxl-item--text\">Sua Marca. Nossa Intelig\u00eancia.<\/div>                                <\/div>\r\n                                <a href=\"#\" class=\"pxl-item--link\"><\/a>\r\n                            <\/div>\r\n                                            <\/div>\r\n                                                <\/div>\r\n        <\/div>\r\n    <\/div>\r\n\t\t\t\t<\/div>\n\t\t\t\t<\/div>\n\t\t\t\t<\/div>\r\n\t\t<div class=\"elementor-element elementor-element-0986d8f e-flex e-con-boxed pxl-section-overflow-visible pxl-column-none pxl-section-fix-none pxl-bg-color-none e-con e-parent \" data-id=\"0986d8f\" data-element_type=\"container\" data-e-type=\"container\" data-settings=\"{&quot;_ha_eqh_enable&quot;:false}\">\t\t\t<div class=\"e-con-inner\">\r\n\t\t\t\t<div class=\"elementor-element elementor-element-e7dce84 pxl-post-blog post-layout-post-1 elementor-widget elementor-widget-pxl_post_carousel\" data-id=\"e7dce84\" data-element_type=\"widget\" data-e-type=\"widget\" data-widget_type=\"pxl_post_carousel.default\">\n\t\t\t\t<div class=\"elementor-widget-container\">\n\t\t\t\t\t\n    <div class=\"pxl-swiper-slider pxl-post-carousel pxl-post-carousel1\" >\n        <div class=\"pxl-carousel-inner\">\n            <div class=\"pxl-swiper-container\" dir=\"ltr\" data-settings=\"{&quot;slide_direction&quot;:&quot;horizontal&quot;,&quot;slide_percolumn&quot;:1,&quot;slide_percolumnfill&quot;:1,&quot;slide_mode&quot;:&quot;slide&quot;,&quot;slides_to_show&quot;:3,&quot;slides_to_show_xxl&quot;:3,&quot;slides_to_show_lg&quot;:3,&quot;slides_to_show_md&quot;:2,&quot;slides_to_show_sm&quot;:2,&quot;slides_to_show_xs&quot;:1,&quot;slides_to_scroll&quot;:1,&quot;slides_gutter&quot;:30,&quot;arrow&quot;:true,&quot;pagination&quot;:false,&quot;pagination_type&quot;:&quot;bullets&quot;,&quot;autoplay&quot;:false,&quot;pause_on_hover&quot;:false,&quot;pause_on_interaction&quot;:true,&quot;delay&quot;:5000,&quot;loop&quot;:false,&quot;speed&quot;:500}\">\n                <div class=\"pxl-swiper-wrapper\">\n                                            <div class=\"pxl-swiper-slide\">\n                            <div class=\"pxl-post--inner \" data-wow-delay=\"ms\" data-wow-duration=\"1.2s\">\n\n                               <div class=\"pxl-post--featured hover-imge-effect2\">\n                                <a href=\"https:\/\/calonegroup.com\/2026\/2026\/04\/18\/ha-algo-de-novo-no-mundo-das-dinamicas-da-comunicacao-e-da-consciencia-social-2\/\">\n                                    <img loading=\"lazy\" decoding=\"async\" class=\"\" src=\"https:\/\/calonegroup.com\/2026\/wp-content\/uploads\/2026\/04\/marcelo-calone.jpg\" width=\"800\" height=\"591\" alt=\"marcelo calone\" title=\"marcelo calone\" \/>                                <\/a>\n\n                                                                    <a class=\"btn btn-readmore d-flex\" href=\"https:\/\/calonegroup.com\/2026\/2026\/04\/18\/ha-algo-de-novo-no-mundo-das-dinamicas-da-comunicacao-e-da-consciencia-social-2\/\">\n                                        <span class=\"pxl--btn-icon\">\n                                            <span class=\"pxl-icon--plus\"><\/span>\n                                        <\/span>\n                                    <\/a>\n                                                            <\/div>\n\n                            <div class=\"pxl-item--holder\">\n                                <div class=\"pxl-item--content\">\n                                                                            <div class=\"pxl-item--category\">\n                                            <a href=\"https:\/\/calonegroup.com\/2026\/category\/sapo-com\/\" rel=\"tag\">Sapo.com<\/a>                                        <\/div>\n                                                                                                                <div class=\"pxl-post--date\">\n                                            abr 18, 2026\n                                        <\/div>\n                                                                    <\/div>\n\n                                <h3 class=\"pxl-item--title\">\n                                    <a href=\"https:\/\/calonegroup.com\/2026\/2026\/04\/18\/ha-algo-de-novo-no-mundo-das-dinamicas-da-comunicacao-e-da-consciencia-social-2\/\">\n                                        H\u00e1 algo de novo no mundo das din\u00e2micas da comunica\u00e7\u00e3o e da consci\u00eancia social                                    <\/a>\n                                <\/h3>\n                            <\/div>\n                        <\/div>\n                    <\/div>\n                                        <div class=\"pxl-swiper-slide\">\n                            <div class=\"pxl-post--inner \" data-wow-delay=\"ms\" data-wow-duration=\"1.2s\">\n\n                               <div class=\"pxl-post--featured hover-imge-effect2\">\n                                <a href=\"https:\/\/calonegroup.com\/2026\/2026\/04\/01\/grupo-calone-amplia-negociacoes-com-mc-donalds-e-lancam-campanha-da-copa-do-mundo-com-cafu\/\">\n                                    <img loading=\"lazy\" decoding=\"async\" class=\"\" src=\"https:\/\/calonegroup.com\/2026\/wp-content\/uploads\/2026\/04\/CAFU-MC-DONALDS.png\" width=\"800\" height=\"591\" alt=\"CAFU MC DONALDS\" title=\"CAFU MC DONALDS\" \/>                                <\/a>\n\n                                                                    <a class=\"btn btn-readmore d-flex\" href=\"https:\/\/calonegroup.com\/2026\/2026\/04\/01\/grupo-calone-amplia-negociacoes-com-mc-donalds-e-lancam-campanha-da-copa-do-mundo-com-cafu\/\">\n                                        <span class=\"pxl--btn-icon\">\n                                            <span class=\"pxl-icon--plus\"><\/span>\n                                        <\/span>\n                                    <\/a>\n                                                            <\/div>\n\n                            <div class=\"pxl-item--holder\">\n                                <div class=\"pxl-item--content\">\n                                                                            <div class=\"pxl-item--category\">\n                                            <a href=\"https:\/\/calonegroup.com\/2026\/category\/personalidades\/\" rel=\"tag\">Personalidades<\/a> <a href=\"https:\/\/calonegroup.com\/2026\/category\/publicitarios-criativos\/\" rel=\"tag\">Publicit\u00e1rios Criativos<\/a>                                        <\/div>\n                                                                                                                <div class=\"pxl-post--date\">\n                                            abr 01, 2026\n                                        <\/div>\n                                                                    <\/div>\n\n                                <h3 class=\"pxl-item--title\">\n                                    <a href=\"https:\/\/calonegroup.com\/2026\/2026\/04\/01\/grupo-calone-amplia-negociacoes-com-mc-donalds-e-lancam-campanha-da-copa-do-mundo-com-cafu\/\">\n                                        Grupo CALONE\u00ae amplia negocia\u00e7\u00f5es com MC Donald&#8217;s e lan\u00e7am campanha da Copa do Mundo Com Cafu                                    <\/a>\n                                <\/h3>\n                            <\/div>\n                        <\/div>\n                    <\/div>\n                                        <div class=\"pxl-swiper-slide\">\n                            <div class=\"pxl-post--inner \" data-wow-delay=\"ms\" data-wow-duration=\"1.2s\">\n\n                               <div class=\"pxl-post--featured hover-imge-effect2\">\n                                <a href=\"https:\/\/calonegroup.com\/2026\/2026\/04\/01\/grupo-calone-biography-signature-eleva-trajetorias-profissionais-ao-status-de-autoridade-global\/\">\n                                    <img loading=\"lazy\" decoding=\"async\" class=\"\" src=\"https:\/\/calonegroup.com\/2026\/wp-content\/uploads\/2026\/04\/biografia.png\" width=\"800\" height=\"591\" alt=\"biografia\" title=\"biografia\" \/>                                <\/a>\n\n                                                                    <a class=\"btn btn-readmore d-flex\" href=\"https:\/\/calonegroup.com\/2026\/2026\/04\/01\/grupo-calone-biography-signature-eleva-trajetorias-profissionais-ao-status-de-autoridade-global\/\">\n                                        <span class=\"pxl--btn-icon\">\n                                            <span class=\"pxl-icon--plus\"><\/span>\n                                        <\/span>\n                                    <\/a>\n                                                            <\/div>\n\n                            <div class=\"pxl-item--holder\">\n                                <div class=\"pxl-item--content\">\n                                                                            <div class=\"pxl-item--category\">\n                                            <a href=\"https:\/\/calonegroup.com\/2026\/category\/estadao\/\" rel=\"tag\">Estad\u00e3o<\/a> <a href=\"https:\/\/calonegroup.com\/2026\/category\/social\/\" rel=\"tag\">Social<\/a>                                        <\/div>\n                                                                                                                <div class=\"pxl-post--date\">\n                                            abr 01, 2026\n                                        <\/div>\n                                                                    <\/div>\n\n                                <h3 class=\"pxl-item--title\">\n                                    <a href=\"https:\/\/calonegroup.com\/2026\/2026\/04\/01\/grupo-calone-biography-signature-eleva-trajetorias-profissionais-ao-status-de-autoridade-global\/\">\n                                        Grupo CALONE\u00ae: Biography Signature eleva trajet\u00f3rias profissionais ao status de autoridade global                                    <\/a>\n                                <\/h3>\n                            <\/div>\n                        <\/div>\n                    <\/div>\n                                        <div class=\"pxl-swiper-slide\">\n                            <div class=\"pxl-post--inner \" data-wow-delay=\"ms\" data-wow-duration=\"1.2s\">\n\n                               <div class=\"pxl-post--featured hover-imge-effect2\">\n                                <a href=\"https:\/\/calonegroup.com\/2026\/2026\/03\/30\/marcelo-calone-revela-o-backstage-das-contratacoes-dos-famosos-pelas-marcas\/\">\n                                    <img loading=\"lazy\" decoding=\"async\" class=\"\" src=\"https:\/\/calonegroup.com\/2026\/wp-content\/uploads\/2026\/03\/fe-em-familia.png\" width=\"800\" height=\"591\" alt=\"fe em familia\" title=\"fe em familia\" \/>                                <\/a>\n\n                                                                    <a class=\"btn btn-readmore d-flex\" href=\"https:\/\/calonegroup.com\/2026\/2026\/03\/30\/marcelo-calone-revela-o-backstage-das-contratacoes-dos-famosos-pelas-marcas\/\">\n                                        <span class=\"pxl--btn-icon\">\n                                            <span class=\"pxl-icon--plus\"><\/span>\n                                        <\/span>\n                                    <\/a>\n                                                            <\/div>\n\n                            <div class=\"pxl-item--holder\">\n                                <div class=\"pxl-item--content\">\n                                                                            <div class=\"pxl-item--category\">\n                                            <a href=\"https:\/\/calonegroup.com\/2026\/category\/social\/\" rel=\"tag\">Social<\/a> <a href=\"https:\/\/calonegroup.com\/2026\/category\/tv\/\" rel=\"tag\">TV<\/a>                                        <\/div>\n                                                                                                                <div class=\"pxl-post--date\">\n                                            mar 30, 2026\n                                        <\/div>\n                                                                    <\/div>\n\n                                <h3 class=\"pxl-item--title\">\n                                    <a href=\"https:\/\/calonegroup.com\/2026\/2026\/03\/30\/marcelo-calone-revela-o-backstage-das-contratacoes-dos-famosos-pelas-marcas\/\">\n                                        Marcelo Calone revela o backstage das contrata\u00e7\u00f5es dos famosos pelas marcas                                    <\/a>\n                                <\/h3>\n                            <\/div>\n                        <\/div>\n                    <\/div>\n                                        <div class=\"pxl-swiper-slide\">\n                            <div class=\"pxl-post--inner \" data-wow-delay=\"ms\" data-wow-duration=\"1.2s\">\n\n                               <div class=\"pxl-post--featured hover-imge-effect2\">\n                                <a href=\"https:\/\/calonegroup.com\/2026\/2026\/03\/23\/empresario-brasileiro-aposta-em-dados-e-neurociencia-para-transformar-o-marketing\/\">\n                                    <img loading=\"lazy\" decoding=\"async\" class=\"\" src=\"https:\/\/calonegroup.com\/2026\/wp-content\/uploads\/2026\/03\/Marcelo-Calone-23032026.jpg\" width=\"800\" height=\"591\" alt=\"Marcelo Calone-23032026\" title=\"Marcelo Calone-23032026\" \/>                                <\/a>\n\n                                                                    <a class=\"btn btn-readmore d-flex\" href=\"https:\/\/calonegroup.com\/2026\/2026\/03\/23\/empresario-brasileiro-aposta-em-dados-e-neurociencia-para-transformar-o-marketing\/\">\n                                        <span class=\"pxl--btn-icon\">\n                                            <span class=\"pxl-icon--plus\"><\/span>\n                                        <\/span>\n                                    <\/a>\n                                                            <\/div>\n\n                            <div class=\"pxl-item--holder\">\n                                <div class=\"pxl-item--content\">\n                                                                            <div class=\"pxl-item--category\">\n                                            <a href=\"https:\/\/calonegroup.com\/2026\/category\/r7\/\" rel=\"tag\">R7<\/a> <a href=\"https:\/\/calonegroup.com\/2026\/category\/tecnologia\/\" rel=\"tag\">Tecnologia<\/a>                                        <\/div>\n                                                                                                                <div class=\"pxl-post--date\">\n                                            mar 23, 2026\n                                        <\/div>\n                                                                    <\/div>\n\n                                <h3 class=\"pxl-item--title\">\n                                    <a href=\"https:\/\/calonegroup.com\/2026\/2026\/03\/23\/empresario-brasileiro-aposta-em-dados-e-neurociencia-para-transformar-o-marketing\/\">\n                                        Empres\u00e1rio brasileiro aposta em dados e neuroci\u00eancia para transformar o marketing                                    <\/a>\n                                <\/h3>\n                            <\/div>\n                        <\/div>\n                    <\/div>\n                                        <div class=\"pxl-swiper-slide\">\n                            <div class=\"pxl-post--inner \" data-wow-delay=\"ms\" data-wow-duration=\"1.2s\">\n\n                               <div class=\"pxl-post--featured hover-imge-effect2\">\n                                <a href=\"https:\/\/calonegroup.com\/2026\/2026\/03\/15\/marcelo-calone-aposta-na-inteligencia-de-dados-para-redefinir-estrategias-de-comunicacao\/\">\n                                    <img loading=\"lazy\" decoding=\"async\" class=\"\" src=\"https:\/\/calonegroup.com\/2026\/wp-content\/uploads\/2026\/03\/OaPgBX7-800x557.jpeg\" width=\"800\" height=\"557\" alt=\"OaPgBX7\" title=\"OaPgBX7\" \/>                                <\/a>\n\n                                                                    <a class=\"btn btn-readmore d-flex\" href=\"https:\/\/calonegroup.com\/2026\/2026\/03\/15\/marcelo-calone-aposta-na-inteligencia-de-dados-para-redefinir-estrategias-de-comunicacao\/\">\n                                        <span class=\"pxl--btn-icon\">\n                                            <span class=\"pxl-icon--plus\"><\/span>\n                                        <\/span>\n                                    <\/a>\n                                                            <\/div>\n\n                            <div class=\"pxl-item--holder\">\n                                <div class=\"pxl-item--content\">\n                                                                            <div class=\"pxl-item--category\">\n                                            <a href=\"https:\/\/calonegroup.com\/2026\/category\/estadao\/\" rel=\"tag\">Estad\u00e3o<\/a> <a href=\"https:\/\/calonegroup.com\/2026\/category\/tecnologia\/\" rel=\"tag\">Tecnologia<\/a>                                        <\/div>\n                                                                                                                <div class=\"pxl-post--date\">\n                                            mar 15, 2026\n                                        <\/div>\n                                                                    <\/div>\n\n                                <h3 class=\"pxl-item--title\">\n                                    <a href=\"https:\/\/calonegroup.com\/2026\/2026\/03\/15\/marcelo-calone-aposta-na-inteligencia-de-dados-para-redefinir-estrategias-de-comunicacao\/\">\n                                        Marcelo Calone aposta na intelig\u00eancia de dados para redefinir estrat\u00e9gias de comunica\u00e7\u00e3o                                    <\/a>\n                                <\/h3>\n                            <\/div>\n                        <\/div>\n                    <\/div>\n                                        <div class=\"pxl-swiper-slide\">\n                            <div class=\"pxl-post--inner \" data-wow-delay=\"ms\" data-wow-duration=\"1.2s\">\n\n                               <div class=\"pxl-post--featured hover-imge-effect2\">\n                                <a href=\"https:\/\/calonegroup.com\/2026\/2026\/02\/16\/camera-record-acompanha-luta-de-claudia-rodrigues-contra-a-esclerose-multipla\/\">\n                                    <img loading=\"lazy\" decoding=\"async\" class=\"\" src=\"https:\/\/calonegroup.com\/2026\/wp-content\/uploads\/2026\/02\/marcelo-calone-e-claudia-rodrigues.jpg\" width=\"800\" height=\"591\" alt=\"marcelo-calone-e-claudia-rodrigues\" title=\"marcelo-calone-e-claudia-rodrigues\" \/>                                <\/a>\n\n                                                                    <a class=\"btn btn-readmore d-flex\" href=\"https:\/\/calonegroup.com\/2026\/2026\/02\/16\/camera-record-acompanha-luta-de-claudia-rodrigues-contra-a-esclerose-multipla\/\">\n                                        <span class=\"pxl--btn-icon\">\n                                            <span class=\"pxl-icon--plus\"><\/span>\n                                        <\/span>\n                                    <\/a>\n                                                            <\/div>\n\n                            <div class=\"pxl-item--holder\">\n                                <div class=\"pxl-item--content\">\n                                                                            <div class=\"pxl-item--category\">\n                                            <a href=\"https:\/\/calonegroup.com\/2026\/category\/personalidades\/\" rel=\"tag\">Personalidades<\/a> <a href=\"https:\/\/calonegroup.com\/2026\/category\/r7\/\" rel=\"tag\">R7<\/a>                                        <\/div>\n                                                                                                                <div class=\"pxl-post--date\">\n                                            fev 16, 2026\n                                        <\/div>\n                                                                    <\/div>\n\n                                <h3 class=\"pxl-item--title\">\n                                    <a href=\"https:\/\/calonegroup.com\/2026\/2026\/02\/16\/camera-record-acompanha-luta-de-claudia-rodrigues-contra-a-esclerose-multipla\/\">\n                                        Medicina integrativa foi a grande virada de Claudia Rodrigues                                    <\/a>\n                                <\/h3>\n                            <\/div>\n                        <\/div>\n                    <\/div>\n                                        <div class=\"pxl-swiper-slide\">\n                            <div class=\"pxl-post--inner \" data-wow-delay=\"ms\" data-wow-duration=\"1.2s\">\n\n                               <div class=\"pxl-post--featured hover-imge-effect2\">\n                                <a href=\"https:\/\/calonegroup.com\/2026\/2026\/02\/13\/especialistas-divergem-sobre-lei-dos-criadores-de-conteudo\/\">\n                                    <img loading=\"lazy\" decoding=\"async\" class=\"\" src=\"https:\/\/calonegroup.com\/2026\/wp-content\/uploads\/2026\/02\/marcelo-calone-influenciadores.jpg\" width=\"800\" height=\"591\" alt=\"marcelo calone influenciadores\" title=\"marcelo calone influenciadores\" \/>                                <\/a>\n\n                                                                    <a class=\"btn btn-readmore d-flex\" href=\"https:\/\/calonegroup.com\/2026\/2026\/02\/13\/especialistas-divergem-sobre-lei-dos-criadores-de-conteudo\/\">\n                                        <span class=\"pxl--btn-icon\">\n                                            <span class=\"pxl-icon--plus\"><\/span>\n                                        <\/span>\n                                    <\/a>\n                                                            <\/div>\n\n                            <div class=\"pxl-item--holder\">\n                                <div class=\"pxl-item--content\">\n                                                                            <div class=\"pxl-item--category\">\n                                            <a href=\"https:\/\/calonegroup.com\/2026\/category\/personalidades\/\" rel=\"tag\">Personalidades<\/a> <a href=\"https:\/\/calonegroup.com\/2026\/category\/uol\/\" rel=\"tag\">UOL<\/a>                                        <\/div>\n                                                                                                                <div class=\"pxl-post--date\">\n                                            fev 13, 2026\n                                        <\/div>\n                                                                    <\/div>\n\n                                <h3 class=\"pxl-item--title\">\n                                    <a href=\"https:\/\/calonegroup.com\/2026\/2026\/02\/13\/especialistas-divergem-sobre-lei-dos-criadores-de-conteudo\/\">\n                                        Especialista do Grupo CALONE\u00ae fala sobre Lei dos Criadores de Conte\u00fado                                    <\/a>\n                                <\/h3>\n                            <\/div>\n                        <\/div>\n                    <\/div>\n                                        <div class=\"pxl-swiper-slide\">\n                            <div class=\"pxl-post--inner \" data-wow-delay=\"ms\" data-wow-duration=\"1.2s\">\n\n                               <div class=\"pxl-post--featured hover-imge-effect2\">\n                                <a href=\"https:\/\/calonegroup.com\/2026\/2026\/02\/13\/marcelo-calone-side-talk-49\/\">\n                                    <img loading=\"lazy\" decoding=\"async\" class=\"\" src=\"https:\/\/calonegroup.com\/2026\/wp-content\/uploads\/2026\/02\/side-talk-marcelo-calone.jpg\" width=\"800\" height=\"591\" alt=\"side-talk-marcelo-calone\" title=\"side-talk-marcelo-calone\" \/>                                <\/a>\n\n                                                                    <a class=\"btn btn-readmore d-flex\" href=\"https:\/\/calonegroup.com\/2026\/2026\/02\/13\/marcelo-calone-side-talk-49\/\">\n                                        <span class=\"pxl--btn-icon\">\n                                            <span class=\"pxl-icon--plus\"><\/span>\n                                        <\/span>\n                                    <\/a>\n                                                            <\/div>\n\n                            <div class=\"pxl-item--holder\">\n                                <div class=\"pxl-item--content\">\n                                                                            <div class=\"pxl-item--category\">\n                                            <a href=\"https:\/\/calonegroup.com\/2026\/category\/podcast\/\" rel=\"tag\">Podcast<\/a> <a href=\"https:\/\/calonegroup.com\/2026\/category\/social\/\" rel=\"tag\">Social<\/a>                                        <\/div>\n                                                                                                                <div class=\"pxl-post--date\">\n                                            fev 13, 2026\n                                        <\/div>\n                                                                    <\/div>\n\n                                <h3 class=\"pxl-item--title\">\n                                    <a href=\"https:\/\/calonegroup.com\/2026\/2026\/02\/13\/marcelo-calone-side-talk-49\/\">\n                                        Desvendando os Bilh\u00f5es da Publicidade: Como a Gest\u00e3o Estrat\u00e9gica e a An\u00e1lise de Dados Maximizam o ROI para Grandes Marcas                                    <\/a>\n                                <\/h3>\n                            <\/div>\n                        <\/div>\n                    <\/div>\n                                        <div class=\"pxl-swiper-slide\">\n                            <div class=\"pxl-post--inner \" data-wow-delay=\"ms\" data-wow-duration=\"1.2s\">\n\n                               <div class=\"pxl-post--featured hover-imge-effect2\">\n                                <a href=\"https:\/\/calonegroup.com\/2026\/2026\/02\/13\/os-bastidores-que-ninguem-conta-sobre-influenciadores-e-agencias\/\">\n                                    <img loading=\"lazy\" decoding=\"async\" class=\"\" src=\"https:\/\/calonegroup.com\/2026\/wp-content\/uploads\/2026\/02\/marcelo-calone-gestao-executiva.jpg\" width=\"800\" height=\"591\" alt=\"marcelo-calone-gestao-executiva\" title=\"marcelo-calone-gestao-executiva\" \/>                                <\/a>\n\n                                                                    <a class=\"btn btn-readmore d-flex\" href=\"https:\/\/calonegroup.com\/2026\/2026\/02\/13\/os-bastidores-que-ninguem-conta-sobre-influenciadores-e-agencias\/\">\n                                        <span class=\"pxl--btn-icon\">\n                                            <span class=\"pxl-icon--plus\"><\/span>\n                                        <\/span>\n                                    <\/a>\n                                                            <\/div>\n\n                            <div class=\"pxl-item--holder\">\n                                <div class=\"pxl-item--content\">\n                                                                            <div class=\"pxl-item--category\">\n                                            <a href=\"https:\/\/calonegroup.com\/2026\/category\/metropoles\/\" rel=\"tag\">Metr\u00f3poles<\/a> <a href=\"https:\/\/calonegroup.com\/2026\/category\/personalidades\/\" rel=\"tag\">Personalidades<\/a>                                        <\/div>\n                                                                                                                <div class=\"pxl-post--date\">\n                                            fev 13, 2026\n                                        <\/div>\n                                                                    <\/div>\n\n                                <h3 class=\"pxl-item--title\">\n                                    <a href=\"https:\/\/calonegroup.com\/2026\/2026\/02\/13\/os-bastidores-que-ninguem-conta-sobre-influenciadores-e-agencias\/\">\n                                        Gest\u00e3o Executiva revela os bastidores que ningu\u00e9m conta sobre influenciadores e ag\u00eancias                                    <\/a>\n                                <\/h3>\n                            <\/div>\n                        <\/div>\n                    <\/div>\n                                        <div class=\"pxl-swiper-slide\">\n                            <div class=\"pxl-post--inner \" data-wow-delay=\"ms\" data-wow-duration=\"1.2s\">\n\n                               <div class=\"pxl-post--featured hover-imge-effect2\">\n                                <a href=\"https:\/\/calonegroup.com\/2026\/2026\/02\/13\/grupo-calone-faz-treinamento-no-vale-do-silicio\/\">\n                                    <img loading=\"lazy\" decoding=\"async\" class=\"\" src=\"https:\/\/calonegroup.com\/2026\/wp-content\/uploads\/2026\/02\/marcelo-calone2-21-800x591.jpg\" width=\"800\" height=\"591\" alt=\"marcelo calone2\" title=\"marcelo calone2\" \/>                                <\/a>\n\n                                                                    <a class=\"btn btn-readmore d-flex\" href=\"https:\/\/calonegroup.com\/2026\/2026\/02\/13\/grupo-calone-faz-treinamento-no-vale-do-silicio\/\">\n                                        <span class=\"pxl--btn-icon\">\n                                            <span class=\"pxl-icon--plus\"><\/span>\n                                        <\/span>\n                                    <\/a>\n                                                            <\/div>\n\n                            <div class=\"pxl-item--holder\">\n                                <div class=\"pxl-item--content\">\n                                                                            <div class=\"pxl-item--category\">\n                                            <a href=\"https:\/\/calonegroup.com\/2026\/category\/grandes-negocios\/\" rel=\"tag\">Grandes Neg\u00f3cios<\/a> <a href=\"https:\/\/calonegroup.com\/2026\/category\/tecnologia\/\" rel=\"tag\">Tecnologia<\/a>                                        <\/div>\n                                                                                                                <div class=\"pxl-post--date\">\n                                            fev 13, 2026\n                                        <\/div>\n                                                                    <\/div>\n\n                                <h3 class=\"pxl-item--title\">\n                                    <a href=\"https:\/\/calonegroup.com\/2026\/2026\/02\/13\/grupo-calone-faz-treinamento-no-vale-do-silicio\/\">\n                                        Executivos do Grupo CALONE\u00ae s\u00e3o convidados para treinamento no Vale do Sil\u00edcio                                    <\/a>\n                                <\/h3>\n                            <\/div>\n                        <\/div>\n                    <\/div>\n                                        <div class=\"pxl-swiper-slide\">\n                            <div class=\"pxl-post--inner \" data-wow-delay=\"ms\" data-wow-duration=\"1.2s\">\n\n                               <div class=\"pxl-post--featured hover-imge-effect2\">\n                                <a href=\"https:\/\/calonegroup.com\/2026\/2026\/02\/11\/marcelo-calone-como-palestrante-da-expo-empreendedor\/\">\n                                    <img loading=\"lazy\" decoding=\"async\" class=\"\" src=\"https:\/\/calonegroup.com\/2026\/wp-content\/uploads\/2026\/02\/marcelo-calone2-16-800x591.jpg\" width=\"800\" height=\"591\" alt=\"marcelo calone2\" title=\"marcelo calone2\" \/>                                <\/a>\n\n                                                                    <a class=\"btn btn-readmore d-flex\" href=\"https:\/\/calonegroup.com\/2026\/2026\/02\/11\/marcelo-calone-como-palestrante-da-expo-empreendedor\/\">\n                                        <span class=\"pxl--btn-icon\">\n                                            <span class=\"pxl-icon--plus\"><\/span>\n                                        <\/span>\n                                    <\/a>\n                                                            <\/div>\n\n                            <div class=\"pxl-item--holder\">\n                                <div class=\"pxl-item--content\">\n                                                                            <div class=\"pxl-item--category\">\n                                            <a href=\"https:\/\/calonegroup.com\/2026\/category\/expo-empreendedor\/\" rel=\"tag\">Expo Empreendedor<\/a> <a href=\"https:\/\/calonegroup.com\/2026\/category\/social\/\" rel=\"tag\">Social<\/a>                                        <\/div>\n                                                                                                                <div class=\"pxl-post--date\">\n                                            fev 11, 2026\n                                        <\/div>\n                                                                    <\/div>\n\n                                <h3 class=\"pxl-item--title\">\n                                    <a href=\"https:\/\/calonegroup.com\/2026\/2026\/02\/11\/marcelo-calone-como-palestrante-da-expo-empreendedor\/\">\n                                        Marcelo Calone palestra sobre o uso de Dados na Gest\u00e3o Executiva na Expo Empreendedor                                    <\/a>\n                                <\/h3>\n                            <\/div>\n                        <\/div>\n                    <\/div>\n                                        <div class=\"pxl-swiper-slide\">\n                            <div class=\"pxl-post--inner \" data-wow-delay=\"ms\" data-wow-duration=\"1.2s\">\n\n                               <div class=\"pxl-post--featured hover-imge-effect2\">\n                                <a href=\"https:\/\/calonegroup.com\/2026\/2026\/02\/06\/a-nova-onda-da-cannabis-o-impacto-da-decisao-da-anvisa-sobre-maconha-medicinal\/\">\n                                    <img loading=\"lazy\" decoding=\"async\" class=\"\" src=\"https:\/\/calonegroup.com\/2026\/wp-content\/uploads\/2026\/02\/cannabis.jpg\" width=\"800\" height=\"591\" alt=\"cannabis\" title=\"cannabis\" \/>                                <\/a>\n\n                                                                    <a class=\"btn btn-readmore d-flex\" href=\"https:\/\/calonegroup.com\/2026\/2026\/02\/06\/a-nova-onda-da-cannabis-o-impacto-da-decisao-da-anvisa-sobre-maconha-medicinal\/\">\n                                        <span class=\"pxl--btn-icon\">\n                                            <span class=\"pxl-icon--plus\"><\/span>\n                                        <\/span>\n                                    <\/a>\n                                                            <\/div>\n\n                            <div class=\"pxl-item--holder\">\n                                <div class=\"pxl-item--content\">\n                                                                            <div class=\"pxl-item--category\">\n                                            <a href=\"https:\/\/calonegroup.com\/2026\/category\/personalidades\/\" rel=\"tag\">Personalidades<\/a> <a href=\"https:\/\/calonegroup.com\/2026\/category\/veja\/\" rel=\"tag\">Veja<\/a>                                        <\/div>\n                                                                                                                <div class=\"pxl-post--date\">\n                                            fev 06, 2026\n                                        <\/div>\n                                                                    <\/div>\n\n                                <h3 class=\"pxl-item--title\">\n                                    <a href=\"https:\/\/calonegroup.com\/2026\/2026\/02\/06\/a-nova-onda-da-cannabis-o-impacto-da-decisao-da-anvisa-sobre-maconha-medicinal\/\">\n                                        Intelig\u00eancia de Dados do Grupo CALONE\u00ae sobre Cannabis impacta na decis\u00e3o da Anvisa                                    <\/a>\n                                <\/h3>\n                            <\/div>\n                        <\/div>\n                    <\/div>\n                                        <div class=\"pxl-swiper-slide\">\n                            <div class=\"pxl-post--inner \" data-wow-delay=\"ms\" data-wow-duration=\"1.2s\">\n\n                               <div class=\"pxl-post--featured hover-imge-effect2\">\n                                <a href=\"https:\/\/calonegroup.com\/2026\/2026\/02\/04\/ep-44-marcelo-calone-revela-sua-trajetoria-e-surpreende-no-final-garotas-do-programa\/\">\n                                    <img loading=\"lazy\" decoding=\"async\" class=\"\" src=\"https:\/\/calonegroup.com\/2026\/wp-content\/uploads\/2026\/02\/marcelo-calone2-36-800x591.jpg\" width=\"800\" height=\"591\" alt=\"marcelo calone2\" title=\"marcelo calone2\" \/>                                <\/a>\n\n                                                                    <a class=\"btn btn-readmore d-flex\" href=\"https:\/\/calonegroup.com\/2026\/2026\/02\/04\/ep-44-marcelo-calone-revela-sua-trajetoria-e-surpreende-no-final-garotas-do-programa\/\">\n                                        <span class=\"pxl--btn-icon\">\n                                            <span class=\"pxl-icon--plus\"><\/span>\n                                        <\/span>\n                                    <\/a>\n                                                            <\/div>\n\n                            <div class=\"pxl-item--holder\">\n                                <div class=\"pxl-item--content\">\n                                                                            <div class=\"pxl-item--category\">\n                                            <a href=\"https:\/\/calonegroup.com\/2026\/category\/podcast\/\" rel=\"tag\">Podcast<\/a> <a href=\"https:\/\/calonegroup.com\/2026\/category\/social\/\" rel=\"tag\">Social<\/a>                                        <\/div>\n                                                                                                                <div class=\"pxl-post--date\">\n                                            fev 04, 2026\n                                        <\/div>\n                                                                    <\/div>\n\n                                <h3 class=\"pxl-item--title\">\n                                    <a href=\"https:\/\/calonegroup.com\/2026\/2026\/02\/04\/ep-44-marcelo-calone-revela-sua-trajetoria-e-surpreende-no-final-garotas-do-programa\/\">\n                                        Marcelo Calone conta como a trajet\u00f3ria de um sonhador constr\u00f3i Legados                                    <\/a>\n                                <\/h3>\n                            <\/div>\n                        <\/div>\n                    <\/div>\n                                        <div class=\"pxl-swiper-slide\">\n                            <div class=\"pxl-post--inner \" data-wow-delay=\"ms\" data-wow-duration=\"1.2s\">\n\n                               <div class=\"pxl-post--featured hover-imge-effect2\">\n                                <a href=\"https:\/\/calonegroup.com\/2026\/2026\/01\/14\/fim-da-era-do-publipost-marcelo-calone-comenta-lei-que-assusta-influenciadores\/\">\n                                    <img loading=\"lazy\" decoding=\"async\" class=\"\" src=\"https:\/\/calonegroup.com\/2026\/wp-content\/uploads\/2026\/01\/marcelo-calone.png\" width=\"800\" height=\"591\" alt=\"marcelo calone\" title=\"marcelo calone\" \/>                                <\/a>\n\n                                                                    <a class=\"btn btn-readmore d-flex\" href=\"https:\/\/calonegroup.com\/2026\/2026\/01\/14\/fim-da-era-do-publipost-marcelo-calone-comenta-lei-que-assusta-influenciadores\/\">\n                                        <span class=\"pxl--btn-icon\">\n                                            <span class=\"pxl-icon--plus\"><\/span>\n                                        <\/span>\n                                    <\/a>\n                                                            <\/div>\n\n                            <div class=\"pxl-item--holder\">\n                                <div class=\"pxl-item--content\">\n                                                                            <div class=\"pxl-item--category\">\n                                            <a href=\"https:\/\/calonegroup.com\/2026\/category\/personalidades\/\" rel=\"tag\">Personalidades<\/a> <a href=\"https:\/\/calonegroup.com\/2026\/category\/uol\/\" rel=\"tag\">UOL<\/a>                                        <\/div>\n                                                                                                                <div class=\"pxl-post--date\">\n                                            jan 14, 2026\n                                        <\/div>\n                                                                    <\/div>\n\n                                <h3 class=\"pxl-item--title\">\n                                    <a href=\"https:\/\/calonegroup.com\/2026\/2026\/01\/14\/fim-da-era-do-publipost-marcelo-calone-comenta-lei-que-assusta-influenciadores\/\">\n                                        Fim da era do publipost? Marcelo Calone comenta lei que assusta influenciadores                                    <\/a>\n                                <\/h3>\n                            <\/div>\n                        <\/div>\n                    <\/div>\n                                        <div class=\"pxl-swiper-slide\">\n                            <div class=\"pxl-post--inner \" data-wow-delay=\"ms\" data-wow-duration=\"1.2s\">\n\n                               <div class=\"pxl-post--featured hover-imge-effect2\">\n                                <a href=\"https:\/\/calonegroup.com\/2026\/2026\/01\/12\/fim-da-era-do-publipost-lei-aprovada-em-brasilia-coloca-influenciadores-sob-novas-regras-avalia-marcelo-calone\/\">\n                                    <img loading=\"lazy\" decoding=\"async\" class=\"\" src=\"https:\/\/calonegroup.com\/2026\/wp-content\/uploads\/2026\/02\/marcelo-calone2-18-800x591.jpg\" width=\"800\" height=\"591\" alt=\"marcelo calone2\" title=\"marcelo calone2\" \/>                                <\/a>\n\n                                                                    <a class=\"btn btn-readmore d-flex\" href=\"https:\/\/calonegroup.com\/2026\/2026\/01\/12\/fim-da-era-do-publipost-lei-aprovada-em-brasilia-coloca-influenciadores-sob-novas-regras-avalia-marcelo-calone\/\">\n                                        <span class=\"pxl--btn-icon\">\n                                            <span class=\"pxl-icon--plus\"><\/span>\n                                        <\/span>\n                                    <\/a>\n                                                            <\/div>\n\n                            <div class=\"pxl-item--holder\">\n                                <div class=\"pxl-item--content\">\n                                                                            <div class=\"pxl-item--category\">\n                                            <a href=\"https:\/\/calonegroup.com\/2026\/category\/jornal-de-brasilia\/\" rel=\"tag\">Jornal de Brasilia<\/a> <a href=\"https:\/\/calonegroup.com\/2026\/category\/social\/\" rel=\"tag\">Social<\/a>                                        <\/div>\n                                                                                                                <div class=\"pxl-post--date\">\n                                            jan 12, 2026\n                                        <\/div>\n                                                                    <\/div>\n\n                                <h3 class=\"pxl-item--title\">\n                                    <a href=\"https:\/\/calonegroup.com\/2026\/2026\/01\/12\/fim-da-era-do-publipost-lei-aprovada-em-brasilia-coloca-influenciadores-sob-novas-regras-avalia-marcelo-calone\/\">\n                                        Com base nos Dados do Grupo CALONE\u00ae, lei aprovada em Bras\u00edlia coloca influenciadores sob novas regras                                    <\/a>\n                                <\/h3>\n                            <\/div>\n                        <\/div>\n                    <\/div>\n                                        <div class=\"pxl-swiper-slide\">\n                            <div class=\"pxl-post--inner \" data-wow-delay=\"ms\" data-wow-duration=\"1.2s\">\n\n                               <div class=\"pxl-post--featured hover-imge-effect2\">\n                                <a href=\"https:\/\/calonegroup.com\/2026\/2026\/01\/12\/influenciadores-entram-na-mira-da-lei-marcelo-calone-explica-o-que-muda-nos-bastidores\/\">\n                                    <img loading=\"lazy\" decoding=\"async\" class=\"\" src=\"https:\/\/calonegroup.com\/2026\/wp-content\/uploads\/2026\/02\/marcelo-calone2-14-800x591.jpg\" width=\"800\" height=\"591\" alt=\"marcelo calone2\" title=\"marcelo calone2\" \/>                                <\/a>\n\n                                                                    <a class=\"btn btn-readmore d-flex\" href=\"https:\/\/calonegroup.com\/2026\/2026\/01\/12\/influenciadores-entram-na-mira-da-lei-marcelo-calone-explica-o-que-muda-nos-bastidores\/\">\n                                        <span class=\"pxl--btn-icon\">\n                                            <span class=\"pxl-icon--plus\"><\/span>\n                                        <\/span>\n                                    <\/a>\n                                                            <\/div>\n\n                            <div class=\"pxl-item--holder\">\n                                <div class=\"pxl-item--content\">\n                                                                            <div class=\"pxl-item--category\">\n                                            <a href=\"https:\/\/calonegroup.com\/2026\/category\/marcia-piovesan\/\" rel=\"tag\">Marcia Piovesan<\/a> <a href=\"https:\/\/calonegroup.com\/2026\/category\/personalidades\/\" rel=\"tag\">Personalidades<\/a>                                        <\/div>\n                                                                                                                <div class=\"pxl-post--date\">\n                                            jan 12, 2026\n                                        <\/div>\n                                                                    <\/div>\n\n                                <h3 class=\"pxl-item--title\">\n                                    <a href=\"https:\/\/calonegroup.com\/2026\/2026\/01\/12\/influenciadores-entram-na-mira-da-lei-marcelo-calone-explica-o-que-muda-nos-bastidores\/\">\n                                        Influenciadores entram na mira da lei? Marcelo Calone explica o que muda nos bastidores                                    <\/a>\n                                <\/h3>\n                            <\/div>\n                        <\/div>\n                    <\/div>\n                                        <div class=\"pxl-swiper-slide\">\n                            <div class=\"pxl-post--inner \" data-wow-delay=\"ms\" data-wow-duration=\"1.2s\">\n\n                               <div class=\"pxl-post--featured hover-imge-effect2\">\n                                <a href=\"https:\/\/calonegroup.com\/2026\/2025\/12\/25\/com-sao-paulo-e-cafu-elgin-avanca-no-patrocinio-ao-futebol\/\">\n                                    <img loading=\"lazy\" decoding=\"async\" class=\"\" src=\"https:\/\/calonegroup.com\/2026\/wp-content\/uploads\/2026\/02\/CAFU-ELGIN-800x591.png\" width=\"800\" height=\"591\" alt=\"CAFU ELGIN\" title=\"CAFU ELGIN\" \/>                                <\/a>\n\n                                                                    <a class=\"btn btn-readmore d-flex\" href=\"https:\/\/calonegroup.com\/2026\/2025\/12\/25\/com-sao-paulo-e-cafu-elgin-avanca-no-patrocinio-ao-futebol\/\">\n                                        <span class=\"pxl--btn-icon\">\n                                            <span class=\"pxl-icon--plus\"><\/span>\n                                        <\/span>\n                                    <\/a>\n                                                            <\/div>\n\n                            <div class=\"pxl-item--holder\">\n                                <div class=\"pxl-item--content\">\n                                                                            <div class=\"pxl-item--category\">\n                                            <a href=\"https:\/\/calonegroup.com\/2026\/category\/personalidades\/\" rel=\"tag\">Personalidades<\/a> <a href=\"https:\/\/calonegroup.com\/2026\/category\/valor\/\" rel=\"tag\">VALOR<\/a>                                        <\/div>\n                                                                                                                <div class=\"pxl-post--date\">\n                                            dez 25, 2025\n                                        <\/div>\n                                                                    <\/div>\n\n                                <h3 class=\"pxl-item--title\">\n                                    <a href=\"https:\/\/calonegroup.com\/2026\/2025\/12\/25\/com-sao-paulo-e-cafu-elgin-avanca-no-patrocinio-ao-futebol\/\">\n                                        Com Report de Intelig\u00eancia de Dados do Grupo CALONE\u00ae Cafu renova com Elgin                                    <\/a>\n                                <\/h3>\n                            <\/div>\n                        <\/div>\n                    <\/div>\n                                        <div class=\"pxl-swiper-slide\">\n                            <div class=\"pxl-post--inner \" data-wow-delay=\"ms\" data-wow-duration=\"1.2s\">\n\n                               <div class=\"pxl-post--featured hover-imge-effect2\">\n                                <a href=\"https:\/\/calonegroup.com\/2026\/2025\/12\/05\/ha-algo-de-novo-no-mundo-das-dinamicas-da-comunicacao-e-da-consciencia-social\/\">\n                                    <img loading=\"lazy\" decoding=\"async\" class=\"\" src=\"https:\/\/calonegroup.com\/2026\/wp-content\/uploads\/2026\/02\/marcelo-calone2-800x591.jpg\" width=\"800\" height=\"591\" alt=\"marcelo calone2\" title=\"marcelo calone2\" \/>                                <\/a>\n\n                                                                    <a class=\"btn btn-readmore d-flex\" href=\"https:\/\/calonegroup.com\/2026\/2025\/12\/05\/ha-algo-de-novo-no-mundo-das-dinamicas-da-comunicacao-e-da-consciencia-social\/\">\n                                        <span class=\"pxl--btn-icon\">\n                                            <span class=\"pxl-icon--plus\"><\/span>\n                                        <\/span>\n                                    <\/a>\n                                                            <\/div>\n\n                            <div class=\"pxl-item--holder\">\n                                <div class=\"pxl-item--content\">\n                                                                            <div class=\"pxl-item--category\">\n                                            <a href=\"https:\/\/calonegroup.com\/2026\/category\/forbes\/\" rel=\"tag\">Forbes<\/a> <a href=\"https:\/\/calonegroup.com\/2026\/category\/social\/\" rel=\"tag\">Social<\/a>                                        <\/div>\n                                                                                                                <div class=\"pxl-post--date\">\n                                            dez 05, 2025\n                                        <\/div>\n                                                                    <\/div>\n\n                                <h3 class=\"pxl-item--title\">\n                                    <a href=\"https:\/\/calonegroup.com\/2026\/2025\/12\/05\/ha-algo-de-novo-no-mundo-das-dinamicas-da-comunicacao-e-da-consciencia-social\/\">\n                                        Marcelo Calone sobre as novidades no mundo das din\u00e2micas da comunica\u00e7\u00e3o e da consci\u00eancia social                                    <\/a>\n                                <\/h3>\n                            <\/div>\n                        <\/div>\n                    <\/div>\n                                        <div class=\"pxl-swiper-slide\">\n                            <div class=\"pxl-post--inner \" data-wow-delay=\"ms\" data-wow-duration=\"1.2s\">\n\n                               <div class=\"pxl-post--featured hover-imge-effect2\">\n                                <a href=\"https:\/\/calonegroup.com\/2026\/2025\/12\/05\/marcelo-calone-reage-a-compra-da-warner-bros-pela-netflix-e-diz-game-over-para-o-cinema-que-conhecemos\/\">\n                                    <img loading=\"lazy\" decoding=\"async\" class=\"\" src=\"https:\/\/calonegroup.com\/2026\/wp-content\/uploads\/2026\/02\/marcelo-calone2-30-800x591.jpg\" width=\"800\" height=\"591\" alt=\"marcelo calone2\" title=\"marcelo calone2\" \/>                                <\/a>\n\n                                                                    <a class=\"btn btn-readmore d-flex\" href=\"https:\/\/calonegroup.com\/2026\/2025\/12\/05\/marcelo-calone-reage-a-compra-da-warner-bros-pela-netflix-e-diz-game-over-para-o-cinema-que-conhecemos\/\">\n                                        <span class=\"pxl--btn-icon\">\n                                            <span class=\"pxl-icon--plus\"><\/span>\n                                        <\/span>\n                                    <\/a>\n                                                            <\/div>\n\n                            <div class=\"pxl-item--holder\">\n                                <div class=\"pxl-item--content\">\n                                                                            <div class=\"pxl-item--category\">\n                                            <a href=\"https:\/\/calonegroup.com\/2026\/category\/marcia-piovesan\/\" rel=\"tag\">Marcia Piovesan<\/a> <a href=\"https:\/\/calonegroup.com\/2026\/category\/social\/\" rel=\"tag\">Social<\/a>                                        <\/div>\n                                                                                                                <div class=\"pxl-post--date\">\n                                            dez 05, 2025\n                                        <\/div>\n                                                                    <\/div>\n\n                                <h3 class=\"pxl-item--title\">\n                                    <a href=\"https:\/\/calonegroup.com\/2026\/2025\/12\/05\/marcelo-calone-reage-a-compra-da-warner-bros-pela-netflix-e-diz-game-over-para-o-cinema-que-conhecemos\/\">\n                                        Diretor Marcelo Calone reage \u00e0 compra da Warner Bros pela Netflix                                    <\/a>\n                                <\/h3>\n                            <\/div>\n                        <\/div>\n                    <\/div>\n                                        <div class=\"pxl-swiper-slide\">\n                            <div class=\"pxl-post--inner \" data-wow-delay=\"ms\" data-wow-duration=\"1.2s\">\n\n                               <div class=\"pxl-post--featured hover-imge-effect2\">\n                                <a href=\"https:\/\/calonegroup.com\/2026\/2025\/12\/02\/industrias-rossi-anuncia-cafu-como-rosto-da-marca-para-2026\/\">\n                                    <img loading=\"lazy\" decoding=\"async\" class=\"\" src=\"https:\/\/calonegroup.com\/2026\/wp-content\/uploads\/2025\/12\/grupo-calone-rossi.jpg\" width=\"800\" height=\"591\" alt=\"grupo-calone-rossi\" title=\"grupo-calone-rossi\" \/>                                <\/a>\n\n                                                                    <a class=\"btn btn-readmore d-flex\" href=\"https:\/\/calonegroup.com\/2026\/2025\/12\/02\/industrias-rossi-anuncia-cafu-como-rosto-da-marca-para-2026\/\">\n                                        <span class=\"pxl--btn-icon\">\n                                            <span class=\"pxl-icon--plus\"><\/span>\n                                        <\/span>\n                                    <\/a>\n                                                            <\/div>\n\n                            <div class=\"pxl-item--holder\">\n                                <div class=\"pxl-item--content\">\n                                                                            <div class=\"pxl-item--category\">\n                                            <a href=\"https:\/\/calonegroup.com\/2026\/category\/marcas\/\" rel=\"tag\">Marcas<\/a> <a href=\"https:\/\/calonegroup.com\/2026\/category\/personalidades\/\" rel=\"tag\">Personalidades<\/a>                                        <\/div>\n                                                                                                                <div class=\"pxl-post--date\">\n                                            dez 02, 2025\n                                        <\/div>\n                                                                    <\/div>\n\n                                <h3 class=\"pxl-item--title\">\n                                    <a href=\"https:\/\/calonegroup.com\/2026\/2025\/12\/02\/industrias-rossi-anuncia-cafu-como-rosto-da-marca-para-2026\/\">\n                                        Em sua primeira grande contrata\u00e7\u00e3o, Rossi usa Intelig\u00eancia de Dados do Grupo CALONE\u00ae para escolher Cafu                                    <\/a>\n                                <\/h3>\n                            <\/div>\n                        <\/div>\n                    <\/div>\n                                        <div class=\"pxl-swiper-slide\">\n                            <div class=\"pxl-post--inner \" data-wow-delay=\"ms\" data-wow-duration=\"1.2s\">\n\n                               <div class=\"pxl-post--featured hover-imge-effect2\">\n                                <a href=\"https:\/\/calonegroup.com\/2026\/2025\/11\/26\/marcelo-calone-celebra-legado-impacto-social-e-novos-horizontes-no-lancamento-do-livro-empreendedores-de-impacto\/\">\n                                    <img loading=\"lazy\" decoding=\"async\" class=\"\" src=\"https:\/\/calonegroup.com\/2026\/wp-content\/uploads\/2026\/02\/marcelo-calone2-12-800x591.jpg\" width=\"800\" height=\"591\" alt=\"marcelo calone2\" title=\"marcelo calone2\" \/>                                <\/a>\n\n                                                                    <a class=\"btn btn-readmore d-flex\" href=\"https:\/\/calonegroup.com\/2026\/2025\/11\/26\/marcelo-calone-celebra-legado-impacto-social-e-novos-horizontes-no-lancamento-do-livro-empreendedores-de-impacto\/\">\n                                        <span class=\"pxl--btn-icon\">\n                                            <span class=\"pxl-icon--plus\"><\/span>\n                                        <\/span>\n                                    <\/a>\n                                                            <\/div>\n\n                            <div class=\"pxl-item--holder\">\n                                <div class=\"pxl-item--content\">\n                                                                            <div class=\"pxl-item--category\">\n                                            <a href=\"https:\/\/calonegroup.com\/2026\/category\/jornal-de-brasilia\/\" rel=\"tag\">Jornal de Brasilia<\/a> <a href=\"https:\/\/calonegroup.com\/2026\/category\/personalidades\/\" rel=\"tag\">Personalidades<\/a>                                        <\/div>\n                                                                                                                <div class=\"pxl-post--date\">\n                                            nov 26, 2025\n                                        <\/div>\n                                                                    <\/div>\n\n                                <h3 class=\"pxl-item--title\">\n                                    <a href=\"https:\/\/calonegroup.com\/2026\/2025\/11\/26\/marcelo-calone-celebra-legado-impacto-social-e-novos-horizontes-no-lancamento-do-livro-empreendedores-de-impacto\/\">\n                                        Marcelo Calone celebra legado, impacto social e novos horizontes no lan\u00e7amento do livro Empreendedores de Impacto                                    <\/a>\n                                <\/h3>\n                            <\/div>\n                        <\/div>\n                    <\/div>\n                                        <div class=\"pxl-swiper-slide\">\n                            <div class=\"pxl-post--inner \" data-wow-delay=\"ms\" data-wow-duration=\"1.2s\">\n\n                               <div class=\"pxl-post--featured hover-imge-effect2\">\n                                <a href=\"https:\/\/calonegroup.com\/2026\/2025\/11\/19\/disruptalks-lanca-colecao-empreendedores-de-impacto-com-20-empresarios-e-suas-jornadas-inspiradoras\/\">\n                                    <img loading=\"lazy\" decoding=\"async\" class=\"\" src=\"https:\/\/calonegroup.com\/2026\/wp-content\/uploads\/2025\/11\/marcelo-calone-livro.jpg\" width=\"800\" height=\"591\" alt=\"marcelo calone livro\" title=\"marcelo calone livro\" \/>                                <\/a>\n\n                                                                    <a class=\"btn btn-readmore d-flex\" href=\"https:\/\/calonegroup.com\/2026\/2025\/11\/19\/disruptalks-lanca-colecao-empreendedores-de-impacto-com-20-empresarios-e-suas-jornadas-inspiradoras\/\">\n                                        <span class=\"pxl--btn-icon\">\n                                            <span class=\"pxl-icon--plus\"><\/span>\n                                        <\/span>\n                                    <\/a>\n                                                            <\/div>\n\n                            <div class=\"pxl-item--holder\">\n                                <div class=\"pxl-item--content\">\n                                                                            <div class=\"pxl-item--category\">\n                                            <a href=\"https:\/\/calonegroup.com\/2026\/category\/revista-kdea\/\" rel=\"tag\">Revista Kdea<\/a> <a href=\"https:\/\/calonegroup.com\/2026\/category\/social\/\" rel=\"tag\">Social<\/a>                                        <\/div>\n                                                                                                                <div class=\"pxl-post--date\">\n                                            nov 19, 2025\n                                        <\/div>\n                                                                    <\/div>\n\n                                <h3 class=\"pxl-item--title\">\n                                    <a href=\"https:\/\/calonegroup.com\/2026\/2025\/11\/19\/disruptalks-lanca-colecao-empreendedores-de-impacto-com-20-empresarios-e-suas-jornadas-inspiradoras\/\">\n                                        DISRUPTalks lan\u00e7a cole\u00e7\u00e3o &#8220;Empreendedores de Impacto&#8221; com Marcelo Calone                                    <\/a>\n                                <\/h3>\n                            <\/div>\n                        <\/div>\n                    <\/div>\n                                        <div class=\"pxl-swiper-slide\">\n                            <div class=\"pxl-post--inner \" data-wow-delay=\"ms\" data-wow-duration=\"1.2s\">\n\n                               <div class=\"pxl-post--featured hover-imge-effect2\">\n                                <a href=\"https:\/\/calonegroup.com\/2026\/2025\/11\/11\/episodio-137-marcelo-calone-no-podcast-gente-que-fala\/\">\n                                    <img loading=\"lazy\" decoding=\"async\" class=\"\" src=\"https:\/\/calonegroup.com\/2026\/wp-content\/uploads\/2025\/11\/marcelo-calone-no-podcast.jpg\" width=\"800\" height=\"591\" alt=\"marcelo-calone-no-podcast\" title=\"marcelo-calone-no-podcast\" \/>                                <\/a>\n\n                                                                    <a class=\"btn btn-readmore d-flex\" href=\"https:\/\/calonegroup.com\/2026\/2025\/11\/11\/episodio-137-marcelo-calone-no-podcast-gente-que-fala\/\">\n                                        <span class=\"pxl--btn-icon\">\n                                            <span class=\"pxl-icon--plus\"><\/span>\n                                        <\/span>\n                                    <\/a>\n                                                            <\/div>\n\n                            <div class=\"pxl-item--holder\">\n                                <div class=\"pxl-item--content\">\n                                                                            <div class=\"pxl-item--category\">\n                                            <a href=\"https:\/\/calonegroup.com\/2026\/category\/social\/\" rel=\"tag\">Social<\/a>                                        <\/div>\n                                                                                                                <div class=\"pxl-post--date\">\n                                            nov 11, 2025\n                                        <\/div>\n                                                                    <\/div>\n\n                                <h3 class=\"pxl-item--title\">\n                                    <a href=\"https:\/\/calonegroup.com\/2026\/2025\/11\/11\/episodio-137-marcelo-calone-no-podcast-gente-que-fala\/\">\n                                        Marcelo Calone: Desvendando a Neuroci\u00eancia dos Dados e o Futuro da Comunica\u00e7\u00e3o Digital                                    <\/a>\n                                <\/h3>\n                            <\/div>\n                        <\/div>\n                    <\/div>\n                                        <div class=\"pxl-swiper-slide\">\n                            <div class=\"pxl-post--inner \" data-wow-delay=\"ms\" data-wow-duration=\"1.2s\">\n\n                               <div class=\"pxl-post--featured hover-imge-effect2\">\n                                <a href=\"https:\/\/calonegroup.com\/2026\/2025\/11\/06\/marcelo-calone-transforma-biografias-de-famosos-em-projetos-alinhados-as-metas-da-onu\/\">\n                                    <img loading=\"lazy\" decoding=\"async\" class=\"\" src=\"https:\/\/calonegroup.com\/2026\/wp-content\/uploads\/2026\/02\/whatsapp-image-2025-11-06-at-15.28.02-800x591.jpg\" width=\"800\" height=\"591\" alt=\"whatsapp-image-2025-11-06-at-15.28.02\" title=\"whatsapp-image-2025-11-06-at-15.28.02\" \/>                                <\/a>\n\n                                                                    <a class=\"btn btn-readmore d-flex\" href=\"https:\/\/calonegroup.com\/2026\/2025\/11\/06\/marcelo-calone-transforma-biografias-de-famosos-em-projetos-alinhados-as-metas-da-onu\/\">\n                                        <span class=\"pxl--btn-icon\">\n                                            <span class=\"pxl-icon--plus\"><\/span>\n                                        <\/span>\n                                    <\/a>\n                                                            <\/div>\n\n                            <div class=\"pxl-item--holder\">\n                                <div class=\"pxl-item--content\">\n                                                                            <div class=\"pxl-item--category\">\n                                            <a href=\"https:\/\/calonegroup.com\/2026\/category\/globo\/\" rel=\"tag\">Globo<\/a> <a href=\"https:\/\/calonegroup.com\/2026\/category\/social\/\" rel=\"tag\">Social<\/a>                                        <\/div>\n                                                                                                                <div class=\"pxl-post--date\">\n                                            nov 06, 2025\n                                        <\/div>\n                                                                    <\/div>\n\n                                <h3 class=\"pxl-item--title\">\n                                    <a href=\"https:\/\/calonegroup.com\/2026\/2025\/11\/06\/marcelo-calone-transforma-biografias-de-famosos-em-projetos-alinhados-as-metas-da-onu\/\">\n                                        Marcelo Calone transforma biografias de famosos em projetos alinhados \u00e0s metas da ONU                                    <\/a>\n                                <\/h3>\n                            <\/div>\n                        <\/div>\n                    <\/div>\n                                        <div class=\"pxl-swiper-slide\">\n                            <div class=\"pxl-post--inner \" data-wow-delay=\"ms\" data-wow-duration=\"1.2s\">\n\n                               <div class=\"pxl-post--featured hover-imge-effect2\">\n                                <a href=\"https:\/\/calonegroup.com\/2026\/2025\/11\/05\/como-a-gestao-de-carreira-ajuda-celebridades-a-construirem-legados-duradouros\/\">\n                                    <img loading=\"lazy\" decoding=\"async\" class=\"\" src=\"https:\/\/calonegroup.com\/2026\/wp-content\/uploads\/2026\/02\/marcelo-calone2-1-800x591.jpg\" width=\"800\" height=\"591\" alt=\"marcelo calone2\" title=\"marcelo calone2\" \/>                                <\/a>\n\n                                                                    <a class=\"btn btn-readmore d-flex\" href=\"https:\/\/calonegroup.com\/2026\/2025\/11\/05\/como-a-gestao-de-carreira-ajuda-celebridades-a-construirem-legados-duradouros\/\">\n                                        <span class=\"pxl--btn-icon\">\n                                            <span class=\"pxl-icon--plus\"><\/span>\n                                        <\/span>\n                                    <\/a>\n                                                            <\/div>\n\n                            <div class=\"pxl-item--holder\">\n                                <div class=\"pxl-item--content\">\n                                                                            <div class=\"pxl-item--category\">\n                                            <a href=\"https:\/\/calonegroup.com\/2026\/category\/isto-e\/\" rel=\"tag\">Isto \u00c9<\/a> <a href=\"https:\/\/calonegroup.com\/2026\/category\/personalidades\/\" rel=\"tag\">Personalidades<\/a>                                        <\/div>\n                                                                                                                <div class=\"pxl-post--date\">\n                                            nov 05, 2025\n                                        <\/div>\n                                                                    <\/div>\n\n                                <h3 class=\"pxl-item--title\">\n                                    <a href=\"https:\/\/calonegroup.com\/2026\/2025\/11\/05\/como-a-gestao-de-carreira-ajuda-celebridades-a-construirem-legados-duradouros\/\">\n                                        Como a gest\u00e3o de carreira ajuda celebridades a constru\u00edrem legados duradouros                                    <\/a>\n                                <\/h3>\n                            <\/div>\n                        <\/div>\n                    <\/div>\n                                        <div class=\"pxl-swiper-slide\">\n                            <div class=\"pxl-post--inner \" data-wow-delay=\"ms\" data-wow-duration=\"1.2s\">\n\n                               <div class=\"pxl-post--featured hover-imge-effect2\">\n                                <a href=\"https:\/\/calonegroup.com\/2026\/2025\/11\/05\/entenda-como-a-gestao-de-carreira-ajuda-celebridades-a-construirem-legados-duradouros\/\">\n                                    <img loading=\"lazy\" decoding=\"async\" class=\"\" src=\"https:\/\/calonegroup.com\/2026\/wp-content\/uploads\/2025\/11\/marcelo-calone2-800x591.jpg\" width=\"800\" height=\"591\" alt=\"marcelo calone2\" title=\"marcelo calone2\" \/>                                <\/a>\n\n                                                                    <a class=\"btn btn-readmore d-flex\" href=\"https:\/\/calonegroup.com\/2026\/2025\/11\/05\/entenda-como-a-gestao-de-carreira-ajuda-celebridades-a-construirem-legados-duradouros\/\">\n                                        <span class=\"pxl--btn-icon\">\n                                            <span class=\"pxl-icon--plus\"><\/span>\n                                        <\/span>\n                                    <\/a>\n                                                            <\/div>\n\n                            <div class=\"pxl-item--holder\">\n                                <div class=\"pxl-item--content\">\n                                                                            <div class=\"pxl-item--category\">\n                                            <a href=\"https:\/\/calonegroup.com\/2026\/category\/o-globo\/\" rel=\"tag\">O Globo<\/a> <a href=\"https:\/\/calonegroup.com\/2026\/category\/personalidades\/\" rel=\"tag\">Personalidades<\/a>                                        <\/div>\n                                                                                                                <div class=\"pxl-post--date\">\n                                            nov 05, 2025\n                                        <\/div>\n                                                                    <\/div>\n\n                                <h3 class=\"pxl-item--title\">\n                                    <a href=\"https:\/\/calonegroup.com\/2026\/2025\/11\/05\/entenda-como-a-gestao-de-carreira-ajuda-celebridades-a-construirem-legados-duradouros\/\">\n                                        O empres\u00e1rio Marcelo Calone, respons\u00e1vel pela gest\u00e3o de Cafu, revelas os bastidores da expans\u00e3o da carreira do ex-atleta                                    <\/a>\n                                <\/h3>\n                            <\/div>\n                        <\/div>\n                    <\/div>\n                                        <div class=\"pxl-swiper-slide\">\n                            <div class=\"pxl-post--inner \" data-wow-delay=\"ms\" data-wow-duration=\"1.2s\">\n\n                               <div class=\"pxl-post--featured hover-imge-effect2\">\n                                <a href=\"https:\/\/calonegroup.com\/2026\/2025\/09\/20\/xeque-mate-a-nova-era-dos-negocios-publicitarios\/\">\n                                    <img loading=\"lazy\" decoding=\"async\" class=\"\" src=\"https:\/\/calonegroup.com\/2026\/wp-content\/uploads\/2026\/02\/marcelo-calone2-7-800x591.jpg\" width=\"800\" height=\"591\" alt=\"marcelo calone2\" title=\"marcelo calone2\" \/>                                <\/a>\n\n                                                                    <a class=\"btn btn-readmore d-flex\" href=\"https:\/\/calonegroup.com\/2026\/2025\/09\/20\/xeque-mate-a-nova-era-dos-negocios-publicitarios\/\">\n                                        <span class=\"pxl--btn-icon\">\n                                            <span class=\"pxl-icon--plus\"><\/span>\n                                        <\/span>\n                                    <\/a>\n                                                            <\/div>\n\n                            <div class=\"pxl-item--holder\">\n                                <div class=\"pxl-item--content\">\n                                                                            <div class=\"pxl-item--category\">\n                                            <a href=\"https:\/\/calonegroup.com\/2026\/category\/publicitarios-criativos\/\" rel=\"tag\">Publicit\u00e1rios Criativos<\/a> <a href=\"https:\/\/calonegroup.com\/2026\/category\/social\/\" rel=\"tag\">Social<\/a>                                        <\/div>\n                                                                                                                <div class=\"pxl-post--date\">\n                                            set 20, 2025\n                                        <\/div>\n                                                                    <\/div>\n\n                                <h3 class=\"pxl-item--title\">\n                                    <a href=\"https:\/\/calonegroup.com\/2026\/2025\/09\/20\/xeque-mate-a-nova-era-dos-negocios-publicitarios\/\">\n                                        Xeque Mate: A nova era dos neg\u00f3cios publicit\u00e1rios                                    <\/a>\n                                <\/h3>\n                            <\/div>\n                        <\/div>\n                    <\/div>\n                                        <div class=\"pxl-swiper-slide\">\n                            <div class=\"pxl-post--inner \" data-wow-delay=\"ms\" data-wow-duration=\"1.2s\">\n\n                               <div class=\"pxl-post--featured hover-imge-effect2\">\n                                <a href=\"https:\/\/calonegroup.com\/2026\/2025\/09\/18\/marcelo-calone-transforms-entertainment-through-data-intelligence\/\">\n                                    <img loading=\"lazy\" decoding=\"async\" class=\"\" src=\"https:\/\/calonegroup.com\/2026\/wp-content\/uploads\/2025\/09\/marcelo-calone2-800x591.jpg\" width=\"800\" height=\"591\" alt=\"marcelo calone2\" title=\"marcelo calone2\" \/>                                <\/a>\n\n                                                                    <a class=\"btn btn-readmore d-flex\" href=\"https:\/\/calonegroup.com\/2026\/2025\/09\/18\/marcelo-calone-transforms-entertainment-through-data-intelligence\/\">\n                                        <span class=\"pxl--btn-icon\">\n                                            <span class=\"pxl-icon--plus\"><\/span>\n                                        <\/span>\n                                    <\/a>\n                                                            <\/div>\n\n                            <div class=\"pxl-item--holder\">\n                                <div class=\"pxl-item--content\">\n                                                                            <div class=\"pxl-item--category\">\n                                            <a href=\"https:\/\/calonegroup.com\/2026\/category\/tecnologia\/\" rel=\"tag\">Tecnologia<\/a> <a href=\"https:\/\/calonegroup.com\/2026\/category\/usa-news\/\" rel=\"tag\">USA News<\/a>                                        <\/div>\n                                                                                                                <div class=\"pxl-post--date\">\n                                            set 18, 2025\n                                        <\/div>\n                                                                    <\/div>\n\n                                <h3 class=\"pxl-item--title\">\n                                    <a href=\"https:\/\/calonegroup.com\/2026\/2025\/09\/18\/marcelo-calone-transforms-entertainment-through-data-intelligence\/\">\n                                        Marcelo Calone Transforms Entertainment Through Data Intelligence                                    <\/a>\n                                <\/h3>\n                            <\/div>\n                        <\/div>\n                    <\/div>\n                                        <div class=\"pxl-swiper-slide\">\n                            <div class=\"pxl-post--inner \" data-wow-delay=\"ms\" data-wow-duration=\"1.2s\">\n\n                               <div class=\"pxl-post--featured hover-imge-effect2\">\n                                <a href=\"https:\/\/calonegroup.com\/2026\/2025\/09\/11\/de-cafu-a-claudia-rodrigues-marcelo-calone-une-cinema-e-inteligencia-de-dados-para-reposicionar-famosos\/\">\n                                    <img loading=\"lazy\" decoding=\"async\" class=\"\" src=\"https:\/\/calonegroup.com\/2026\/wp-content\/uploads\/2025\/09\/marcelo-calone2-3-800x591.jpg\" width=\"800\" height=\"591\" alt=\"marcelo calone2\" title=\"marcelo calone2\" \/>                                <\/a>\n\n                                                                    <a class=\"btn btn-readmore d-flex\" href=\"https:\/\/calonegroup.com\/2026\/2025\/09\/11\/de-cafu-a-claudia-rodrigues-marcelo-calone-une-cinema-e-inteligencia-de-dados-para-reposicionar-famosos\/\">\n                                        <span class=\"pxl--btn-icon\">\n                                            <span class=\"pxl-icon--plus\"><\/span>\n                                        <\/span>\n                                    <\/a>\n                                                            <\/div>\n\n                            <div class=\"pxl-item--holder\">\n                                <div class=\"pxl-item--content\">\n                                                                            <div class=\"pxl-item--category\">\n                                            <a href=\"https:\/\/calonegroup.com\/2026\/category\/extra\/\" rel=\"tag\">Extra<\/a> <a href=\"https:\/\/calonegroup.com\/2026\/category\/personalidades\/\" rel=\"tag\">Personalidades<\/a>                                        <\/div>\n                                                                                                                <div class=\"pxl-post--date\">\n                                            set 11, 2025\n                                        <\/div>\n                                                                    <\/div>\n\n                                <h3 class=\"pxl-item--title\">\n                                    <a href=\"https:\/\/calonegroup.com\/2026\/2025\/09\/11\/de-cafu-a-claudia-rodrigues-marcelo-calone-une-cinema-e-inteligencia-de-dados-para-reposicionar-famosos\/\">\n                                        De Cafu a Cl\u00e1udia Rodrigues: Marcelo Calone une cinema e intelig\u00eancia de dados para reposicionar famosos                                    <\/a>\n                                <\/h3>\n                            <\/div>\n                        <\/div>\n                    <\/div>\n                                        <div class=\"pxl-swiper-slide\">\n                            <div class=\"pxl-post--inner \" data-wow-delay=\"ms\" data-wow-duration=\"1.2s\">\n\n                               <div class=\"pxl-post--featured hover-imge-effect2\">\n                                <a href=\"https:\/\/calonegroup.com\/2026\/2025\/09\/11\/documentario-de-marcelo-calone-revela-o-lado-humano-por-tras-de-grandes-nomes\/\">\n                                    <img loading=\"lazy\" decoding=\"async\" class=\"\" src=\"https:\/\/calonegroup.com\/2026\/wp-content\/uploads\/2025\/09\/marcelo-calone2-2-800x591.jpg\" width=\"800\" height=\"591\" alt=\"marcelo calone2\" title=\"marcelo calone2\" \/>                                <\/a>\n\n                                                                    <a class=\"btn btn-readmore d-flex\" href=\"https:\/\/calonegroup.com\/2026\/2025\/09\/11\/documentario-de-marcelo-calone-revela-o-lado-humano-por-tras-de-grandes-nomes\/\">\n                                        <span class=\"pxl--btn-icon\">\n                                            <span class=\"pxl-icon--plus\"><\/span>\n                                        <\/span>\n                                    <\/a>\n                                                            <\/div>\n\n                            <div class=\"pxl-item--holder\">\n                                <div class=\"pxl-item--content\">\n                                                                            <div class=\"pxl-item--category\">\n                                            <a href=\"https:\/\/calonegroup.com\/2026\/category\/isto-e\/\" rel=\"tag\">Isto \u00c9<\/a> <a href=\"https:\/\/calonegroup.com\/2026\/category\/social\/\" rel=\"tag\">Social<\/a>                                        <\/div>\n                                                                                                                <div class=\"pxl-post--date\">\n                                            set 11, 2025\n                                        <\/div>\n                                                                    <\/div>\n\n                                <h3 class=\"pxl-item--title\">\n                                    <a href=\"https:\/\/calonegroup.com\/2026\/2025\/09\/11\/documentario-de-marcelo-calone-revela-o-lado-humano-por-tras-de-grandes-nomes\/\">\n                                        Document\u00e1rio de Marcelo Calone revela o lado humano por tr\u00e1s de grandes nomes                                    <\/a>\n                                <\/h3>\n                            <\/div>\n                        <\/div>\n                    <\/div>\n                                        <div class=\"pxl-swiper-slide\">\n                            <div class=\"pxl-post--inner \" data-wow-delay=\"ms\" data-wow-duration=\"1.2s\">\n\n                               <div class=\"pxl-post--featured hover-imge-effect2\">\n                                <a href=\"https:\/\/calonegroup.com\/2026\/2025\/07\/31\/voce-viu-marcelo-calone-anuncia-megaoperacao-com-famosos-dos-eua-e-da-europa\/\">\n                                    <img loading=\"lazy\" decoding=\"async\" class=\"\" src=\"https:\/\/calonegroup.com\/2026\/wp-content\/uploads\/2026\/02\/marcelo-calone2-10-800x591.jpg\" width=\"800\" height=\"591\" alt=\"marcelo calone2\" title=\"marcelo calone2\" \/>                                <\/a>\n\n                                                                    <a class=\"btn btn-readmore d-flex\" href=\"https:\/\/calonegroup.com\/2026\/2025\/07\/31\/voce-viu-marcelo-calone-anuncia-megaoperacao-com-famosos-dos-eua-e-da-europa\/\">\n                                        <span class=\"pxl--btn-icon\">\n                                            <span class=\"pxl-icon--plus\"><\/span>\n                                        <\/span>\n                                    <\/a>\n                                                            <\/div>\n\n                            <div class=\"pxl-item--holder\">\n                                <div class=\"pxl-item--content\">\n                                                                            <div class=\"pxl-item--category\">\n                                            <a href=\"https:\/\/calonegroup.com\/2026\/category\/personalidades\/\" rel=\"tag\">Personalidades<\/a> <a href=\"https:\/\/calonegroup.com\/2026\/category\/uai\/\" rel=\"tag\">UAI<\/a>                                        <\/div>\n                                                                                                                <div class=\"pxl-post--date\">\n                                            jul 31, 2025\n                                        <\/div>\n                                                                    <\/div>\n\n                                <h3 class=\"pxl-item--title\">\n                                    <a href=\"https:\/\/calonegroup.com\/2026\/2025\/07\/31\/voce-viu-marcelo-calone-anuncia-megaoperacao-com-famosos-dos-eua-e-da-europa\/\">\n                                        Marcelo Calone anuncia megaopera\u00e7\u00e3o com famosos dos EUA e da Europa                                    <\/a>\n                                <\/h3>\n                            <\/div>\n                        <\/div>\n                    <\/div>\n                                        <div class=\"pxl-swiper-slide\">\n                            <div class=\"pxl-post--inner \" data-wow-delay=\"ms\" data-wow-duration=\"1.2s\">\n\n                               <div class=\"pxl-post--featured hover-imge-effect2\">\n                                <a href=\"https:\/\/calonegroup.com\/2026\/2025\/06\/11\/gilberto-silva-fara-parte-do-grupo-de-estudos-da-fifa-na-copa-do-mundo-de-clubes\/\">\n                                    <img loading=\"lazy\" decoding=\"async\" class=\"\" src=\"https:\/\/calonegroup.com\/2026\/wp-content\/uploads\/2026\/02\/gilberto-silva-copa-fifa-grupo-calone-800x591.png\" width=\"800\" height=\"591\" alt=\"gilberto silva copa fifa grupo calone\" title=\"gilberto silva copa fifa grupo calone\" \/>                                <\/a>\n\n                                                                    <a class=\"btn btn-readmore d-flex\" href=\"https:\/\/calonegroup.com\/2026\/2025\/06\/11\/gilberto-silva-fara-parte-do-grupo-de-estudos-da-fifa-na-copa-do-mundo-de-clubes\/\">\n                                        <span class=\"pxl--btn-icon\">\n                                            <span class=\"pxl-icon--plus\"><\/span>\n                                        <\/span>\n                                    <\/a>\n                                                            <\/div>\n\n                            <div class=\"pxl-item--holder\">\n                                <div class=\"pxl-item--content\">\n                                                                            <div class=\"pxl-item--category\">\n                                            <a href=\"https:\/\/calonegroup.com\/2026\/category\/globo-esporte\/\" rel=\"tag\">Globo Esporte<\/a> <a href=\"https:\/\/calonegroup.com\/2026\/category\/personalidades\/\" rel=\"tag\">Personalidades<\/a>                                        <\/div>\n                                                                                                                <div class=\"pxl-post--date\">\n                                            jun 11, 2025\n                                        <\/div>\n                                                                    <\/div>\n\n                                <h3 class=\"pxl-item--title\">\n                                    <a href=\"https:\/\/calonegroup.com\/2026\/2025\/06\/11\/gilberto-silva-fara-parte-do-grupo-de-estudos-da-fifa-na-copa-do-mundo-de-clubes\/\">\n                                        Grupo CALONE\u00ae Negocia Gilberto Silva para Comiss\u00e3o de An\u00e1lise T\u00e9cnica da Fifa na Copa do Mundo de Clubes                                    <\/a>\n                                <\/h3>\n                            <\/div>\n                        <\/div>\n                    <\/div>\n                                        <div class=\"pxl-swiper-slide\">\n                            <div class=\"pxl-post--inner \" data-wow-delay=\"ms\" data-wow-duration=\"1.2s\">\n\n                               <div class=\"pxl-post--featured hover-imge-effect2\">\n                                <a href=\"https:\/\/calonegroup.com\/2026\/2025\/03\/06\/marcelo-calone-120-podcast-papo-descontraido\/\">\n                                    <img loading=\"lazy\" decoding=\"async\" class=\"\" src=\"https:\/\/calonegroup.com\/2026\/wp-content\/uploads\/2025\/03\/marcelo-calone-papo-descontraido.jpg\" width=\"800\" height=\"591\" alt=\"marcelo-calone-papo-descontraido\" title=\"marcelo-calone-papo-descontraido\" \/>                                <\/a>\n\n                                                                    <a class=\"btn btn-readmore d-flex\" href=\"https:\/\/calonegroup.com\/2026\/2025\/03\/06\/marcelo-calone-120-podcast-papo-descontraido\/\">\n                                        <span class=\"pxl--btn-icon\">\n                                            <span class=\"pxl-icon--plus\"><\/span>\n                                        <\/span>\n                                    <\/a>\n                                                            <\/div>\n\n                            <div class=\"pxl-item--holder\">\n                                <div class=\"pxl-item--content\">\n                                                                            <div class=\"pxl-item--category\">\n                                            <a href=\"https:\/\/calonegroup.com\/2026\/category\/podcast\/\" rel=\"tag\">Podcast<\/a> <a href=\"https:\/\/calonegroup.com\/2026\/category\/social\/\" rel=\"tag\">Social<\/a>                                        <\/div>\n                                                                                                                <div class=\"pxl-post--date\">\n                                            mar 06, 2025\n                                        <\/div>\n                                                                    <\/div>\n\n                                <h3 class=\"pxl-item--title\">\n                                    <a href=\"https:\/\/calonegroup.com\/2026\/2025\/03\/06\/marcelo-calone-120-podcast-papo-descontraido\/\">\n                                        Princ\u00edpios e valores que fundamentam o Grupo CALONE\u00ae                                    <\/a>\n                                <\/h3>\n                            <\/div>\n                        <\/div>\n                    <\/div>\n                                        <div class=\"pxl-swiper-slide\">\n                            <div class=\"pxl-post--inner \" data-wow-delay=\"ms\" data-wow-duration=\"1.2s\">\n\n                               <div class=\"pxl-post--featured hover-imge-effect2\">\n                                <a href=\"https:\/\/calonegroup.com\/2026\/2025\/02\/21\/cafu-vira-embaixador-de-mais-um-patrocinador-do-sao-paulo\/\">\n                                    <img loading=\"lazy\" decoding=\"async\" class=\"\" src=\"https:\/\/calonegroup.com\/2026\/wp-content\/uploads\/2026\/02\/CAFU-ELGIN-MAQUINA-DO-ESPORTE-GRUPO-CALONE-800x591.png\" width=\"800\" height=\"591\" alt=\"CAFU ELGIN MAQUINA DO ESPORTE GRUPO CALONE\" title=\"CAFU ELGIN MAQUINA DO ESPORTE GRUPO CALONE\" \/>                                <\/a>\n\n                                                                    <a class=\"btn btn-readmore d-flex\" href=\"https:\/\/calonegroup.com\/2026\/2025\/02\/21\/cafu-vira-embaixador-de-mais-um-patrocinador-do-sao-paulo\/\">\n                                        <span class=\"pxl--btn-icon\">\n                                            <span class=\"pxl-icon--plus\"><\/span>\n                                        <\/span>\n                                    <\/a>\n                                                            <\/div>\n\n                            <div class=\"pxl-item--holder\">\n                                <div class=\"pxl-item--content\">\n                                                                            <div class=\"pxl-item--category\">\n                                            <a href=\"https:\/\/calonegroup.com\/2026\/category\/maquina-do-esporte\/\" rel=\"tag\">Maquina do Esporte<\/a> <a href=\"https:\/\/calonegroup.com\/2026\/category\/personalidades\/\" rel=\"tag\">Personalidades<\/a>                                        <\/div>\n                                                                                                                <div class=\"pxl-post--date\">\n                                            fev 21, 2025\n                                        <\/div>\n                                                                    <\/div>\n\n                                <h3 class=\"pxl-item--title\">\n                                    <a href=\"https:\/\/calonegroup.com\/2026\/2025\/02\/21\/cafu-vira-embaixador-de-mais-um-patrocinador-do-sao-paulo\/\">\n                                        Atrav\u00e9s da gest\u00e3o do Grupo CALONE\u00ae, Cafu vira embaixador de mais um patrocinador do S\u00e3o Paulo                                    <\/a>\n                                <\/h3>\n                            <\/div>\n                        <\/div>\n                    <\/div>\n                                        <div class=\"pxl-swiper-slide\">\n                            <div class=\"pxl-post--inner \" data-wow-delay=\"ms\" data-wow-duration=\"1.2s\">\n\n                               <div class=\"pxl-post--featured hover-imge-effect2\">\n                                <a href=\"https:\/\/calonegroup.com\/2026\/2025\/02\/10\/100-jardim-doha-embaixador-do-mundial-cafu-repete-gesto-de-2002-com-a-taca-da-copa-do-mundo\/\">\n                                    <img loading=\"lazy\" decoding=\"async\" class=\"\" src=\"https:\/\/calonegroup.com\/2026\/wp-content\/uploads\/2025\/02\/cafu-taca.jpg\" width=\"800\" height=\"591\" alt=\"cafu taca\" title=\"cafu taca\" \/>                                <\/a>\n\n                                                                    <a class=\"btn btn-readmore d-flex\" href=\"https:\/\/calonegroup.com\/2026\/2025\/02\/10\/100-jardim-doha-embaixador-do-mundial-cafu-repete-gesto-de-2002-com-a-taca-da-copa-do-mundo\/\">\n                                        <span class=\"pxl--btn-icon\">\n                                            <span class=\"pxl-icon--plus\"><\/span>\n                                        <\/span>\n                                    <\/a>\n                                                            <\/div>\n\n                            <div class=\"pxl-item--holder\">\n                                <div class=\"pxl-item--content\">\n                                                                            <div class=\"pxl-item--category\">\n                                            <a href=\"https:\/\/calonegroup.com\/2026\/category\/globo-esporte\/\" rel=\"tag\">Globo Esporte<\/a> <a href=\"https:\/\/calonegroup.com\/2026\/category\/personalidades\/\" rel=\"tag\">Personalidades<\/a>                                        <\/div>\n                                                                                                                <div class=\"pxl-post--date\">\n                                            fev 10, 2025\n                                        <\/div>\n                                                                    <\/div>\n\n                                <h3 class=\"pxl-item--title\">\n                                    <a href=\"https:\/\/calonegroup.com\/2026\/2025\/02\/10\/100-jardim-doha-embaixador-do-mundial-cafu-repete-gesto-de-2002-com-a-taca-da-copa-do-mundo\/\">\n                                        Como Gest\u00e3o Executiva tranformou Cafu em ativo comercial no Oriente M\u00e9dio                                    <\/a>\n                                <\/h3>\n                            <\/div>\n                        <\/div>\n                    <\/div>\n                                        <div class=\"pxl-swiper-slide\">\n                            <div class=\"pxl-post--inner \" data-wow-delay=\"ms\" data-wow-duration=\"1.2s\">\n\n                               <div class=\"pxl-post--featured hover-imge-effect2\">\n                                <a href=\"https:\/\/calonegroup.com\/2026\/2024\/10\/10\/marcelo-calone-no-querido-podcast-47\/\">\n                                    <img loading=\"lazy\" decoding=\"async\" class=\"\" src=\"https:\/\/calonegroup.com\/2026\/wp-content\/uploads\/2024\/10\/marcelo-calone-no-querido-podcast.jpg\" width=\"800\" height=\"591\" alt=\"marcelo-calone-no-querido-podcast\" title=\"marcelo-calone-no-querido-podcast\" \/>                                <\/a>\n\n                                                                    <a class=\"btn btn-readmore d-flex\" href=\"https:\/\/calonegroup.com\/2026\/2024\/10\/10\/marcelo-calone-no-querido-podcast-47\/\">\n                                        <span class=\"pxl--btn-icon\">\n                                            <span class=\"pxl-icon--plus\"><\/span>\n                                        <\/span>\n                                    <\/a>\n                                                            <\/div>\n\n                            <div class=\"pxl-item--holder\">\n                                <div class=\"pxl-item--content\">\n                                                                            <div class=\"pxl-item--category\">\n                                            <a href=\"https:\/\/calonegroup.com\/2026\/category\/podcast\/\" rel=\"tag\">Podcast<\/a> <a href=\"https:\/\/calonegroup.com\/2026\/category\/social\/\" rel=\"tag\">Social<\/a>                                        <\/div>\n                                                                                                                <div class=\"pxl-post--date\">\n                                            out 10, 2024\n                                        <\/div>\n                                                                    <\/div>\n\n                                <h3 class=\"pxl-item--title\">\n                                    <a href=\"https:\/\/calonegroup.com\/2026\/2024\/10\/10\/marcelo-calone-no-querido-podcast-47\/\">\n                                        Como um conflito profissional fez Marcelo Calone criar a principal tecnologia do mercado publicit\u00e1rio                                    <\/a>\n                                <\/h3>\n                            <\/div>\n                        <\/div>\n                    <\/div>\n                                        <div class=\"pxl-swiper-slide\">\n                            <div class=\"pxl-post--inner \" data-wow-delay=\"ms\" data-wow-duration=\"1.2s\">\n\n                               <div class=\"pxl-post--featured hover-imge-effect2\">\n                                <a href=\"https:\/\/calonegroup.com\/2026\/2024\/06\/15\/jogadinha-do-paqueta-seria-o-lucas-um-robin-hood-do-futebol\/\">\n                                    <img loading=\"lazy\" decoding=\"async\" class=\"\" src=\"https:\/\/calonegroup.com\/2026\/wp-content\/uploads\/2026\/02\/marcelo-calone2-25-800x591.jpg\" width=\"800\" height=\"591\" alt=\"marcelo calone2\" title=\"marcelo calone2\" \/>                                <\/a>\n\n                                                                    <a class=\"btn btn-readmore d-flex\" href=\"https:\/\/calonegroup.com\/2026\/2024\/06\/15\/jogadinha-do-paqueta-seria-o-lucas-um-robin-hood-do-futebol\/\">\n                                        <span class=\"pxl--btn-icon\">\n                                            <span class=\"pxl-icon--plus\"><\/span>\n                                        <\/span>\n                                    <\/a>\n                                                            <\/div>\n\n                            <div class=\"pxl-item--holder\">\n                                <div class=\"pxl-item--content\">\n                                                                            <div class=\"pxl-item--category\">\n                                            <a href=\"https:\/\/calonegroup.com\/2026\/category\/ana-maria\/\" rel=\"tag\">Ana Maria<\/a> <a href=\"https:\/\/calonegroup.com\/2026\/category\/personalidades\/\" rel=\"tag\">Personalidades<\/a>                                        <\/div>\n                                                                                                                <div class=\"pxl-post--date\">\n                                            jun 15, 2024\n                                        <\/div>\n                                                                    <\/div>\n\n                                <h3 class=\"pxl-item--title\">\n                                    <a href=\"https:\/\/calonegroup.com\/2026\/2024\/06\/15\/jogadinha-do-paqueta-seria-o-lucas-um-robin-hood-do-futebol\/\">\n                                        Caso Paquet\u00e1: Tecnologia DBIPro\u00a9 desvenda e revela o que realmente aconteceu                                    <\/a>\n                                <\/h3>\n                            <\/div>\n                        <\/div>\n                    <\/div>\n                                        <div class=\"pxl-swiper-slide\">\n                            <div class=\"pxl-post--inner \" data-wow-delay=\"ms\" data-wow-duration=\"1.2s\">\n\n                               <div class=\"pxl-post--featured hover-imge-effect2\">\n                                <a href=\"https:\/\/calonegroup.com\/2026\/2024\/05\/02\/232-de-dancarino-a-lider-visionario-a-jornada-inspiradora-do-empreendedor-que-desafia-limites\/\">\n                                    <img loading=\"lazy\" decoding=\"async\" class=\"\" src=\"https:\/\/calonegroup.com\/2026\/wp-content\/uploads\/2024\/05\/homems-de-prata-marcelo-calone.jpg\" width=\"800\" height=\"591\" alt=\"homems-de-prata-marcelo-calone\" title=\"homems-de-prata-marcelo-calone\" \/>                                <\/a>\n\n                                                                    <a class=\"btn btn-readmore d-flex\" href=\"https:\/\/calonegroup.com\/2026\/2024\/05\/02\/232-de-dancarino-a-lider-visionario-a-jornada-inspiradora-do-empreendedor-que-desafia-limites\/\">\n                                        <span class=\"pxl--btn-icon\">\n                                            <span class=\"pxl-icon--plus\"><\/span>\n                                        <\/span>\n                                    <\/a>\n                                                            <\/div>\n\n                            <div class=\"pxl-item--holder\">\n                                <div class=\"pxl-item--content\">\n                                                                            <div class=\"pxl-item--category\">\n                                            <a href=\"https:\/\/calonegroup.com\/2026\/category\/podcast\/\" rel=\"tag\">Podcast<\/a> <a href=\"https:\/\/calonegroup.com\/2026\/category\/social\/\" rel=\"tag\">Social<\/a>                                        <\/div>\n                                                                                                                <div class=\"pxl-post--date\">\n                                            maio 02, 2024\n                                        <\/div>\n                                                                    <\/div>\n\n                                <h3 class=\"pxl-item--title\">\n                                    <a href=\"https:\/\/calonegroup.com\/2026\/2024\/05\/02\/232-de-dancarino-a-lider-visionario-a-jornada-inspiradora-do-empreendedor-que-desafia-limites\/\">\n                                        Marcelo Calone: promovendo uma cultura empresarial consciente e respons\u00e1vel                                    <\/a>\n                                <\/h3>\n                            <\/div>\n                        <\/div>\n                    <\/div>\n                                        <div class=\"pxl-swiper-slide\">\n                            <div class=\"pxl-post--inner \" data-wow-delay=\"ms\" data-wow-duration=\"1.2s\">\n\n                               <div class=\"pxl-post--featured hover-imge-effect2\">\n                                <a href=\"https:\/\/calonegroup.com\/2026\/2024\/05\/01\/marcelo-calone-podcast-expo-empreendedor\/\">\n                                    <img loading=\"lazy\" decoding=\"async\" class=\"\" src=\"https:\/\/calonegroup.com\/2026\/wp-content\/uploads\/2024\/05\/podcast-expo-empreendedor-marcelo-calone.jpg\" width=\"800\" height=\"591\" alt=\"podcast-expo-empreendedor-marcelo-calone\" title=\"podcast-expo-empreendedor-marcelo-calone\" \/>                                <\/a>\n\n                                                                    <a class=\"btn btn-readmore d-flex\" href=\"https:\/\/calonegroup.com\/2026\/2024\/05\/01\/marcelo-calone-podcast-expo-empreendedor\/\">\n                                        <span class=\"pxl--btn-icon\">\n                                            <span class=\"pxl-icon--plus\"><\/span>\n                                        <\/span>\n                                    <\/a>\n                                                            <\/div>\n\n                            <div class=\"pxl-item--holder\">\n                                <div class=\"pxl-item--content\">\n                                                                            <div class=\"pxl-item--category\">\n                                            <a href=\"https:\/\/calonegroup.com\/2026\/category\/podcast\/\" rel=\"tag\">Podcast<\/a> <a href=\"https:\/\/calonegroup.com\/2026\/category\/tecnologia\/\" rel=\"tag\">Tecnologia<\/a>                                        <\/div>\n                                                                                                                <div class=\"pxl-post--date\">\n                                            maio 01, 2024\n                                        <\/div>\n                                                                    <\/div>\n\n                                <h3 class=\"pxl-item--title\">\n                                    <a href=\"https:\/\/calonegroup.com\/2026\/2024\/05\/01\/marcelo-calone-podcast-expo-empreendedor\/\">\n                                        Marcelo Calone sobre combater estere\u00f3tipos e preconceitos relacionados \u00e0 idade e seus compostos                                    <\/a>\n                                <\/h3>\n                            <\/div>\n                        <\/div>\n                    <\/div>\n                                        <div class=\"pxl-swiper-slide\">\n                            <div class=\"pxl-post--inner \" data-wow-delay=\"ms\" data-wow-duration=\"1.2s\">\n\n                               <div class=\"pxl-post--featured hover-imge-effect2\">\n                                <a href=\"https:\/\/calonegroup.com\/2026\/2024\/04\/26\/morumbi-vai-mudar-de-nome-mondelez-e-sao-paulo-fecham-acordo-e-estadio-sera-morumbis-ate-2026\/\">\n                                    <img loading=\"lazy\" decoding=\"async\" class=\"\" src=\"https:\/\/calonegroup.com\/2026\/wp-content\/uploads\/2023\/12\/morumbis.jpg\" width=\"800\" height=\"591\" alt=\"morumbis\" title=\"morumbis\" \/>                                <\/a>\n\n                                                                    <a class=\"btn btn-readmore d-flex\" href=\"https:\/\/calonegroup.com\/2026\/2024\/04\/26\/morumbi-vai-mudar-de-nome-mondelez-e-sao-paulo-fecham-acordo-e-estadio-sera-morumbis-ate-2026\/\">\n                                        <span class=\"pxl--btn-icon\">\n                                            <span class=\"pxl-icon--plus\"><\/span>\n                                        <\/span>\n                                    <\/a>\n                                                            <\/div>\n\n                            <div class=\"pxl-item--holder\">\n                                <div class=\"pxl-item--content\">\n                                                                            <div class=\"pxl-item--category\">\n                                            <a href=\"https:\/\/calonegroup.com\/2026\/category\/exame\/\" rel=\"tag\">Exame<\/a> <a href=\"https:\/\/calonegroup.com\/2026\/category\/personalidades\/\" rel=\"tag\">Personalidades<\/a>                                        <\/div>\n                                                                                                                <div class=\"pxl-post--date\">\n                                            abr 26, 2024\n                                        <\/div>\n                                                                    <\/div>\n\n                                <h3 class=\"pxl-item--title\">\n                                    <a href=\"https:\/\/calonegroup.com\/2026\/2024\/04\/26\/morumbi-vai-mudar-de-nome-mondelez-e-sao-paulo-fecham-acordo-e-estadio-sera-morumbis-ate-2026\/\">\n                                        Report DBIPro: Mondel\u0113z e S\u00e3o Paulo fecham acordo e est\u00e1dio ser\u00e1 MorumBis at\u00e9 2026                                    <\/a>\n                                <\/h3>\n                            <\/div>\n                        <\/div>\n                    <\/div>\n                                        <div class=\"pxl-swiper-slide\">\n                            <div class=\"pxl-post--inner \" data-wow-delay=\"ms\" data-wow-duration=\"1.2s\">\n\n                               <div class=\"pxl-post--featured hover-imge-effect2\">\n                                <a href=\"https:\/\/calonegroup.com\/2026\/2024\/01\/26\/alesp-em-pauta-debate-sobre-as-inovacoes-de-tecnologia-em-educacao-em-sao-paulo\/\">\n                                    <img loading=\"lazy\" decoding=\"async\" class=\"\" src=\"https:\/\/calonegroup.com\/2026\/wp-content\/uploads\/2024\/01\/alesp-marcelo-calone.jpg\" width=\"800\" height=\"591\" alt=\"alesp-marcelo-calone\" title=\"alesp-marcelo-calone\" \/>                                <\/a>\n\n                                                                    <a class=\"btn btn-readmore d-flex\" href=\"https:\/\/calonegroup.com\/2026\/2024\/01\/26\/alesp-em-pauta-debate-sobre-as-inovacoes-de-tecnologia-em-educacao-em-sao-paulo\/\">\n                                        <span class=\"pxl--btn-icon\">\n                                            <span class=\"pxl-icon--plus\"><\/span>\n                                        <\/span>\n                                    <\/a>\n                                                            <\/div>\n\n                            <div class=\"pxl-item--holder\">\n                                <div class=\"pxl-item--content\">\n                                                                            <div class=\"pxl-item--category\">\n                                            <a href=\"https:\/\/calonegroup.com\/2026\/category\/alesp\/\" rel=\"tag\">ALESP<\/a> <a href=\"https:\/\/calonegroup.com\/2026\/category\/tecnologia\/\" rel=\"tag\">Tecnologia<\/a>                                        <\/div>\n                                                                                                                <div class=\"pxl-post--date\">\n                                            jan 26, 2024\n                                        <\/div>\n                                                                    <\/div>\n\n                                <h3 class=\"pxl-item--title\">\n                                    <a href=\"https:\/\/calonegroup.com\/2026\/2024\/01\/26\/alesp-em-pauta-debate-sobre-as-inovacoes-de-tecnologia-em-educacao-em-sao-paulo\/\">\n                                        Software DBIPro: Inova\u00e7\u00f5es de tecnologia em S\u00e3o Paulo na Alesp em Pauta                                    <\/a>\n                                <\/h3>\n                            <\/div>\n                        <\/div>\n                    <\/div>\n                                        <div class=\"pxl-swiper-slide\">\n                            <div class=\"pxl-post--inner \" data-wow-delay=\"ms\" data-wow-duration=\"1.2s\">\n\n                               <div class=\"pxl-post--featured hover-imge-effect2\">\n                                <a href=\"https:\/\/calonegroup.com\/2026\/2023\/12\/26\/empresa-oficializa-acordo-com-o-sao-paulo-e-anuncia-compra-dos-naming-rights-do-morumbi-que-mudara-de-nome\/\">\n                                    <img loading=\"lazy\" decoding=\"async\" class=\"\" src=\"https:\/\/calonegroup.com\/2026\/wp-content\/uploads\/2023\/12\/morumbis-1.jpg\" width=\"800\" height=\"591\" alt=\"morumbis\" title=\"morumbis\" \/>                                <\/a>\n\n                                                                    <a class=\"btn btn-readmore d-flex\" href=\"https:\/\/calonegroup.com\/2026\/2023\/12\/26\/empresa-oficializa-acordo-com-o-sao-paulo-e-anuncia-compra-dos-naming-rights-do-morumbi-que-mudara-de-nome\/\">\n                                        <span class=\"pxl--btn-icon\">\n                                            <span class=\"pxl-icon--plus\"><\/span>\n                                        <\/span>\n                                    <\/a>\n                                                            <\/div>\n\n                            <div class=\"pxl-item--holder\">\n                                <div class=\"pxl-item--content\">\n                                                                            <div class=\"pxl-item--category\">\n                                            <a href=\"https:\/\/calonegroup.com\/2026\/category\/espn\/\" rel=\"tag\">ESPN<\/a> <a href=\"https:\/\/calonegroup.com\/2026\/category\/marcas\/\" rel=\"tag\">Marcas<\/a>                                        <\/div>\n                                                                                                                <div class=\"pxl-post--date\">\n                                            dez 26, 2023\n                                        <\/div>\n                                                                    <\/div>\n\n                                <h3 class=\"pxl-item--title\">\n                                    <a href=\"https:\/\/calonegroup.com\/2026\/2023\/12\/26\/empresa-oficializa-acordo-com-o-sao-paulo-e-anuncia-compra-dos-naming-rights-do-morumbi-que-mudara-de-nome\/\">\n                                        Empresa oficializa acordo com o S\u00e3o Paulo e anuncia compra dos naming rights do Morumbi usando a Tecnologia DBIPro                                    <\/a>\n                                <\/h3>\n                            <\/div>\n                        <\/div>\n                    <\/div>\n                                        <div class=\"pxl-swiper-slide\">\n                            <div class=\"pxl-post--inner \" data-wow-delay=\"ms\" data-wow-duration=\"1.2s\">\n\n                               <div class=\"pxl-post--featured hover-imge-effect2\">\n                                <a href=\"https:\/\/calonegroup.com\/2026\/2023\/10\/11\/oestecast-69-i-marcelo-calone\/\">\n                                    <img loading=\"lazy\" decoding=\"async\" class=\"\" src=\"https:\/\/calonegroup.com\/2026\/wp-content\/uploads\/2023\/10\/oestcast-marcelo-calone.jpg\" width=\"800\" height=\"591\" alt=\"oestcast-marcelo-calone\" title=\"oestcast-marcelo-calone\" \/>                                <\/a>\n\n                                                                    <a class=\"btn btn-readmore d-flex\" href=\"https:\/\/calonegroup.com\/2026\/2023\/10\/11\/oestecast-69-i-marcelo-calone\/\">\n                                        <span class=\"pxl--btn-icon\">\n                                            <span class=\"pxl-icon--plus\"><\/span>\n                                        <\/span>\n                                    <\/a>\n                                                            <\/div>\n\n                            <div class=\"pxl-item--holder\">\n                                <div class=\"pxl-item--content\">\n                                                                            <div class=\"pxl-item--category\">\n                                            <a href=\"https:\/\/calonegroup.com\/2026\/category\/podcast\/\" rel=\"tag\">Podcast<\/a> <a href=\"https:\/\/calonegroup.com\/2026\/category\/tecnologia\/\" rel=\"tag\">Tecnologia<\/a>                                        <\/div>\n                                                                                                                <div class=\"pxl-post--date\">\n                                            out 11, 2023\n                                        <\/div>\n                                                                    <\/div>\n\n                                <h3 class=\"pxl-item--title\">\n                                    <a href=\"https:\/\/calonegroup.com\/2026\/2023\/10\/11\/oestecast-69-i-marcelo-calone\/\">\n                                        Marcelo Calone fala sobre a intelig\u00eancia humana e artificial no OestCast                                    <\/a>\n                                <\/h3>\n                            <\/div>\n                        <\/div>\n                    <\/div>\n                                        <div class=\"pxl-swiper-slide\">\n                            <div class=\"pxl-post--inner \" data-wow-delay=\"ms\" data-wow-duration=\"1.2s\">\n\n                               <div class=\"pxl-post--featured hover-imge-effect2\">\n                                <a href=\"https:\/\/calonegroup.com\/2026\/2023\/10\/04\/historia-de-vida-de-marcelo-calone-talento\/\">\n                                    <img loading=\"lazy\" decoding=\"async\" class=\"\" src=\"https:\/\/calonegroup.com\/2026\/wp-content\/uploads\/2023\/10\/marcelo-calonbe.jpg\" width=\"800\" height=\"591\" alt=\"marcelo-calonbe\" title=\"marcelo-calonbe\" \/>                                <\/a>\n\n                                                                    <a class=\"btn btn-readmore d-flex\" href=\"https:\/\/calonegroup.com\/2026\/2023\/10\/04\/historia-de-vida-de-marcelo-calone-talento\/\">\n                                        <span class=\"pxl--btn-icon\">\n                                            <span class=\"pxl-icon--plus\"><\/span>\n                                        <\/span>\n                                    <\/a>\n                                                            <\/div>\n\n                            <div class=\"pxl-item--holder\">\n                                <div class=\"pxl-item--content\">\n                                                                            <div class=\"pxl-item--category\">\n                                            <a href=\"https:\/\/calonegroup.com\/2026\/category\/podcast\/\" rel=\"tag\">Podcast<\/a> <a href=\"https:\/\/calonegroup.com\/2026\/category\/social\/\" rel=\"tag\">Social<\/a>                                        <\/div>\n                                                                                                                <div class=\"pxl-post--date\">\n                                            out 04, 2023\n                                        <\/div>\n                                                                    <\/div>\n\n                                <h3 class=\"pxl-item--title\">\n                                    <a href=\"https:\/\/calonegroup.com\/2026\/2023\/10\/04\/historia-de-vida-de-marcelo-calone-talento\/\">\n                                        Como o software DBIPro &#8211; do gestor Marcelo Calone, garante contrata\u00e7\u00f5es assertivas?                                    <\/a>\n                                <\/h3>\n                            <\/div>\n                        <\/div>\n                    <\/div>\n                                        <div class=\"pxl-swiper-slide\">\n                            <div class=\"pxl-post--inner \" data-wow-delay=\"ms\" data-wow-duration=\"1.2s\">\n\n                               <div class=\"pxl-post--featured hover-imge-effect2\">\n                                <a href=\"https:\/\/calonegroup.com\/2026\/2023\/09\/28\/compliance-a-nova-era-da-contratacao-no-mercado-do-esporte\/\">\n                                    <img loading=\"lazy\" decoding=\"async\" class=\"\" src=\"https:\/\/calonegroup.com\/2026\/wp-content\/uploads\/2023\/09\/compliance.jpg\" width=\"800\" height=\"591\" alt=\"compliance\" title=\"compliance\" \/>                                <\/a>\n\n                                                                    <a class=\"btn btn-readmore d-flex\" href=\"https:\/\/calonegroup.com\/2026\/2023\/09\/28\/compliance-a-nova-era-da-contratacao-no-mercado-do-esporte\/\">\n                                        <span class=\"pxl--btn-icon\">\n                                            <span class=\"pxl-icon--plus\"><\/span>\n                                        <\/span>\n                                    <\/a>\n                                                            <\/div>\n\n                            <div class=\"pxl-item--holder\">\n                                <div class=\"pxl-item--content\">\n                                                                            <div class=\"pxl-item--category\">\n                                            <a href=\"https:\/\/calonegroup.com\/2026\/category\/lance\/\" rel=\"tag\">Lance<\/a> <a href=\"https:\/\/calonegroup.com\/2026\/category\/personalidades\/\" rel=\"tag\">Personalidades<\/a>                                        <\/div>\n                                                                                                                <div class=\"pxl-post--date\">\n                                            set 28, 2023\n                                        <\/div>\n                                                                    <\/div>\n\n                                <h3 class=\"pxl-item--title\">\n                                    <a href=\"https:\/\/calonegroup.com\/2026\/2023\/09\/28\/compliance-a-nova-era-da-contratacao-no-mercado-do-esporte\/\">\n                                        Compliance: A nova era da contrata\u00e7\u00e3o no mercado do esporte                                    <\/a>\n                                <\/h3>\n                            <\/div>\n                        <\/div>\n                    <\/div>\n                                        <div class=\"pxl-swiper-slide\">\n                            <div class=\"pxl-post--inner \" data-wow-delay=\"ms\" data-wow-duration=\"1.2s\">\n\n                               <div class=\"pxl-post--featured hover-imge-effect2\">\n                                <a href=\"https:\/\/calonegroup.com\/2026\/2023\/09\/22\/grupo-calone-entrega-selo-do-programa-gods-em-campos-do-jordao\/\">\n                                    <img loading=\"lazy\" decoding=\"async\" class=\"\" src=\"https:\/\/calonegroup.com\/2026\/wp-content\/uploads\/2026\/02\/marcelo-calone2-27-800x591.jpg\" width=\"800\" height=\"591\" alt=\"marcelo calone2\" title=\"marcelo calone2\" \/>                                <\/a>\n\n                                                                    <a class=\"btn btn-readmore d-flex\" href=\"https:\/\/calonegroup.com\/2026\/2023\/09\/22\/grupo-calone-entrega-selo-do-programa-gods-em-campos-do-jordao\/\">\n                                        <span class=\"pxl--btn-icon\">\n                                            <span class=\"pxl-icon--plus\"><\/span>\n                                        <\/span>\n                                    <\/a>\n                                                            <\/div>\n\n                            <div class=\"pxl-item--holder\">\n                                <div class=\"pxl-item--content\">\n                                                                            <div class=\"pxl-item--category\">\n                                            <a href=\"https:\/\/calonegroup.com\/2026\/category\/mais-sampa\/\" rel=\"tag\">Mais Sampa<\/a> <a href=\"https:\/\/calonegroup.com\/2026\/category\/social\/\" rel=\"tag\">Social<\/a>                                        <\/div>\n                                                                                                                <div class=\"pxl-post--date\">\n                                            set 22, 2023\n                                        <\/div>\n                                                                    <\/div>\n\n                                <h3 class=\"pxl-item--title\">\n                                    <a href=\"https:\/\/calonegroup.com\/2026\/2023\/09\/22\/grupo-calone-entrega-selo-do-programa-gods-em-campos-do-jordao\/\">\n                                        Grupo CALONE\u00ae entrega Chancela do Programa Gods em Campos do Jord\u00e3o                                    <\/a>\n                                <\/h3>\n                            <\/div>\n                        <\/div>\n                    <\/div>\n                                        <div class=\"pxl-swiper-slide\">\n                            <div class=\"pxl-post--inner \" data-wow-delay=\"ms\" data-wow-duration=\"1.2s\">\n\n                               <div class=\"pxl-post--featured hover-imge-effect2\">\n                                <a href=\"https:\/\/calonegroup.com\/2026\/2023\/09\/12\/grupo-calone-movimenta-8-bilhoes-em-projetos-de-publicidade\/\">\n                                    <img loading=\"lazy\" decoding=\"async\" class=\"\" src=\"https:\/\/calonegroup.com\/2026\/wp-content\/uploads\/2023\/09\/budget.jpg\" width=\"800\" height=\"591\" alt=\"budget\" title=\"budget\" \/>                                <\/a>\n\n                                                                    <a class=\"btn btn-readmore d-flex\" href=\"https:\/\/calonegroup.com\/2026\/2023\/09\/12\/grupo-calone-movimenta-8-bilhoes-em-projetos-de-publicidade\/\">\n                                        <span class=\"pxl--btn-icon\">\n                                            <span class=\"pxl-icon--plus\"><\/span>\n                                        <\/span>\n                                    <\/a>\n                                                            <\/div>\n\n                            <div class=\"pxl-item--holder\">\n                                <div class=\"pxl-item--content\">\n                                                                            <div class=\"pxl-item--category\">\n                                            <a href=\"https:\/\/calonegroup.com\/2026\/category\/grande-abc\/\" rel=\"tag\">Grande ABC<\/a> <a href=\"https:\/\/calonegroup.com\/2026\/category\/social\/\" rel=\"tag\">Social<\/a>                                        <\/div>\n                                                                                                                <div class=\"pxl-post--date\">\n                                            set 12, 2023\n                                        <\/div>\n                                                                    <\/div>\n\n                                <h3 class=\"pxl-item--title\">\n                                    <a href=\"https:\/\/calonegroup.com\/2026\/2023\/09\/12\/grupo-calone-movimenta-8-bilhoes-em-projetos-de-publicidade\/\">\n                                        Grupo CALONE\u00ae movimenta 8 bilh\u00f5es em projetos de publicidade em distribui\u00e7\u00e3o de Budget                                    <\/a>\n                                <\/h3>\n                            <\/div>\n                        <\/div>\n                    <\/div>\n                                        <div class=\"pxl-swiper-slide\">\n                            <div class=\"pxl-post--inner \" data-wow-delay=\"ms\" data-wow-duration=\"1.2s\">\n\n                               <div class=\"pxl-post--featured hover-imge-effect2\">\n                                <a href=\"https:\/\/calonegroup.com\/2026\/2023\/09\/06\/como-a-tecnologia-esta-redefinindo-as-contratacoes-de-celebridades-na-publicidade\/\">\n                                    <img loading=\"lazy\" decoding=\"async\" class=\"\" src=\"https:\/\/calonegroup.com\/2026\/wp-content\/uploads\/2026\/02\/marcelo-calone2-2-800x591.jpg\" width=\"800\" height=\"591\" alt=\"marcelo calone2\" title=\"marcelo calone2\" \/>                                <\/a>\n\n                                                                    <a class=\"btn btn-readmore d-flex\" href=\"https:\/\/calonegroup.com\/2026\/2023\/09\/06\/como-a-tecnologia-esta-redefinindo-as-contratacoes-de-celebridades-na-publicidade\/\">\n                                        <span class=\"pxl--btn-icon\">\n                                            <span class=\"pxl-icon--plus\"><\/span>\n                                        <\/span>\n                                    <\/a>\n                                                            <\/div>\n\n                            <div class=\"pxl-item--holder\">\n                                <div class=\"pxl-item--content\">\n                                                                            <div class=\"pxl-item--category\">\n                                            <a href=\"https:\/\/calonegroup.com\/2026\/category\/isto-e\/\" rel=\"tag\">Isto \u00c9<\/a> <a href=\"https:\/\/calonegroup.com\/2026\/category\/tecnologia\/\" rel=\"tag\">Tecnologia<\/a>                                        <\/div>\n                                                                                                                <div class=\"pxl-post--date\">\n                                            set 06, 2023\n                                        <\/div>\n                                                                    <\/div>\n\n                                <h3 class=\"pxl-item--title\">\n                                    <a href=\"https:\/\/calonegroup.com\/2026\/2023\/09\/06\/como-a-tecnologia-esta-redefinindo-as-contratacoes-de-celebridades-na-publicidade\/\">\n                                        Como a tecnologia DBIPro est\u00e1 redefinindo as contrata\u00e7\u00f5es de celebridades na publicidade                                    <\/a>\n                                <\/h3>\n                            <\/div>\n                        <\/div>\n                    <\/div>\n                                        <div class=\"pxl-swiper-slide\">\n                            <div class=\"pxl-post--inner \" data-wow-delay=\"ms\" data-wow-duration=\"1.2s\">\n\n                               <div class=\"pxl-post--featured hover-imge-effect2\">\n                                <a href=\"https:\/\/calonegroup.com\/2026\/2023\/08\/13\/calone-films-tem-instalacoes-em-sao-caetano-do-sul\/\">\n                                    <img loading=\"lazy\" decoding=\"async\" class=\"\" src=\"https:\/\/calonegroup.com\/2026\/wp-content\/uploads\/2023\/08\/studios-calone.jpg\" width=\"800\" height=\"591\" alt=\"studios calone\" title=\"studios calone\" \/>                                <\/a>\n\n                                                                    <a class=\"btn btn-readmore d-flex\" href=\"https:\/\/calonegroup.com\/2026\/2023\/08\/13\/calone-films-tem-instalacoes-em-sao-caetano-do-sul\/\">\n                                        <span class=\"pxl--btn-icon\">\n                                            <span class=\"pxl-icon--plus\"><\/span>\n                                        <\/span>\n                                    <\/a>\n                                                            <\/div>\n\n                            <div class=\"pxl-item--holder\">\n                                <div class=\"pxl-item--content\">\n                                                                            <div class=\"pxl-item--category\">\n                                            <a href=\"https:\/\/calonegroup.com\/2026\/category\/a-mais-influente\/\" rel=\"tag\">A Mais Influente<\/a> <a href=\"https:\/\/calonegroup.com\/2026\/category\/tecnologia\/\" rel=\"tag\">Tecnologia<\/a>                                        <\/div>\n                                                                                                                <div class=\"pxl-post--date\">\n                                            ago 13, 2023\n                                        <\/div>\n                                                                    <\/div>\n\n                                <h3 class=\"pxl-item--title\">\n                                    <a href=\"https:\/\/calonegroup.com\/2026\/2023\/08\/13\/calone-films-tem-instalacoes-em-sao-caetano-do-sul\/\">\n                                        CALONE Films tem instala\u00e7\u00f5es em S\u00e3o Caetano do Sul                                    <\/a>\n                                <\/h3>\n                            <\/div>\n                        <\/div>\n                    <\/div>\n                                        <div class=\"pxl-swiper-slide\">\n                            <div class=\"pxl-post--inner \" data-wow-delay=\"ms\" data-wow-duration=\"1.2s\">\n\n                               <div class=\"pxl-post--featured hover-imge-effect2\">\n                                <a href=\"https:\/\/calonegroup.com\/2026\/2023\/07\/28\/geralpod-20-marcelo-calone-empresario-e-gestor-de-marcas\/\">\n                                    <img loading=\"lazy\" decoding=\"async\" class=\"\" src=\"https:\/\/calonegroup.com\/2026\/wp-content\/uploads\/2023\/07\/marcelo-calone-geralpod.jpg\" width=\"800\" height=\"591\" alt=\"marcelo-calone-geralpod\" title=\"marcelo-calone-geralpod\" \/>                                <\/a>\n\n                                                                    <a class=\"btn btn-readmore d-flex\" href=\"https:\/\/calonegroup.com\/2026\/2023\/07\/28\/geralpod-20-marcelo-calone-empresario-e-gestor-de-marcas\/\">\n                                        <span class=\"pxl--btn-icon\">\n                                            <span class=\"pxl-icon--plus\"><\/span>\n                                        <\/span>\n                                    <\/a>\n                                                            <\/div>\n\n                            <div class=\"pxl-item--holder\">\n                                <div class=\"pxl-item--content\">\n                                                                            <div class=\"pxl-item--category\">\n                                            <a href=\"https:\/\/calonegroup.com\/2026\/category\/podcast\/\" rel=\"tag\">Podcast<\/a> <a href=\"https:\/\/calonegroup.com\/2026\/category\/social\/\" rel=\"tag\">Social<\/a>                                        <\/div>\n                                                                                                                <div class=\"pxl-post--date\">\n                                            jul 28, 2023\n                                        <\/div>\n                                                                    <\/div>\n\n                                <h3 class=\"pxl-item--title\">\n                                    <a href=\"https:\/\/calonegroup.com\/2026\/2023\/07\/28\/geralpod-20-marcelo-calone-empresario-e-gestor-de-marcas\/\">\n                                        Marcelo Calone, fundador do Grupo CALONE\u00ae, fala sobre o mercado de Gest\u00e3o Executiva                                    <\/a>\n                                <\/h3>\n                            <\/div>\n                        <\/div>\n                    <\/div>\n                                        <div class=\"pxl-swiper-slide\">\n                            <div class=\"pxl-post--inner \" data-wow-delay=\"ms\" data-wow-duration=\"1.2s\">\n\n                               <div class=\"pxl-post--featured hover-imge-effect2\">\n                                <a href=\"https:\/\/calonegroup.com\/2026\/2023\/07\/04\/grupo-calone-e-premiado-como-referencia-nacional-em-gestao-e-tecnologia-durante-evento-em-sao-paulo\/\">\n                                    <img loading=\"lazy\" decoding=\"async\" class=\"\" src=\"https:\/\/calonegroup.com\/2026\/wp-content\/uploads\/2026\/02\/marcelo-calone2-6-800x591.jpg\" width=\"800\" height=\"591\" alt=\"marcelo calone2\" title=\"marcelo calone2\" \/>                                <\/a>\n\n                                                                    <a class=\"btn btn-readmore d-flex\" href=\"https:\/\/calonegroup.com\/2026\/2023\/07\/04\/grupo-calone-e-premiado-como-referencia-nacional-em-gestao-e-tecnologia-durante-evento-em-sao-paulo\/\">\n                                        <span class=\"pxl--btn-icon\">\n                                            <span class=\"pxl-icon--plus\"><\/span>\n                                        <\/span>\n                                    <\/a>\n                                                            <\/div>\n\n                            <div class=\"pxl-item--holder\">\n                                <div class=\"pxl-item--content\">\n                                                                            <div class=\"pxl-item--category\">\n                                            <a href=\"https:\/\/calonegroup.com\/2026\/category\/ig\/\" rel=\"tag\">IG<\/a> <a href=\"https:\/\/calonegroup.com\/2026\/category\/social\/\" rel=\"tag\">Social<\/a>                                        <\/div>\n                                                                                                                <div class=\"pxl-post--date\">\n                                            jul 04, 2023\n                                        <\/div>\n                                                                    <\/div>\n\n                                <h3 class=\"pxl-item--title\">\n                                    <a href=\"https:\/\/calonegroup.com\/2026\/2023\/07\/04\/grupo-calone-e-premiado-como-referencia-nacional-em-gestao-e-tecnologia-durante-evento-em-sao-paulo\/\">\n                                        Grupo CALONE\u00ae \u00e9 premiado como refer\u00eancia nacional em gest\u00e3o e tecnologia durante evento em S\u00e3o Paulo                                    <\/a>\n                                <\/h3>\n                            <\/div>\n                        <\/div>\n                    <\/div>\n                                        <div class=\"pxl-swiper-slide\">\n                            <div class=\"pxl-post--inner \" data-wow-delay=\"ms\" data-wow-duration=\"1.2s\">\n\n                               <div class=\"pxl-post--featured hover-imge-effect2\">\n                                <a href=\"https:\/\/calonegroup.com\/2026\/2023\/05\/23\/entrevista-com-o-empresario-marcelo-calone\/\">\n                                    <img loading=\"lazy\" decoding=\"async\" class=\"\" src=\"https:\/\/calonegroup.com\/2026\/wp-content\/uploads\/2023\/05\/marcelo-e-guilherme-800x591.jpg\" width=\"800\" height=\"591\" alt=\"marcelo e guilherme\" title=\"marcelo e guilherme\" \/>                                <\/a>\n\n                                                                    <a class=\"btn btn-readmore d-flex\" href=\"https:\/\/calonegroup.com\/2026\/2023\/05\/23\/entrevista-com-o-empresario-marcelo-calone\/\">\n                                        <span class=\"pxl--btn-icon\">\n                                            <span class=\"pxl-icon--plus\"><\/span>\n                                        <\/span>\n                                    <\/a>\n                                                            <\/div>\n\n                            <div class=\"pxl-item--holder\">\n                                <div class=\"pxl-item--content\">\n                                                                            <div class=\"pxl-item--category\">\n                                            <a href=\"https:\/\/calonegroup.com\/2026\/category\/podcast\/\" rel=\"tag\">Podcast<\/a> <a href=\"https:\/\/calonegroup.com\/2026\/category\/social\/\" rel=\"tag\">Social<\/a>                                        <\/div>\n                                                                                                                <div class=\"pxl-post--date\">\n                                            maio 23, 2023\n                                        <\/div>\n                                                                    <\/div>\n\n                                <h3 class=\"pxl-item--title\">\n                                    <a href=\"https:\/\/calonegroup.com\/2026\/2023\/05\/23\/entrevista-com-o-empresario-marcelo-calone\/\">\n                                        Ele fundou o Grupo CALONE\u00ae, pioneiro em gest\u00e3o e distribui\u00e7\u00e3o de budget assertivo na publicidade para marcas de renome                                    <\/a>\n                                <\/h3>\n                            <\/div>\n                        <\/div>\n                    <\/div>\n                                        <div class=\"pxl-swiper-slide\">\n                            <div class=\"pxl-post--inner \" data-wow-delay=\"ms\" data-wow-duration=\"1.2s\">\n\n                               <div class=\"pxl-post--featured hover-imge-effect2\">\n                                <a href=\"https:\/\/calonegroup.com\/2026\/2023\/05\/09\/marcelo-calone-destaca-se-em-campanhas-publicitarias-atraves-da-sua-gestao-e-tecnologia\/\">\n                                    <img loading=\"lazy\" decoding=\"async\" class=\"\" src=\"https:\/\/calonegroup.com\/2026\/wp-content\/uploads\/2026\/02\/marcelo-calone2-5-800x591.jpg\" width=\"800\" height=\"591\" alt=\"marcelo calone2\" title=\"marcelo calone2\" \/>                                <\/a>\n\n                                                                    <a class=\"btn btn-readmore d-flex\" href=\"https:\/\/calonegroup.com\/2026\/2023\/05\/09\/marcelo-calone-destaca-se-em-campanhas-publicitarias-atraves-da-sua-gestao-e-tecnologia\/\">\n                                        <span class=\"pxl--btn-icon\">\n                                            <span class=\"pxl-icon--plus\"><\/span>\n                                        <\/span>\n                                    <\/a>\n                                                            <\/div>\n\n                            <div class=\"pxl-item--holder\">\n                                <div class=\"pxl-item--content\">\n                                                                            <div class=\"pxl-item--category\">\n                                            <a href=\"https:\/\/calonegroup.com\/2026\/category\/r7\/\" rel=\"tag\">R7<\/a> <a href=\"https:\/\/calonegroup.com\/2026\/category\/tecnologia\/\" rel=\"tag\">Tecnologia<\/a>                                        <\/div>\n                                                                                                                <div class=\"pxl-post--date\">\n                                            maio 09, 2023\n                                        <\/div>\n                                                                    <\/div>\n\n                                <h3 class=\"pxl-item--title\">\n                                    <a href=\"https:\/\/calonegroup.com\/2026\/2023\/05\/09\/marcelo-calone-destaca-se-em-campanhas-publicitarias-atraves-da-sua-gestao-e-tecnologia\/\">\n                                        Marcelo Calone destaca-se em campanhas publicit\u00e1rias atrav\u00e9s da sua gest\u00e3o e tecnologia                                    <\/a>\n                                <\/h3>\n                            <\/div>\n                        <\/div>\n                    <\/div>\n                                        <div class=\"pxl-swiper-slide\">\n                            <div class=\"pxl-post--inner \" data-wow-delay=\"ms\" data-wow-duration=\"1.2s\">\n\n                               <div class=\"pxl-post--featured hover-imge-effect2\">\n                                <a href=\"https:\/\/calonegroup.com\/2026\/2023\/04\/28\/marcelo-calone-e-criador-de-uma-tecnologia-inovadora-para-o-mercado-publicitario\/\">\n                                    <img loading=\"lazy\" decoding=\"async\" class=\"\" src=\"https:\/\/calonegroup.com\/2026\/wp-content\/uploads\/2026\/02\/marcelo-calone2-13-800x591.jpg\" width=\"800\" height=\"591\" alt=\"marcelo calone2\" title=\"marcelo calone2\" \/>                                <\/a>\n\n                                                                    <a class=\"btn btn-readmore d-flex\" href=\"https:\/\/calonegroup.com\/2026\/2023\/04\/28\/marcelo-calone-e-criador-de-uma-tecnologia-inovadora-para-o-mercado-publicitario\/\">\n                                        <span class=\"pxl--btn-icon\">\n                                            <span class=\"pxl-icon--plus\"><\/span>\n                                        <\/span>\n                                    <\/a>\n                                                            <\/div>\n\n                            <div class=\"pxl-item--holder\">\n                                <div class=\"pxl-item--content\">\n                                                                            <div class=\"pxl-item--category\">\n                                            <a href=\"https:\/\/calonegroup.com\/2026\/category\/piaui-hoje\/\" rel=\"tag\">Piau\u00ed Hoje<\/a> <a href=\"https:\/\/calonegroup.com\/2026\/category\/tecnologia\/\" rel=\"tag\">Tecnologia<\/a>                                        <\/div>\n                                                                                                                <div class=\"pxl-post--date\">\n                                            abr 28, 2023\n                                        <\/div>\n                                                                    <\/div>\n\n                                <h3 class=\"pxl-item--title\">\n                                    <a href=\"https:\/\/calonegroup.com\/2026\/2023\/04\/28\/marcelo-calone-e-criador-de-uma-tecnologia-inovadora-para-o-mercado-publicitario\/\">\n                                        Marcelo Calone \u00e9 criador de uma tecnologia inovadora para o mercado publicit\u00e1rio                                    <\/a>\n                                <\/h3>\n                            <\/div>\n                        <\/div>\n                    <\/div>\n                                        <div class=\"pxl-swiper-slide\">\n                            <div class=\"pxl-post--inner \" data-wow-delay=\"ms\" data-wow-duration=\"1.2s\">\n\n                               <div class=\"pxl-post--featured hover-imge-effect2\">\n                                <a href=\"https:\/\/calonegroup.com\/2026\/2023\/04\/27\/marcelo-calone-revela-segredo-das-redes-sociais-dos-atores-e-atrizes\/\">\n                                    <img loading=\"lazy\" decoding=\"async\" class=\"\" src=\"https:\/\/calonegroup.com\/2026\/wp-content\/uploads\/2026\/02\/marcelo-calone2-8-800x591.jpg\" width=\"800\" height=\"591\" alt=\"marcelo calone2\" title=\"marcelo calone2\" \/>                                <\/a>\n\n                                                                    <a class=\"btn btn-readmore d-flex\" href=\"https:\/\/calonegroup.com\/2026\/2023\/04\/27\/marcelo-calone-revela-segredo-das-redes-sociais-dos-atores-e-atrizes\/\">\n                                        <span class=\"pxl--btn-icon\">\n                                            <span class=\"pxl-icon--plus\"><\/span>\n                                        <\/span>\n                                    <\/a>\n                                                            <\/div>\n\n                            <div class=\"pxl-item--holder\">\n                                <div class=\"pxl-item--content\">\n                                                                            <div class=\"pxl-item--category\">\n                                            <a href=\"https:\/\/calonegroup.com\/2026\/category\/personalidades\/\" rel=\"tag\">Personalidades<\/a> <a href=\"https:\/\/calonegroup.com\/2026\/category\/terra\/\" rel=\"tag\">Terra<\/a>                                        <\/div>\n                                                                                                                <div class=\"pxl-post--date\">\n                                            abr 27, 2023\n                                        <\/div>\n                                                                    <\/div>\n\n                                <h3 class=\"pxl-item--title\">\n                                    <a href=\"https:\/\/calonegroup.com\/2026\/2023\/04\/27\/marcelo-calone-revela-segredo-das-redes-sociais-dos-atores-e-atrizes\/\">\n                                        Marcelo Calone revela segredo das redes sociais dos atores e atrizes                                    <\/a>\n                                <\/h3>\n                            <\/div>\n                        <\/div>\n                    <\/div>\n                                        <div class=\"pxl-swiper-slide\">\n                            <div class=\"pxl-post--inner \" data-wow-delay=\"ms\" data-wow-duration=\"1.2s\">\n\n                               <div class=\"pxl-post--featured hover-imge-effect2\">\n                                <a href=\"https:\/\/calonegroup.com\/2026\/2023\/04\/13\/especialista-elenca-os-cinco-erros-do-empresario-que-almeja-o-sucesso-real-e-online-na-era-digital\/\">\n                                    <img loading=\"lazy\" decoding=\"async\" class=\"\" src=\"https:\/\/calonegroup.com\/2026\/wp-content\/uploads\/2023\/04\/elenca.jpg\" width=\"800\" height=\"591\" alt=\"elenca\" title=\"elenca\" \/>                                <\/a>\n\n                                                                    <a class=\"btn btn-readmore d-flex\" href=\"https:\/\/calonegroup.com\/2026\/2023\/04\/13\/especialista-elenca-os-cinco-erros-do-empresario-que-almeja-o-sucesso-real-e-online-na-era-digital\/\">\n                                        <span class=\"pxl--btn-icon\">\n                                            <span class=\"pxl-icon--plus\"><\/span>\n                                        <\/span>\n                                    <\/a>\n                                                            <\/div>\n\n                            <div class=\"pxl-item--holder\">\n                                <div class=\"pxl-item--content\">\n                                                                            <div class=\"pxl-item--category\">\n                                            <a href=\"https:\/\/calonegroup.com\/2026\/category\/jovem-pan\/\" rel=\"tag\">Jovem Pan<\/a> <a href=\"https:\/\/calonegroup.com\/2026\/category\/social\/\" rel=\"tag\">Social<\/a>                                        <\/div>\n                                                                                                                <div class=\"pxl-post--date\">\n                                            abr 13, 2023\n                                        <\/div>\n                                                                    <\/div>\n\n                                <h3 class=\"pxl-item--title\">\n                                    <a href=\"https:\/\/calonegroup.com\/2026\/2023\/04\/13\/especialista-elenca-os-cinco-erros-do-empresario-que-almeja-o-sucesso-real-e-online-na-era-digital\/\">\n                                        Especialista elenca os cinco erros do empres\u00e1rio que almeja o sucesso real e online na era digital                                    <\/a>\n                                <\/h3>\n                            <\/div>\n                        <\/div>\n                    <\/div>\n                                        <div class=\"pxl-swiper-slide\">\n                            <div class=\"pxl-post--inner \" data-wow-delay=\"ms\" data-wow-duration=\"1.2s\">\n\n                               <div class=\"pxl-post--featured hover-imge-effect2\">\n                                <a href=\"https:\/\/calonegroup.com\/2026\/2023\/04\/09\/marketing-como-o-empresario-marcelo-calone-usa-tecnologia-no-seu-negocio\/\">\n                                    <img loading=\"lazy\" decoding=\"async\" class=\"\" src=\"https:\/\/calonegroup.com\/2026\/wp-content\/uploads\/2026\/02\/marcelo-calone2-4-800x591.jpg\" width=\"800\" height=\"591\" alt=\"marcelo calone2\" title=\"marcelo calone2\" \/>                                <\/a>\n\n                                                                    <a class=\"btn btn-readmore d-flex\" href=\"https:\/\/calonegroup.com\/2026\/2023\/04\/09\/marketing-como-o-empresario-marcelo-calone-usa-tecnologia-no-seu-negocio\/\">\n                                        <span class=\"pxl--btn-icon\">\n                                            <span class=\"pxl-icon--plus\"><\/span>\n                                        <\/span>\n                                    <\/a>\n                                                            <\/div>\n\n                            <div class=\"pxl-item--holder\">\n                                <div class=\"pxl-item--content\">\n                                                                            <div class=\"pxl-item--category\">\n                                            <a href=\"https:\/\/calonegroup.com\/2026\/category\/money-times\/\" rel=\"tag\">Money Times<\/a> <a href=\"https:\/\/calonegroup.com\/2026\/category\/tecnologia\/\" rel=\"tag\">Tecnologia<\/a>                                        <\/div>\n                                                                                                                <div class=\"pxl-post--date\">\n                                            abr 09, 2023\n                                        <\/div>\n                                                                    <\/div>\n\n                                <h3 class=\"pxl-item--title\">\n                                    <a href=\"https:\/\/calonegroup.com\/2026\/2023\/04\/09\/marketing-como-o-empresario-marcelo-calone-usa-tecnologia-no-seu-negocio\/\">\n                                        Marketing: Como o empres\u00e1rio Marcelo Calone usa tecnologia no seu neg\u00f3cio                                    <\/a>\n                                <\/h3>\n                            <\/div>\n                        <\/div>\n                    <\/div>\n                                        <div class=\"pxl-swiper-slide\">\n                            <div class=\"pxl-post--inner \" data-wow-delay=\"ms\" data-wow-duration=\"1.2s\">\n\n                               <div class=\"pxl-post--featured hover-imge-effect2\">\n                                <a href=\"https:\/\/calonegroup.com\/2026\/2023\/03\/27\/tecnologia-dbipro-gerando-8-bilhoes-anuais-no-12-tech-connection\/\">\n                                    <img loading=\"lazy\" decoding=\"async\" class=\"\" src=\"https:\/\/calonegroup.com\/2026\/wp-content\/uploads\/2023\/03\/8-bilhoes.jpg\" width=\"800\" height=\"591\" alt=\"8 bilhoes\" title=\"8 bilhoes\" \/>                                <\/a>\n\n                                                                    <a class=\"btn btn-readmore d-flex\" href=\"https:\/\/calonegroup.com\/2026\/2023\/03\/27\/tecnologia-dbipro-gerando-8-bilhoes-anuais-no-12-tech-connection\/\">\n                                        <span class=\"pxl--btn-icon\">\n                                            <span class=\"pxl-icon--plus\"><\/span>\n                                        <\/span>\n                                    <\/a>\n                                                            <\/div>\n\n                            <div class=\"pxl-item--holder\">\n                                <div class=\"pxl-item--content\">\n                                                                            <div class=\"pxl-item--category\">\n                                            <a href=\"https:\/\/calonegroup.com\/2026\/category\/podcast\/\" rel=\"tag\">Podcast<\/a> <a href=\"https:\/\/calonegroup.com\/2026\/category\/tecnologia\/\" rel=\"tag\">Tecnologia<\/a>                                        <\/div>\n                                                                                                                <div class=\"pxl-post--date\">\n                                            mar 27, 2023\n                                        <\/div>\n                                                                    <\/div>\n\n                                <h3 class=\"pxl-item--title\">\n                                    <a href=\"https:\/\/calonegroup.com\/2026\/2023\/03\/27\/tecnologia-dbipro-gerando-8-bilhoes-anuais-no-12-tech-connection\/\">\n                                        Tecnologia DBIPro, movimenta 8 bilh\u00f5es no mercado publicit\u00e1rio global                                    <\/a>\n                                <\/h3>\n                            <\/div>\n                        <\/div>\n                    <\/div>\n                                        <div class=\"pxl-swiper-slide\">\n                            <div class=\"pxl-post--inner \" data-wow-delay=\"ms\" data-wow-duration=\"1.2s\">\n\n                               <div class=\"pxl-post--featured hover-imge-effect2\">\n                                <a href=\"https:\/\/calonegroup.com\/2026\/2022\/11\/09\/o-protagonismo-de-cafu-no-mercado-publicitario\/\">\n                                    <img loading=\"lazy\" decoding=\"async\" class=\"\" src=\"https:\/\/calonegroup.com\/2026\/wp-content\/uploads\/2022\/11\/publicidade.jpg\" width=\"800\" height=\"591\" alt=\"publicidade\" title=\"publicidade\" \/>                                <\/a>\n\n                                                                    <a class=\"btn btn-readmore d-flex\" href=\"https:\/\/calonegroup.com\/2026\/2022\/11\/09\/o-protagonismo-de-cafu-no-mercado-publicitario\/\">\n                                        <span class=\"pxl--btn-icon\">\n                                            <span class=\"pxl-icon--plus\"><\/span>\n                                        <\/span>\n                                    <\/a>\n                                                            <\/div>\n\n                            <div class=\"pxl-item--holder\">\n                                <div class=\"pxl-item--content\">\n                                                                            <div class=\"pxl-item--category\">\n                                            <a href=\"https:\/\/calonegroup.com\/2026\/category\/mktesportivo\/\" rel=\"tag\">MKTESPORTIVO<\/a> <a href=\"https:\/\/calonegroup.com\/2026\/category\/personalidades\/\" rel=\"tag\">Personalidades<\/a>                                        <\/div>\n                                                                                                                <div class=\"pxl-post--date\">\n                                            nov 09, 2022\n                                        <\/div>\n                                                                    <\/div>\n\n                                <h3 class=\"pxl-item--title\">\n                                    <a href=\"https:\/\/calonegroup.com\/2026\/2022\/11\/09\/o-protagonismo-de-cafu-no-mercado-publicitario\/\">\n                                        O protagonismo de Cafu no mercado publicit\u00e1rio                                    <\/a>\n                                <\/h3>\n                            <\/div>\n                        <\/div>\n                    <\/div>\n                                        <div class=\"pxl-swiper-slide\">\n                            <div class=\"pxl-post--inner \" data-wow-delay=\"ms\" data-wow-duration=\"1.2s\">\n\n                               <div class=\"pxl-post--featured hover-imge-effect2\">\n                                <a href=\"https:\/\/calonegroup.com\/2026\/2022\/10\/24\/duelo-de-geracoes-cafu-e-vini-jr-dominam-campanhas-publicitarias-pre-copa\/\">\n                                    <img loading=\"lazy\" decoding=\"async\" class=\"\" src=\"https:\/\/calonegroup.com\/2026\/wp-content\/uploads\/2026\/02\/vinijr-e-cafu-800x591.png\" width=\"800\" height=\"591\" alt=\"vinijr e cafu\" title=\"vinijr e cafu\" \/>                                <\/a>\n\n                                                                    <a class=\"btn btn-readmore d-flex\" href=\"https:\/\/calonegroup.com\/2026\/2022\/10\/24\/duelo-de-geracoes-cafu-e-vini-jr-dominam-campanhas-publicitarias-pre-copa\/\">\n                                        <span class=\"pxl--btn-icon\">\n                                            <span class=\"pxl-icon--plus\"><\/span>\n                                        <\/span>\n                                    <\/a>\n                                                            <\/div>\n\n                            <div class=\"pxl-item--holder\">\n                                <div class=\"pxl-item--content\">\n                                                                            <div class=\"pxl-item--category\">\n                                            <a href=\"https:\/\/calonegroup.com\/2026\/category\/exame\/\" rel=\"tag\">Exame<\/a> <a href=\"https:\/\/calonegroup.com\/2026\/category\/personalidades\/\" rel=\"tag\">Personalidades<\/a>                                        <\/div>\n                                                                                                                <div class=\"pxl-post--date\">\n                                            out 24, 2022\n                                        <\/div>\n                                                                    <\/div>\n\n                                <h3 class=\"pxl-item--title\">\n                                    <a href=\"https:\/\/calonegroup.com\/2026\/2022\/10\/24\/duelo-de-geracoes-cafu-e-vini-jr-dominam-campanhas-publicitarias-pre-copa\/\">\n                                        Duelo de gera\u00e7\u00f5es: Cafu e Vini Jr. dominam campanhas publicit\u00e1rias pr\u00e9-Copa                                    <\/a>\n                                <\/h3>\n                            <\/div>\n                        <\/div>\n                    <\/div>\n                                        <div class=\"pxl-swiper-slide\">\n                            <div class=\"pxl-post--inner \" data-wow-delay=\"ms\" data-wow-duration=\"1.2s\">\n\n                               <div class=\"pxl-post--featured hover-imge-effect2\">\n                                <a href=\"https:\/\/calonegroup.com\/2026\/2022\/03\/29\/cafu-lanca-teaser-de-sua-biografia-oficial-no-catar\/\">\n                                    <img loading=\"lazy\" decoding=\"async\" class=\"\" src=\"https:\/\/calonegroup.com\/2026\/wp-content\/uploads\/2026\/02\/marcelo-calone2-44-800x591.jpg\" width=\"800\" height=\"591\" alt=\"marcelo calone2\" title=\"marcelo calone2\" \/>                                <\/a>\n\n                                                                    <a class=\"btn btn-readmore d-flex\" href=\"https:\/\/calonegroup.com\/2026\/2022\/03\/29\/cafu-lanca-teaser-de-sua-biografia-oficial-no-catar\/\">\n                                        <span class=\"pxl--btn-icon\">\n                                            <span class=\"pxl-icon--plus\"><\/span>\n                                        <\/span>\n                                    <\/a>\n                                                            <\/div>\n\n                            <div class=\"pxl-item--holder\">\n                                <div class=\"pxl-item--content\">\n                                                                            <div class=\"pxl-item--category\">\n                                            <a href=\"https:\/\/calonegroup.com\/2026\/category\/maquina-do-esporte\/\" rel=\"tag\">Maquina do Esporte<\/a> <a href=\"https:\/\/calonegroup.com\/2026\/category\/personalidades\/\" rel=\"tag\">Personalidades<\/a>                                        <\/div>\n                                                                                                                <div class=\"pxl-post--date\">\n                                            mar 29, 2022\n                                        <\/div>\n                                                                    <\/div>\n\n                                <h3 class=\"pxl-item--title\">\n                                    <a href=\"https:\/\/calonegroup.com\/2026\/2022\/03\/29\/cafu-lanca-teaser-de-sua-biografia-oficial-no-catar\/\">\n                                        Grupo CALONE\u00ae lan\u00e7a teaser  da biografia oficial do jogador Cafu no Catar                                    <\/a>\n                                <\/h3>\n                            <\/div>\n                        <\/div>\n                    <\/div>\n                                        <div class=\"pxl-swiper-slide\">\n                            <div class=\"pxl-post--inner \" data-wow-delay=\"ms\" data-wow-duration=\"1.2s\">\n\n                               <div class=\"pxl-post--featured hover-imge-effect2\">\n                                <a href=\"https:\/\/calonegroup.com\/2026\/2021\/08\/11\/os-bastidores-de-uma-campanha-cafu-rivalo\/\">\n                                    <img loading=\"lazy\" decoding=\"async\" class=\"\" src=\"https:\/\/calonegroup.com\/2026\/wp-content\/uploads\/2021\/08\/rivalo.jpg\" width=\"800\" height=\"591\" alt=\"rivalo\" title=\"rivalo\" \/>                                <\/a>\n\n                                                                    <a class=\"btn btn-readmore d-flex\" href=\"https:\/\/calonegroup.com\/2026\/2021\/08\/11\/os-bastidores-de-uma-campanha-cafu-rivalo\/\">\n                                        <span class=\"pxl--btn-icon\">\n                                            <span class=\"pxl-icon--plus\"><\/span>\n                                        <\/span>\n                                    <\/a>\n                                                            <\/div>\n\n                            <div class=\"pxl-item--holder\">\n                                <div class=\"pxl-item--content\">\n                                                                            <div class=\"pxl-item--category\">\n                                            <a href=\"https:\/\/calonegroup.com\/2026\/category\/mktesportivo\/\" rel=\"tag\">MKTESPORTIVO<\/a>                                        <\/div>\n                                                                                                                <div class=\"pxl-post--date\">\n                                            ago 11, 2021\n                                        <\/div>\n                                                                    <\/div>\n\n                                <h3 class=\"pxl-item--title\">\n                                    <a href=\"https:\/\/calonegroup.com\/2026\/2021\/08\/11\/os-bastidores-de-uma-campanha-cafu-rivalo\/\">\n                                        Os bastidores de uma campanha: Cafu &#038; Rivalo                                    <\/a>\n                                <\/h3>\n                            <\/div>\n                        <\/div>\n                    <\/div>\n                                        <div class=\"pxl-swiper-slide\">\n                            <div class=\"pxl-post--inner \" data-wow-delay=\"ms\" data-wow-duration=\"1.2s\">\n\n                               <div class=\"pxl-post--featured hover-imge-effect2\">\n                                <a href=\"https:\/\/calonegroup.com\/2026\/2021\/06\/14\/rivalo-anuncia-cafu-como-novo-embaixador\/\">\n                                    <img loading=\"lazy\" decoding=\"async\" class=\"\" src=\"https:\/\/calonegroup.com\/2026\/wp-content\/uploads\/2026\/02\/cafu-rivalo-grupo-calone-800x591.png\" width=\"800\" height=\"591\" alt=\"cafu rivalo grupo calone\" title=\"cafu rivalo grupo calone\" \/>                                <\/a>\n\n                                                                    <a class=\"btn btn-readmore d-flex\" href=\"https:\/\/calonegroup.com\/2026\/2021\/06\/14\/rivalo-anuncia-cafu-como-novo-embaixador\/\">\n                                        <span class=\"pxl--btn-icon\">\n                                            <span class=\"pxl-icon--plus\"><\/span>\n                                        <\/span>\n                                    <\/a>\n                                                            <\/div>\n\n                            <div class=\"pxl-item--holder\">\n                                <div class=\"pxl-item--content\">\n                                                                            <div class=\"pxl-item--category\">\n                                            <a href=\"https:\/\/calonegroup.com\/2026\/category\/marcas-pelo-mundo\/\" rel=\"tag\">Marcas pelo Mundo<\/a> <a href=\"https:\/\/calonegroup.com\/2026\/category\/personalidades\/\" rel=\"tag\">Personalidades<\/a>                                        <\/div>\n                                                                                                                <div class=\"pxl-post--date\">\n                                            jun 14, 2021\n                                        <\/div>\n                                                                    <\/div>\n\n                                <h3 class=\"pxl-item--title\">\n                                    <a href=\"https:\/\/calonegroup.com\/2026\/2021\/06\/14\/rivalo-anuncia-cafu-como-novo-embaixador\/\">\n                                        Grupo CALONE\u00ae e Rivalo anunciam Cafu como novo embaixador                                    <\/a>\n                                <\/h3>\n                            <\/div>\n                        <\/div>\n                    <\/div>\n                                        <div class=\"pxl-swiper-slide\">\n                            <div class=\"pxl-post--inner \" data-wow-delay=\"ms\" data-wow-duration=\"1.2s\">\n\n                               <div class=\"pxl-post--featured hover-imge-effect2\">\n                                <a href=\"https:\/\/calonegroup.com\/2026\/2020\/07\/24\/grupo-calone-signatario-do-pacto-global-da-onu\/\">\n                                    <img loading=\"lazy\" decoding=\"async\" class=\"\" src=\"https:\/\/calonegroup.com\/2026\/wp-content\/uploads\/2026\/02\/marcelo-calone2-9-800x591.jpg\" width=\"800\" height=\"591\" alt=\"marcelo calone2\" title=\"marcelo calone2\" \/>                                <\/a>\n\n                                                                    <a class=\"btn btn-readmore d-flex\" href=\"https:\/\/calonegroup.com\/2026\/2020\/07\/24\/grupo-calone-signatario-do-pacto-global-da-onu\/\">\n                                        <span class=\"pxl--btn-icon\">\n                                            <span class=\"pxl-icon--plus\"><\/span>\n                                        <\/span>\n                                    <\/a>\n                                                            <\/div>\n\n                            <div class=\"pxl-item--holder\">\n                                <div class=\"pxl-item--content\">\n                                                                            <div class=\"pxl-item--category\">\n                                            <a href=\"https:\/\/calonegroup.com\/2026\/category\/onu\/\" rel=\"tag\">ONU<\/a> <a href=\"https:\/\/calonegroup.com\/2026\/category\/social\/\" rel=\"tag\">Social<\/a>                                        <\/div>\n                                                                                                                <div class=\"pxl-post--date\">\n                                            jul 24, 2020\n                                        <\/div>\n                                                                    <\/div>\n\n                                <h3 class=\"pxl-item--title\">\n                                    <a href=\"https:\/\/calonegroup.com\/2026\/2020\/07\/24\/grupo-calone-signatario-do-pacto-global-da-onu\/\">\n                                        Grupo CALONE\u00ae Signat\u00e1rio do Pacto Global da ONU                                    <\/a>\n                                <\/h3>\n                            <\/div>\n                        <\/div>\n                    <\/div>\n                            <\/div> \n        <\/div>\n\n        \n                    <div class=\"pxl-swiper-arrow-wrap style-1\">\n                <div class=\"pxl-swiper-arrow pxl-swiper-arrow-prev\"><i class=\"caseicon-angle-arrow-left rtl-icon\"><\/i><\/div>\n                <div class=\"pxl-swiper-arrow pxl-swiper-arrow-next\"><i class=\"caseicon-angle-arrow-right rtl-icon\"><\/i><\/div>\n            <\/div>\n        \n    <\/div>\n<\/div>\n\t\t\t\t<\/div>\n\t\t\t\t<\/div>\n\t\t\t\t\t<\/div>\r\n\t\t\t\t<\/div>\r\n\t\t\t\t<\/div>\n\t\t","protected":false},"excerpt":{"rendered":"<p>o grupo calone\u00ae | GRUPO CALONE | GRUPO CALONE Toda grande hist\u00f3ria come\u00e7a com uma escolha. E escolhas certas constroem legados. Sobre n\u00f3s O Grupo CALONE\u00ae\ufe0f atua na governan\u00e7a estrat\u00e9gica de contratos entre Marcas, M\u00eddias e Personalidades, garantindo Retorno sobre Investimento (ROI) em Audi\u00eancia, Autoridade, Influ\u00eancia, Presen\u00e7a e Reputa\u00e7\u00e3o (AAIPR), sob disposi\u00e7\u00e3o Legal, Moral e [&hellip;]<\/p>\n","protected":false},"author":1,"featured_media":0,"parent":0,"menu_order":0,"comment_status":"closed","ping_status":"closed","template":"","meta":{"footnotes":""},"class_list":["post-10273","page","type-page","status-publish","hentry"],"_links":{"self":[{"href":"https:\/\/calonegroup.com\/2026\/wp-json\/wp\/v2\/pages\/10273","targetHints":{"allow":["GET"]}}],"collection":[{"href":"https:\/\/calonegroup.com\/2026\/wp-json\/wp\/v2\/pages"}],"about":[{"href":"https:\/\/calonegroup.com\/2026\/wp-json\/wp\/v2\/types\/page"}],"author":[{"embeddable":true,"href":"https:\/\/calonegroup.com\/2026\/wp-json\/wp\/v2\/users\/1"}],"replies":[{"embeddable":true,"href":"https:\/\/calonegroup.com\/2026\/wp-json\/wp\/v2\/comments?post=10273"}],"version-history":[{"count":325,"href":"https:\/\/calonegroup.com\/2026\/wp-json\/wp\/v2\/pages\/10273\/revisions"}],"predecessor-version":[{"id":12154,"href":"https:\/\/calonegroup.com\/2026\/wp-json\/wp\/v2\/pages\/10273\/revisions\/12154"}],"wp:attachment":[{"href":"https:\/\/calonegroup.com\/2026\/wp-json\/wp\/v2\/media?parent=10273"}],"curies":[{"name":"wp","href":"https:\/\/api.w.org\/{rel}","templated":true}]}}